{"id":43825,"date":"2025-04-24T09:54:30","date_gmt":"2025-04-24T08:54:30","guid":{"rendered":"https:\/\/www.tourismejalhaysart.be\/?post_type=events&#038;p=43825"},"modified":"2026-04-25T08:50:11","modified_gmt":"2026-04-25T07:50:11","slug":"marche-aux-fleurs-legumes-et-plantes-aromatiques","status":"publish","type":"events","link":"https:\/\/www.tourismejalhaysart.be\/nl\/events\/marche-aux-fleurs-legumes-et-plantes-aromatiques\/","title":{"rendered":"March\u00e9 aux fleurs"},"content":{"rendered":"<div class=\"x11i5rnm xat24cr x1mh8g0r x1vvkbs xtlvy1s\">\n<div class=\"xdj266r x14z9mp xat24cr x1lziwak x1vvkbs\">Nous vous convions \u00e0 notre traditionnel march\u00e9 aux fleurs!<\/div>\n<div class=\"x14z9mp xat24cr x1lziwak x1vvkbs xtlvy1s\"><span class=\"html-span xexx8yu xyri2b x18d9i69 x1c1uobl x1hl2dhg x16tdsg8 x1vvkbs x3nfvp2 x1j61x8r x1fcty0u xdj266r xat24cr xm2jcoa x1mpyi22 xxymvpz xlup9mm x1kky2od\"><img decoding=\"async\" class=\"xz74otr x15mokao x1ga7v0g x16uus16 xbiv7yw\" src=\"https:\/\/static.xx.fbcdn.net\/images\/emoji.php\/v9\/t2d\/1\/16\/1f4cd.png\" alt=\"\ud83d\udccd\" width=\"16\" height=\"16\" \/><\/span>\u00a0Dans la cour de l\u2019\u00e9cole maternelle \u00e0 Solwaster<br class=\"html-br\" \/><span class=\"html-span xexx8yu xyri2b x18d9i69 x1c1uobl x1hl2dhg x16tdsg8 x1vvkbs x3nfvp2 x1j61x8r x1fcty0u xdj266r xat24cr xm2jcoa x1mpyi22 xxymvpz xlup9mm x1kky2od\"><img decoding=\"async\" class=\"xz74otr x15mokao x1ga7v0g x16uus16 xbiv7yw\" src=\"https:\/\/static.xx.fbcdn.net\/images\/emoji.php\/v9\/t7e\/1\/16\/1f4c5.png\" alt=\"\ud83d\udcc5\" width=\"16\" height=\"16\" \/><\/span>\u00a0Dimanche 10 mai 10h \u00e0 14h<br class=\"html-br\" \/><span class=\"html-span xexx8yu xyri2b x18d9i69 x1c1uobl x1hl2dhg x16tdsg8 x1vvkbs x3nfvp2 x1j61x8r x1fcty0u xdj266r xat24cr xm2jcoa x1mpyi22 xxymvpz xlup9mm x1kky2od\"><img decoding=\"async\" class=\"xz74otr x15mokao x1ga7v0g x16uus16 xbiv7yw\" src=\"https:\/\/static.xx.fbcdn.net\/images\/emoji.php\/v9\/t6f\/1\/16\/1f337.png\" alt=\"\ud83c\udf37\" width=\"16\" height=\"16\" \/><\/span><span class=\"html-span xexx8yu xyri2b x18d9i69 x1c1uobl x1hl2dhg x16tdsg8 x1vvkbs x3nfvp2 x1j61x8r x1fcty0u xdj266r xat24cr xm2jcoa x1mpyi22 xxymvpz xlup9mm x1kky2od\"><img decoding=\"async\" class=\"xz74otr x15mokao x1ga7v0g x16uus16 xbiv7yw\" src=\"https:\/\/static.xx.fbcdn.net\/images\/emoji.php\/v9\/tf0\/1\/16\/1f338.png\" alt=\"\ud83c\udf38\" width=\"16\" height=\"16\" \/><\/span><span class=\"html-span xexx8yu xyri2b x18d9i69 x1c1uobl x1hl2dhg x16tdsg8 x1vvkbs x3nfvp2 x1j61x8r x1fcty0u xdj266r xat24cr xm2jcoa x1mpyi22 xxymvpz xlup9mm x1kky2od\"><img decoding=\"async\" class=\"xz74otr x15mokao x1ga7v0g x16uus16 xbiv7yw\" src=\"https:\/\/static.xx.fbcdn.net\/images\/emoji.php\/v9\/t1e\/1\/16\/1f33f.png\" alt=\"\ud83c\udf3f\" width=\"16\" height=\"16\" \/><\/span><span class=\"html-span xexx8yu xyri2b x18d9i69 x1c1uobl x1hl2dhg x16tdsg8 x1vvkbs x3nfvp2 x1j61x8r x1fcty0u xdj266r xat24cr xm2jcoa x1mpyi22 xxymvpz xlup9mm x1kky2od\"><img decoding=\"async\" class=\"xz74otr x15mokao x1ga7v0g x16uus16 xbiv7yw\" src=\"https:\/\/static.xx.fbcdn.net\/images\/emoji.php\/v9\/t5f\/1\/16\/1f31e.png\" alt=\"\ud83c\udf1e\" width=\"16\" height=\"16\" \/><\/span>\u00a0Des fleurs de saison, des l\u00e9gumes, des aromatiques,<br class=\"html-br\" \/><span class=\"html-span xexx8yu xyri2b x18d9i69 x1c1uobl x1hl2dhg x16tdsg8 x1vvkbs x3nfvp2 x1j61x8r x1fcty0u xdj266r xat24cr xm2jcoa x1mpyi22 xxymvpz xlup9mm x1kky2od\"><img decoding=\"async\" class=\"xz74otr x15mokao x1ga7v0g x16uus16 xbiv7yw\" src=\"https:\/\/static.xx.fbcdn.net\/images\/emoji.php\/v9\/te3\/1\/16\/1f490.png\" alt=\"\ud83d\udc90\" width=\"16\" height=\"16\" \/><\/span>\u00a0des bouquets pour la f\u00eate des m\u00e8res &#8230;<br class=\"html-br\" \/><span class=\"html-span xexx8yu xyri2b x18d9i69 x1c1uobl x1hl2dhg x16tdsg8 x1vvkbs x3nfvp2 x1j61x8r x1fcty0u xdj266r xat24cr xm2jcoa x1mpyi22 xxymvpz xlup9mm x1kky2od\"><img decoding=\"async\" class=\"xz74otr x15mokao x1ga7v0g x16uus16 xbiv7yw\" src=\"https:\/\/static.xx.fbcdn.net\/images\/emoji.php\/v9\/t7d\/1\/16\/1f32d.png\" alt=\"\ud83c\udf2d\" width=\"16\" height=\"16\" \/><\/span>\u00a0<span class=\"html-span xexx8yu xyri2b x18d9i69 x1c1uobl x1hl2dhg x16tdsg8 x1vvkbs x3nfvp2 x1j61x8r x1fcty0u xdj266r xat24cr xm2jcoa x1mpyi22 xxymvpz xlup9mm x1kky2od\"><img decoding=\"async\" class=\"xz74otr x15mokao x1ga7v0g x16uus16 xbiv7yw\" src=\"https:\/\/static.xx.fbcdn.net\/images\/emoji.php\/v9\/t96\/1\/16\/1f37b.png\" alt=\"\ud83c\udf7b\" width=\"16\" height=\"16\" \/><\/span>\u00a0Et aussi un bar, pains saucisse et planches ap\u00e9ritives pour partager un moment convivial.<\/div>\n<div class=\"x14z9mp xat24cr x1lziwak x1vvkbs xtlvy1s\"><\/div>\n<div class=\"x14z9mp xat24cr x1lziwak x1vvkbs xtlvy1s\">Rien que du local !<\/div>\n<div class=\"x14z9mp xat24cr x1lziwak x1vvkbs xtlvy1s\">Au plaisir de vous y retrouver,<br class=\"html-br\" \/>L&#8217;association de parents de l&#8217;\u00e9cole de Solwaster<\/div>\n<\/div>\n<p><a href=\"https:\/\/www.facebook.com\/events\/817736780932850\">https:\/\/www.facebook.com\/events\/817736780932850<\/a><\/p>\n","protected":false},"featured_media":47665,"parent":0,"template":"","calendars":[],"categorie-agenda":[],"venue":[],"organizer":[],"class_list":["post-43825","events","type-events","status-publish","has-post-thumbnail","hentry"],"acf":[],"yoast_head":"<!-- This site is optimized with the Yoast SEO plugin v27.5 - https:\/\/yoast.com\/product\/yoast-seo-wordpress\/ -->\n<title>March\u00e9 aux fleurs - Office du Tourisme de Jalhay Sart<\/title>\n<meta name=\"robots\" content=\"index, follow, max-snippet:-1, max-image-preview:large, max-video-preview:-1\" \/>\n<link rel=\"canonical\" href=\"https:\/\/www.tourismejalhaysart.be\/nl\/events\/marche-aux-fleurs-legumes-et-plantes-aromatiques\/\" \/>\n<meta property=\"og:locale\" content=\"nl_NL\" \/>\n<meta property=\"og:type\" content=\"article\" \/>\n<meta property=\"og:title\" content=\"March\u00e9 aux fleurs - Office du Tourisme de Jalhay Sart\" \/>\n<meta property=\"og:description\" content=\"Nous vous convions \u00e0 notre traditionnel march\u00e9 aux fleurs! \u00a0Dans la cour de l\u2019\u00e9cole maternelle \u00e0 Solwaster\u00a0Dimanche 10 mai 10h \u00e0 14h\u00a0Des fleurs de saison, des l\u00e9gumes, des aromatiques,\u00a0des bouquets pour la f\u00eate des m\u00e8res &#8230;\u00a0\u00a0Et aussi un bar, pains saucisse et planches ap\u00e9ritives pour partager un moment convivial. Rien que du local ! Au [&hellip;]\" \/>\n<meta property=\"og:url\" content=\"https:\/\/www.tourismejalhaysart.be\/nl\/events\/marche-aux-fleurs-legumes-et-plantes-aromatiques\/\" \/>\n<meta property=\"og:site_name\" content=\"Office du Tourisme de Jalhay Sart\" \/>\n<meta property=\"article:modified_time\" content=\"2026-04-25T07:50:11+00:00\" \/>\n<meta property=\"og:image\" content=\"https:\/\/www.tourismejalhaysart.be\/wp-content\/uploads\/2025\/04\/fleurs-solwaster.jpg\" \/>\n\t<meta property=\"og:image:width\" content=\"851\" \/>\n\t<meta property=\"og:image:height\" content=\"315\" \/>\n\t<meta property=\"og:image:type\" content=\"image\/jpeg\" \/>\n<meta name=\"twitter:card\" content=\"summary_large_image\" \/>\n<meta name=\"twitter:label1\" content=\"Geschatte leestijd\" \/>\n\t<meta name=\"twitter:data1\" content=\"3 minuten\" \/>\n<script type=\"application\/ld+json\" class=\"yoast-schema-graph\">{\"@context\":\"https:\\\/\\\/schema.org\",\"@graph\":[{\"@type\":\"WebPage\",\"@id\":\"https:\\\/\\\/www.tourismejalhaysart.be\\\/nl\\\/events\\\/marche-aux-fleurs-legumes-et-plantes-aromatiques\\\/\",\"url\":\"https:\\\/\\\/www.tourismejalhaysart.be\\\/nl\\\/events\\\/marche-aux-fleurs-legumes-et-plantes-aromatiques\\\/\",\"name\":\"March\u00e9 aux fleurs - Office du Tourisme de Jalhay Sart\",\"isPartOf\":{\"@id\":\"https:\\\/\\\/www.tourismejalhaysart.be\\\/nl\\\/#website\"},\"primaryImageOfPage\":{\"@id\":\"https:\\\/\\\/www.tourismejalhaysart.be\\\/nl\\\/events\\\/marche-aux-fleurs-legumes-et-plantes-aromatiques\\\/#primaryimage\"},\"image\":{\"@id\":\"https:\\\/\\\/www.tourismejalhaysart.be\\\/nl\\\/events\\\/marche-aux-fleurs-legumes-et-plantes-aromatiques\\\/#primaryimage\"},\"thumbnailUrl\":\"https:\\\/\\\/www.tourismejalhaysart.be\\\/wp-content\\\/uploads\\\/2025\\\/04\\\/fleurs-solwaster.jpg\",\"datePublished\":\"2025-04-24T08:54:30+00:00\",\"dateModified\":\"2026-04-25T07:50:11+00:00\",\"breadcrumb\":{\"@id\":\"https:\\\/\\\/www.tourismejalhaysart.be\\\/nl\\\/events\\\/marche-aux-fleurs-legumes-et-plantes-aromatiques\\\/#breadcrumb\"},\"inLanguage\":\"nl-NL\",\"potentialAction\":[{\"@type\":\"ReadAction\",\"target\":[\"https:\\\/\\\/www.tourismejalhaysart.be\\\/nl\\\/events\\\/marche-aux-fleurs-legumes-et-plantes-aromatiques\\\/\"]}]},{\"@type\":\"ImageObject\",\"inLanguage\":\"nl-NL\",\"@id\":\"https:\\\/\\\/www.tourismejalhaysart.be\\\/nl\\\/events\\\/marche-aux-fleurs-legumes-et-plantes-aromatiques\\\/#primaryimage\",\"url\":\"https:\\\/\\\/www.tourismejalhaysart.be\\\/wp-content\\\/uploads\\\/2025\\\/04\\\/fleurs-solwaster.jpg\",\"contentUrl\":\"https:\\\/\\\/www.tourismejalhaysart.be\\\/wp-content\\\/uploads\\\/2025\\\/04\\\/fleurs-solwaster.jpg\",\"width\":851,\"height\":315},{\"@type\":\"BreadcrumbList\",\"@id\":\"https:\\\/\\\/www.tourismejalhaysart.be\\\/nl\\\/events\\\/marche-aux-fleurs-legumes-et-plantes-aromatiques\\\/#breadcrumb\",\"itemListElement\":[{\"@type\":\"ListItem\",\"position\":1,\"name\":\"Accueil\",\"item\":\"https:\\\/\\\/www.tourismejalhaysart.be\\\/nl\\\/\"},{\"@type\":\"ListItem\",\"position\":2,\"name\":\"Evenementen\",\"item\":\"https:\\\/\\\/www.tourismejalhaysart.be\\\/nl\\\/agenda\\\/\"},{\"@type\":\"ListItem\",\"position\":3,\"name\":\"March\u00e9 aux fleurs\"}]},{\"@type\":\"WebSite\",\"@id\":\"https:\\\/\\\/www.tourismejalhaysart.be\\\/nl\\\/#website\",\"url\":\"https:\\\/\\\/www.tourismejalhaysart.be\\\/nl\\\/\",\"name\":\"Office du Tourisme de Jalhay Sart\",\"description\":\"aux sources de la nature\",\"potentialAction\":[{\"@type\":\"SearchAction\",\"target\":{\"@type\":\"EntryPoint\",\"urlTemplate\":\"https:\\\/\\\/www.tourismejalhaysart.be\\\/nl\\\/?s={search_term_string}\"},\"query-input\":{\"@type\":\"PropertyValueSpecification\",\"valueRequired\":true,\"valueName\":\"search_term_string\"}}],\"inLanguage\":\"nl-NL\"}]}<\/script>\n<!-- \/ Yoast SEO plugin. -->","yoast_head_json":{"title":"March\u00e9 aux fleurs - Office du Tourisme de Jalhay Sart","robots":{"index":"index","follow":"follow","max-snippet":"max-snippet:-1","max-image-preview":"max-image-preview:large","max-video-preview":"max-video-preview:-1"},"canonical":"https:\/\/www.tourismejalhaysart.be\/nl\/events\/marche-aux-fleurs-legumes-et-plantes-aromatiques\/","og_locale":"nl_NL","og_type":"article","og_title":"March\u00e9 aux fleurs - Office du Tourisme de Jalhay Sart","og_description":"Nous vous convions \u00e0 notre traditionnel march\u00e9 aux fleurs! \u00a0Dans la cour de l\u2019\u00e9cole maternelle \u00e0 Solwaster\u00a0Dimanche 10 mai 10h \u00e0 14h\u00a0Des fleurs de saison, des l\u00e9gumes, des aromatiques,\u00a0des bouquets pour la f\u00eate des m\u00e8res &#8230;\u00a0\u00a0Et aussi un bar, pains saucisse et planches ap\u00e9ritives pour partager un moment convivial. Rien que du local ! Au [&hellip;]","og_url":"https:\/\/www.tourismejalhaysart.be\/nl\/events\/marche-aux-fleurs-legumes-et-plantes-aromatiques\/","og_site_name":"Office du Tourisme de Jalhay Sart","article_modified_time":"2026-04-25T07:50:11+00:00","og_image":[{"width":851,"height":315,"url":"https:\/\/www.tourismejalhaysart.be\/wp-content\/uploads\/2025\/04\/fleurs-solwaster.jpg","type":"image\/jpeg"}],"twitter_card":"summary_large_image","twitter_misc":{"Geschatte leestijd":"3 minuten"},"schema":{"@context":"https:\/\/schema.org","@graph":[{"@type":"WebPage","@id":"https:\/\/www.tourismejalhaysart.be\/nl\/events\/marche-aux-fleurs-legumes-et-plantes-aromatiques\/","url":"https:\/\/www.tourismejalhaysart.be\/nl\/events\/marche-aux-fleurs-legumes-et-plantes-aromatiques\/","name":"March\u00e9 aux fleurs - Office du Tourisme de Jalhay Sart","isPartOf":{"@id":"https:\/\/www.tourismejalhaysart.be\/nl\/#website"},"primaryImageOfPage":{"@id":"https:\/\/www.tourismejalhaysart.be\/nl\/events\/marche-aux-fleurs-legumes-et-plantes-aromatiques\/#primaryimage"},"image":{"@id":"https:\/\/www.tourismejalhaysart.be\/nl\/events\/marche-aux-fleurs-legumes-et-plantes-aromatiques\/#primaryimage"},"thumbnailUrl":"https:\/\/www.tourismejalhaysart.be\/wp-content\/uploads\/2025\/04\/fleurs-solwaster.jpg","datePublished":"2025-04-24T08:54:30+00:00","dateModified":"2026-04-25T07:50:11+00:00","breadcrumb":{"@id":"https:\/\/www.tourismejalhaysart.be\/nl\/events\/marche-aux-fleurs-legumes-et-plantes-aromatiques\/#breadcrumb"},"inLanguage":"nl-NL","potentialAction":[{"@type":"ReadAction","target":["https:\/\/www.tourismejalhaysart.be\/nl\/events\/marche-aux-fleurs-legumes-et-plantes-aromatiques\/"]}]},{"@type":"ImageObject","inLanguage":"nl-NL","@id":"https:\/\/www.tourismejalhaysart.be\/nl\/events\/marche-aux-fleurs-legumes-et-plantes-aromatiques\/#primaryimage","url":"https:\/\/www.tourismejalhaysart.be\/wp-content\/uploads\/2025\/04\/fleurs-solwaster.jpg","contentUrl":"https:\/\/www.tourismejalhaysart.be\/wp-content\/uploads\/2025\/04\/fleurs-solwaster.jpg","width":851,"height":315},{"@type":"BreadcrumbList","@id":"https:\/\/www.tourismejalhaysart.be\/nl\/events\/marche-aux-fleurs-legumes-et-plantes-aromatiques\/#breadcrumb","itemListElement":[{"@type":"ListItem","position":1,"name":"Accueil","item":"https:\/\/www.tourismejalhaysart.be\/nl\/"},{"@type":"ListItem","position":2,"name":"Evenementen","item":"https:\/\/www.tourismejalhaysart.be\/nl\/agenda\/"},{"@type":"ListItem","position":3,"name":"March\u00e9 aux fleurs"}]},{"@type":"WebSite","@id":"https:\/\/www.tourismejalhaysart.be\/nl\/#website","url":"https:\/\/www.tourismejalhaysart.be\/nl\/","name":"Office du Tourisme de Jalhay Sart","description":"aux sources de la nature","potentialAction":[{"@type":"SearchAction","target":{"@type":"EntryPoint","urlTemplate":"https:\/\/www.tourismejalhaysart.be\/nl\/?s={search_term_string}"},"query-input":{"@type":"PropertyValueSpecification","valueRequired":true,"valueName":"search_term_string"}}],"inLanguage":"nl-NL"}]}},"wpml_current_locale":"fr_FR","wpml_translations":[],"_links":{"self":[{"href":"https:\/\/www.tourismejalhaysart.be\/nl\/wp-json\/wp\/v2\/events\/43825","targetHints":{"allow":["GET"]}}],"collection":[{"href":"https:\/\/www.tourismejalhaysart.be\/nl\/wp-json\/wp\/v2\/events"}],"about":[{"href":"https:\/\/www.tourismejalhaysart.be\/nl\/wp-json\/wp\/v2\/types\/events"}],"wp:featuredmedia":[{"embeddable":true,"href":"https:\/\/www.tourismejalhaysart.be\/nl\/wp-json\/wp\/v2\/media\/47665"}],"wp:attachment":[{"href":"https:\/\/www.tourismejalhaysart.be\/nl\/wp-json\/wp\/v2\/media?parent=43825"}],"wp:term":[{"taxonomy":"calendars","embeddable":true,"href":"https:\/\/www.tourismejalhaysart.be\/nl\/wp-json\/wp\/v2\/calendars?post=43825"},{"taxonomy":"categorie-agenda","embeddable":true,"href":"https:\/\/www.tourismejalhaysart.be\/nl\/wp-json\/wp\/v2\/categorie-agenda?post=43825"},{"taxonomy":"venue","embeddable":true,"href":"https:\/\/www.tourismejalhaysart.be\/nl\/wp-json\/wp\/v2\/venue?post=43825"},{"taxonomy":"organizer","embeddable":true,"href":"https:\/\/www.tourismejalhaysart.be\/nl\/wp-json\/wp\/v2\/organizer?post=43825"}],"curies":[{"name":"wp","href":"https:\/\/api.w.org\/{rel}","templated":true}]}}