{"id":19849,"date":"2018-09-16T11:07:04","date_gmt":"2018-09-16T10:07:04","guid":{"rendered":"http:\/\/www.tourismejalhaysart.be\/?post_type=events&#038;p=19849"},"modified":"2025-11-09T15:08:34","modified_gmt":"2025-11-09T14:08:34","slug":"2h22-de-trottinettes","status":"publish","type":"events","link":"https:\/\/www.tourismejalhaysart.be\/nl\/events\/2h22-de-trottinettes\/","title":{"rendered":"2h22 de trottinettes"},"content":{"rendered":"<div class=\"xdj266r x14z9mp xat24cr x1lziwak x1vvkbs\">\ud835\ude70\ud835\ude99\ud835\ude8e\u0301\ud835\ude9b\ud835\ude98-\ud835\ude8c\ud835\ude98\ud835\ude97\ud835\ude8c\ud835\ude8e\ud835\ude9b\ud835\ude9d \/\/ \ud835\ude77\ud835\ude8a\ud835\ude9b\ud835\ude96\ud835\ude98\ud835\ude97\ud835\ude92\ud835\ude8e \ud835\ude8d\ud835\ude8e \ud835\ude82\ud835\ude8a\ud835\ude9b\ud835\ude9d-\ud835\ude72\ud835\ude91\ud835\ude8a\ud835\ude9b\ud835\ude97\ud835\ude8e\ud835\ude9e\ud835\udea1\u00a0<span class=\"html-span xexx8yu xyri2b x18d9i69 x1c1uobl x1hl2dhg x16tdsg8 x1vvkbs x3nfvp2 x1j61x8r x1fcty0u xdj266r xat24cr xm2jcoa x1mpyi22 xxymvpz xlup9mm x1kky2od\"><img decoding=\"async\" class=\"xz74otr x15mokao x1ga7v0g x16uus16 xbiv7yw\" src=\"https:\/\/static.xx.fbcdn.net\/images\/emoji.php\/v9\/tcc\/1\/16\/1f3bc.png\" alt=\"\ud83c\udfbc\" width=\"16\" height=\"16\" \/><\/span><br class=\"html-br\" \/>Tradition incontournable de notre Kermesse : l\u2019ap\u00e9ro-concert\u00a0<span class=\"html-span xexx8yu xyri2b x18d9i69 x1c1uobl x1hl2dhg x16tdsg8 x1vvkbs x3nfvp2 x1j61x8r x1fcty0u xdj266r xat24cr xm2jcoa x1mpyi22 xxymvpz xlup9mm x1kky2od\"><img decoding=\"async\" class=\"xz74otr x15mokao x1ga7v0g x16uus16 xbiv7yw\" src=\"https:\/\/static.xx.fbcdn.net\/images\/emoji.php\/v9\/t1f\/1\/16\/1f3b6.png\" alt=\"\ud83c\udfb6\" width=\"16\" height=\"16\" \/><\/span>\u00a0anim\u00e9 par l\u2019\ud83c\udd57\ud83c\udd50\ud83c\udd61\ud83c\udd5c\ud83c\udd5e\ud83c\udd5d\ud83c\udd58\ud83c\udd54 \ud83c\udd53\ud83c\udd54 \ud83c\udd62\ud83c\udd50\ud83c\udd61\ud83c\udd63-\ud83c\udd52\ud83c\udd57\ud83c\udd50\ud83c\udd61\ud83c\udd5d\ud83c\udd54\ud83c\udd64\ud83c\udd67 !<br class=\"html-br\" \/>Un moment unique pour se retrouver entre villageois, amis, anciens et nouveaux, autour d\u2019un verre et des notes entra\u00eenantes de nos musiciens\u00a0<span class=\"html-span xexx8yu xyri2b x18d9i69 x1c1uobl x1hl2dhg x16tdsg8 x1vvkbs x3nfvp2 x1j61x8r x1fcty0u xdj266r xat24cr xm2jcoa x1mpyi22 xxymvpz xlup9mm x1kky2od\"><img decoding=\"async\" class=\"xz74otr x15mokao x1ga7v0g x16uus16 xbiv7yw\" src=\"https:\/\/static.xx.fbcdn.net\/images\/emoji.php\/v9\/tca\/1\/16\/1f3ba.png\" alt=\"\ud83c\udfba\" width=\"16\" height=\"16\" \/><\/span>.<br class=\"html-br\" \/><span class=\"html-span xexx8yu xyri2b x18d9i69 x1c1uobl x1hl2dhg x16tdsg8 x1vvkbs x3nfvp2 x1j61x8r x1fcty0u xdj266r xat24cr xm2jcoa x1mpyi22 xxymvpz xlup9mm x1kky2od\"><img decoding=\"async\" class=\"xz74otr x15mokao x1ga7v0g x16uus16 xbiv7yw\" src=\"https:\/\/static.xx.fbcdn.net\/images\/emoji.php\/v9\/t7e\/1\/16\/1f4c5.png\" alt=\"\ud83d\udcc5\" width=\"16\" height=\"16\" \/><\/span> Rendez-vous le dimanche 18 octobre 2026 d\u00e8s 11h00 \u00e0 la Salle pour lancer la journ\u00e9e en musique et bonne humeur !<\/div>\n<div class=\"x14z9mp xat24cr x1lziwak x1vvkbs xtlvy1s\">&#8212;<\/div>\n<div class=\"x14z9mp xat24cr x1lziwak x1vvkbs xtlvy1s\">2\ud835\udc8922 \u2013\u00a0<span class=\"html-span xexx8yu xyri2b x18d9i69 x1c1uobl x1hl2dhg x16tdsg8 x1vvkbs x3nfvp2 x1j61x8r x1fcty0u xdj266r xat24cr xm2jcoa x1mpyi22 xxymvpz xlup9mm x1kky2od\"><img decoding=\"async\" class=\"xz74otr x15mokao x1ga7v0g x16uus16 xbiv7yw\" src=\"https:\/\/static.xx.fbcdn.net\/images\/emoji.php\/v9\/t39\/1\/16\/1f3c1.png\" alt=\"\ud83c\udfc1\" width=\"16\" height=\"16\" \/><\/span>\u00a0\ud835\udc6a\ud835\udc90\ud835\udc96\ud835\udc93\ud835\udc94\ud835\udc86 \ud835\udc87\ud835\udc90\ud835\udc8d\ud835\udc8d\ud835\udc86 \ud835\udc85\ud835\udc86 \ud835\udc95\ud835\udc93\ud835\udc90\ud835\udc95\ud835\udc95\ud835\udc8a\ud835\udc8f\ud835\udc86\ud835\udc95\ud835\udc95\ud835\udc86\ud835\udc94\u00a0<span class=\"html-span xexx8yu xyri2b x18d9i69 x1c1uobl x1hl2dhg x16tdsg8 x1vvkbs x3nfvp2 x1j61x8r x1fcty0u xdj266r xat24cr xm2jcoa x1mpyi22 xxymvpz xlup9mm x1kky2od\"><img decoding=\"async\" class=\"xz74otr x15mokao x1ga7v0g x16uus16 xbiv7yw\" src=\"https:\/\/static.xx.fbcdn.net\/images\/emoji.php\/v9\/t39\/1\/16\/1f3c1.png\" alt=\"\ud83c\udfc1\" width=\"16\" height=\"16\" \/><\/span><br class=\"html-br\" \/>\u00c0 peine l\u2019ap\u00e9ro aval\u00e9 que d\u00e9j\u00e0 les trottinettes \u00e0 grosses roues vont envahir les rues de N\ud835\ude2a\ud835\ude6bez\ud835\udc1e\u0301 !<br class=\"html-br\" \/>Comme toujours, sport et convivialit\u00e9 feront bon m\u00e9nage, avec la l\u00e9gendaire cat\u00e9gorie\u00a0<span class=\"html-span xexx8yu xyri2b x18d9i69 x1c1uobl x1hl2dhg x16tdsg8 x1vvkbs x3nfvp2 x1j61x8r x1fcty0u xdj266r xat24cr xm2jcoa x1mpyi22 xxymvpz xlup9mm x1kky2od\"><img decoding=\"async\" class=\"xz74otr x15mokao x1ga7v0g x16uus16 xbiv7yw\" src=\"https:\/\/static.xx.fbcdn.net\/images\/emoji.php\/v9\/t96\/1\/16\/1f37b.png\" alt=\"\ud83c\udf7b\" width=\"16\" height=\"16\" \/><\/span>\u00a0\ud835\ude5c\ud835\ude6a\ud835\ude5e\ud835\ude63\ud835\ude59\ud835\ude56\ud835\ude5e\ud835\ude61\ud835\ude61\ud835\ude5a\ud835\ude6a\ud835\ude67\ud835\ude68\u00a0<span class=\"html-span xexx8yu xyri2b x18d9i69 x1c1uobl x1hl2dhg x16tdsg8 x1vvkbs x3nfvp2 x1j61x8r x1fcty0u xdj266r xat24cr xm2jcoa x1mpyi22 xxymvpz xlup9mm x1kky2od\"><img decoding=\"async\" class=\"xz74otr x15mokao x1ga7v0g x16uus16 xbiv7yw\" src=\"https:\/\/static.xx.fbcdn.net\/images\/emoji.php\/v9\/t96\/1\/16\/1f37b.png\" alt=\"\ud83c\udf7b\" width=\"16\" height=\"16\" \/><\/span>\u00a0: un tour = un verre, pour les plus \u1d04\u1d0f\u1d1c\u0280\u1d00\u0262\u1d07\u1d1cx \u1d0f\u1d1c \u029f\u1d07\ua731 \u1d20\u0280\u1d00\u026a\ua731 \ua731\u1d18\u1d0f\u0280\u1d1b\u026a\ua730\ua731\u00a0<span class=\"html-span xexx8yu xyri2b x18d9i69 x1c1uobl x1hl2dhg x16tdsg8 x1vvkbs x3nfvp2 x1j61x8r x1fcty0u xdj266r xat24cr xm2jcoa x1mpyi22 xxymvpz xlup9mm x1kky2od\"><img decoding=\"async\" class=\"xz74otr x15mokao x1ga7v0g x16uus16 xbiv7yw\" src=\"https:\/\/static.xx.fbcdn.net\/images\/emoji.php\/v9\/t84\/1\/16\/1f9e8.png\" alt=\"\ud83e\udde8\" width=\"16\" height=\"16\" \/><\/span><\/div>\n<div class=\"x14z9mp xat24cr x1lziwak x1vvkbs xtlvy1s\">Cette ann\u00e9e encore, les plus jeunes seront mis \u00e0 l\u2019honneur :<br class=\"html-br\" \/><span class=\"html-span xexx8yu xyri2b x18d9i69 x1c1uobl x1hl2dhg x16tdsg8 x1vvkbs x3nfvp2 x1j61x8r x1fcty0u xdj266r xat24cr xm2jcoa x1mpyi22 xxymvpz xlup9mm x1kky2od\"><img decoding=\"async\" class=\"xz74otr x15mokao x1ga7v0g x16uus16 xbiv7yw\" src=\"https:\/\/static.xx.fbcdn.net\/images\/emoji.php\/v9\/tab\/1\/16\/1f476.png\" alt=\"\ud83d\udc76\" width=\"16\" height=\"16\" \/><\/span>\u00a0Cat\u00e9gorie enfant -12 ans<br class=\"html-br\" \/><span class=\"html-span xexx8yu xyri2b x18d9i69 x1c1uobl x1hl2dhg x16tdsg8 x1vvkbs x3nfvp2 x1j61x8r x1fcty0u xdj266r xat24cr xm2jcoa x1mpyi22 xxymvpz xlup9mm x1kky2od\"><img decoding=\"async\" class=\"xz74otr x15mokao x1ga7v0g x16uus16 xbiv7yw\" src=\"https:\/\/static.xx.fbcdn.net\/images\/emoji.php\/v9\/t62\/1\/16\/1f9d1_200d_1f393.png\" alt=\"\ud83e\uddd1\u200d\ud83c\udf93\" width=\"16\" height=\"16\" \/><\/span>\u00a0Cat\u00e9gorie ado 12-16 ans<br class=\"html-br\" \/><span class=\"html-span xexx8yu xyri2b x18d9i69 x1c1uobl x1hl2dhg x16tdsg8 x1vvkbs x3nfvp2 x1j61x8r x1fcty0u xdj266r xat24cr xm2jcoa x1mpyi22 xxymvpz xlup9mm x1kky2od\"><img decoding=\"async\" class=\"xz74otr x15mokao x1ga7v0g x16uus16 xbiv7yw\" src=\"https:\/\/static.xx.fbcdn.net\/images\/emoji.php\/v9\/te1\/1\/16\/1f9d4.png\" alt=\"\ud83e\uddd4\" width=\"16\" height=\"16\" \/><\/span>\u00a0Cat\u00e9gorie adulte<\/div>\n","protected":false},"featured_media":46474,"parent":0,"template":"","calendars":[],"categorie-agenda":[1126,1137],"venue":[618],"organizer":[709],"class_list":["post-19849","events","type-events","status-publish","has-post-thumbnail","hentry","categorie-agenda-autres_evenements","categorie-agenda-evenements","venue-salle-laurore-a-niveze","organizer-jeunesse-de-niveze"],"acf":[],"yoast_head":"<!-- This site is optimized with the Yoast SEO plugin v27.5 - https:\/\/yoast.com\/product\/yoast-seo-wordpress\/ -->\n<title>2h22 de trottinettes - Office du Tourisme de Jalhay Sart<\/title>\n<meta name=\"robots\" content=\"index, follow, max-snippet:-1, max-image-preview:large, max-video-preview:-1\" \/>\n<link rel=\"canonical\" href=\"https:\/\/www.tourismejalhaysart.be\/nl\/events\/2h22-de-trottinettes\/\" \/>\n<meta property=\"og:locale\" content=\"nl_NL\" \/>\n<meta property=\"og:type\" content=\"article\" \/>\n<meta property=\"og:title\" content=\"2h22 de trottinettes - Office du Tourisme de Jalhay Sart\" \/>\n<meta property=\"og:description\" content=\"\ud835\ude70\ud835\ude99\ud835\ude8e\u0301\ud835\ude9b\ud835\ude98-\ud835\ude8c\ud835\ude98\ud835\ude97\ud835\ude8c\ud835\ude8e\ud835\ude9b\ud835\ude9d \/\/ \ud835\ude77\ud835\ude8a\ud835\ude9b\ud835\ude96\ud835\ude98\ud835\ude97\ud835\ude92\ud835\ude8e \ud835\ude8d\ud835\ude8e \ud835\ude82\ud835\ude8a\ud835\ude9b\ud835\ude9d-\ud835\ude72\ud835\ude91\ud835\ude8a\ud835\ude9b\ud835\ude97\ud835\ude8e\ud835\ude9e\ud835\udea1\u00a0Tradition incontournable de notre Kermesse : l\u2019ap\u00e9ro-concert\u00a0\u00a0anim\u00e9 par l\u2019\ud83c\udd57\ud83c\udd50\ud83c\udd61\ud83c\udd5c\ud83c\udd5e\ud83c\udd5d\ud83c\udd58\ud83c\udd54 \ud83c\udd53\ud83c\udd54 \ud83c\udd62\ud83c\udd50\ud83c\udd61\ud83c\udd63-\ud83c\udd52\ud83c\udd57\ud83c\udd50\ud83c\udd61\ud83c\udd5d\ud83c\udd54\ud83c\udd64\ud83c\udd67 !Un moment unique pour se retrouver entre villageois, amis, anciens et nouveaux, autour d\u2019un verre et des notes entra\u00eenantes de nos musiciens\u00a0. Rendez-vous le dimanche 18 octobre 2026 d\u00e8s 11h00 \u00e0 la Salle pour lancer la journ\u00e9e en musique et [&hellip;]\" \/>\n<meta property=\"og:url\" content=\"https:\/\/www.tourismejalhaysart.be\/nl\/events\/2h22-de-trottinettes\/\" \/>\n<meta property=\"og:site_name\" content=\"Office du Tourisme de Jalhay Sart\" \/>\n<meta property=\"article:modified_time\" content=\"2025-11-09T14:08:34+00:00\" \/>\n<meta property=\"og:image\" content=\"https:\/\/www.tourismejalhaysart.be\/wp-content\/uploads\/2018\/09\/a14.jpg\" \/>\n\t<meta property=\"og:image:width\" content=\"1200\" \/>\n\t<meta property=\"og:image:height\" content=\"638\" \/>\n\t<meta property=\"og:image:type\" content=\"image\/jpeg\" \/>\n<meta name=\"twitter:card\" content=\"summary_large_image\" \/>\n<meta name=\"twitter:label1\" content=\"Geschatte leestijd\" \/>\n\t<meta name=\"twitter:data1\" content=\"4 minuten\" \/>\n<script type=\"application\/ld+json\" class=\"yoast-schema-graph\">{\"@context\":\"https:\\\/\\\/schema.org\",\"@graph\":[{\"@type\":\"WebPage\",\"@id\":\"https:\\\/\\\/www.tourismejalhaysart.be\\\/nl\\\/events\\\/2h22-de-trottinettes\\\/\",\"url\":\"https:\\\/\\\/www.tourismejalhaysart.be\\\/nl\\\/events\\\/2h22-de-trottinettes\\\/\",\"name\":\"2h22 de trottinettes - Office du Tourisme de Jalhay Sart\",\"isPartOf\":{\"@id\":\"https:\\\/\\\/www.tourismejalhaysart.be\\\/nl\\\/#website\"},\"primaryImageOfPage\":{\"@id\":\"https:\\\/\\\/www.tourismejalhaysart.be\\\/nl\\\/events\\\/2h22-de-trottinettes\\\/#primaryimage\"},\"image\":{\"@id\":\"https:\\\/\\\/www.tourismejalhaysart.be\\\/nl\\\/events\\\/2h22-de-trottinettes\\\/#primaryimage\"},\"thumbnailUrl\":\"https:\\\/\\\/www.tourismejalhaysart.be\\\/wp-content\\\/uploads\\\/2018\\\/09\\\/a14.jpg\",\"datePublished\":\"2018-09-16T10:07:04+00:00\",\"dateModified\":\"2025-11-09T14:08:34+00:00\",\"breadcrumb\":{\"@id\":\"https:\\\/\\\/www.tourismejalhaysart.be\\\/nl\\\/events\\\/2h22-de-trottinettes\\\/#breadcrumb\"},\"inLanguage\":\"nl-NL\",\"potentialAction\":[{\"@type\":\"ReadAction\",\"target\":[\"https:\\\/\\\/www.tourismejalhaysart.be\\\/nl\\\/events\\\/2h22-de-trottinettes\\\/\"]}]},{\"@type\":\"ImageObject\",\"inLanguage\":\"nl-NL\",\"@id\":\"https:\\\/\\\/www.tourismejalhaysart.be\\\/nl\\\/events\\\/2h22-de-trottinettes\\\/#primaryimage\",\"url\":\"https:\\\/\\\/www.tourismejalhaysart.be\\\/wp-content\\\/uploads\\\/2018\\\/09\\\/a14.jpg\",\"contentUrl\":\"https:\\\/\\\/www.tourismejalhaysart.be\\\/wp-content\\\/uploads\\\/2018\\\/09\\\/a14.jpg\",\"width\":1200,\"height\":638},{\"@type\":\"BreadcrumbList\",\"@id\":\"https:\\\/\\\/www.tourismejalhaysart.be\\\/nl\\\/events\\\/2h22-de-trottinettes\\\/#breadcrumb\",\"itemListElement\":[{\"@type\":\"ListItem\",\"position\":1,\"name\":\"Accueil\",\"item\":\"https:\\\/\\\/www.tourismejalhaysart.be\\\/nl\\\/\"},{\"@type\":\"ListItem\",\"position\":2,\"name\":\"Evenementen\",\"item\":\"https:\\\/\\\/www.tourismejalhaysart.be\\\/nl\\\/agenda\\\/\"},{\"@type\":\"ListItem\",\"position\":3,\"name\":\"2h22 de trottinettes\"}]},{\"@type\":\"WebSite\",\"@id\":\"https:\\\/\\\/www.tourismejalhaysart.be\\\/nl\\\/#website\",\"url\":\"https:\\\/\\\/www.tourismejalhaysart.be\\\/nl\\\/\",\"name\":\"Office du Tourisme de Jalhay Sart\",\"description\":\"aux sources de la nature\",\"potentialAction\":[{\"@type\":\"SearchAction\",\"target\":{\"@type\":\"EntryPoint\",\"urlTemplate\":\"https:\\\/\\\/www.tourismejalhaysart.be\\\/nl\\\/?s={search_term_string}\"},\"query-input\":{\"@type\":\"PropertyValueSpecification\",\"valueRequired\":true,\"valueName\":\"search_term_string\"}}],\"inLanguage\":\"nl-NL\"}]}<\/script>\n<!-- \/ Yoast SEO plugin. -->","yoast_head_json":{"title":"2h22 de trottinettes - Office du Tourisme de Jalhay Sart","robots":{"index":"index","follow":"follow","max-snippet":"max-snippet:-1","max-image-preview":"max-image-preview:large","max-video-preview":"max-video-preview:-1"},"canonical":"https:\/\/www.tourismejalhaysart.be\/nl\/events\/2h22-de-trottinettes\/","og_locale":"nl_NL","og_type":"article","og_title":"2h22 de trottinettes - Office du Tourisme de Jalhay Sart","og_description":"\ud835\ude70\ud835\ude99\ud835\ude8e\u0301\ud835\ude9b\ud835\ude98-\ud835\ude8c\ud835\ude98\ud835\ude97\ud835\ude8c\ud835\ude8e\ud835\ude9b\ud835\ude9d \/\/ \ud835\ude77\ud835\ude8a\ud835\ude9b\ud835\ude96\ud835\ude98\ud835\ude97\ud835\ude92\ud835\ude8e \ud835\ude8d\ud835\ude8e \ud835\ude82\ud835\ude8a\ud835\ude9b\ud835\ude9d-\ud835\ude72\ud835\ude91\ud835\ude8a\ud835\ude9b\ud835\ude97\ud835\ude8e\ud835\ude9e\ud835\udea1\u00a0Tradition incontournable de notre Kermesse : l\u2019ap\u00e9ro-concert\u00a0\u00a0anim\u00e9 par l\u2019\ud83c\udd57\ud83c\udd50\ud83c\udd61\ud83c\udd5c\ud83c\udd5e\ud83c\udd5d\ud83c\udd58\ud83c\udd54 \ud83c\udd53\ud83c\udd54 \ud83c\udd62\ud83c\udd50\ud83c\udd61\ud83c\udd63-\ud83c\udd52\ud83c\udd57\ud83c\udd50\ud83c\udd61\ud83c\udd5d\ud83c\udd54\ud83c\udd64\ud83c\udd67 !Un moment unique pour se retrouver entre villageois, amis, anciens et nouveaux, autour d\u2019un verre et des notes entra\u00eenantes de nos musiciens\u00a0. Rendez-vous le dimanche 18 octobre 2026 d\u00e8s 11h00 \u00e0 la Salle pour lancer la journ\u00e9e en musique et [&hellip;]","og_url":"https:\/\/www.tourismejalhaysart.be\/nl\/events\/2h22-de-trottinettes\/","og_site_name":"Office du Tourisme de Jalhay Sart","article_modified_time":"2025-11-09T14:08:34+00:00","og_image":[{"width":1200,"height":638,"url":"https:\/\/www.tourismejalhaysart.be\/wp-content\/uploads\/2018\/09\/a14.jpg","type":"image\/jpeg"}],"twitter_card":"summary_large_image","twitter_misc":{"Geschatte leestijd":"4 minuten"},"schema":{"@context":"https:\/\/schema.org","@graph":[{"@type":"WebPage","@id":"https:\/\/www.tourismejalhaysart.be\/nl\/events\/2h22-de-trottinettes\/","url":"https:\/\/www.tourismejalhaysart.be\/nl\/events\/2h22-de-trottinettes\/","name":"2h22 de trottinettes - Office du Tourisme de Jalhay Sart","isPartOf":{"@id":"https:\/\/www.tourismejalhaysart.be\/nl\/#website"},"primaryImageOfPage":{"@id":"https:\/\/www.tourismejalhaysart.be\/nl\/events\/2h22-de-trottinettes\/#primaryimage"},"image":{"@id":"https:\/\/www.tourismejalhaysart.be\/nl\/events\/2h22-de-trottinettes\/#primaryimage"},"thumbnailUrl":"https:\/\/www.tourismejalhaysart.be\/wp-content\/uploads\/2018\/09\/a14.jpg","datePublished":"2018-09-16T10:07:04+00:00","dateModified":"2025-11-09T14:08:34+00:00","breadcrumb":{"@id":"https:\/\/www.tourismejalhaysart.be\/nl\/events\/2h22-de-trottinettes\/#breadcrumb"},"inLanguage":"nl-NL","potentialAction":[{"@type":"ReadAction","target":["https:\/\/www.tourismejalhaysart.be\/nl\/events\/2h22-de-trottinettes\/"]}]},{"@type":"ImageObject","inLanguage":"nl-NL","@id":"https:\/\/www.tourismejalhaysart.be\/nl\/events\/2h22-de-trottinettes\/#primaryimage","url":"https:\/\/www.tourismejalhaysart.be\/wp-content\/uploads\/2018\/09\/a14.jpg","contentUrl":"https:\/\/www.tourismejalhaysart.be\/wp-content\/uploads\/2018\/09\/a14.jpg","width":1200,"height":638},{"@type":"BreadcrumbList","@id":"https:\/\/www.tourismejalhaysart.be\/nl\/events\/2h22-de-trottinettes\/#breadcrumb","itemListElement":[{"@type":"ListItem","position":1,"name":"Accueil","item":"https:\/\/www.tourismejalhaysart.be\/nl\/"},{"@type":"ListItem","position":2,"name":"Evenementen","item":"https:\/\/www.tourismejalhaysart.be\/nl\/agenda\/"},{"@type":"ListItem","position":3,"name":"2h22 de trottinettes"}]},{"@type":"WebSite","@id":"https:\/\/www.tourismejalhaysart.be\/nl\/#website","url":"https:\/\/www.tourismejalhaysart.be\/nl\/","name":"Office du Tourisme de Jalhay Sart","description":"aux sources de la nature","potentialAction":[{"@type":"SearchAction","target":{"@type":"EntryPoint","urlTemplate":"https:\/\/www.tourismejalhaysart.be\/nl\/?s={search_term_string}"},"query-input":{"@type":"PropertyValueSpecification","valueRequired":true,"valueName":"search_term_string"}}],"inLanguage":"nl-NL"}]}},"wpml_current_locale":"fr_FR","wpml_translations":[],"_links":{"self":[{"href":"https:\/\/www.tourismejalhaysart.be\/nl\/wp-json\/wp\/v2\/events\/19849","targetHints":{"allow":["GET"]}}],"collection":[{"href":"https:\/\/www.tourismejalhaysart.be\/nl\/wp-json\/wp\/v2\/events"}],"about":[{"href":"https:\/\/www.tourismejalhaysart.be\/nl\/wp-json\/wp\/v2\/types\/events"}],"wp:featuredmedia":[{"embeddable":true,"href":"https:\/\/www.tourismejalhaysart.be\/nl\/wp-json\/wp\/v2\/media\/46474"}],"wp:attachment":[{"href":"https:\/\/www.tourismejalhaysart.be\/nl\/wp-json\/wp\/v2\/media?parent=19849"}],"wp:term":[{"taxonomy":"calendars","embeddable":true,"href":"https:\/\/www.tourismejalhaysart.be\/nl\/wp-json\/wp\/v2\/calendars?post=19849"},{"taxonomy":"categorie-agenda","embeddable":true,"href":"https:\/\/www.tourismejalhaysart.be\/nl\/wp-json\/wp\/v2\/categorie-agenda?post=19849"},{"taxonomy":"venue","embeddable":true,"href":"https:\/\/www.tourismejalhaysart.be\/nl\/wp-json\/wp\/v2\/venue?post=19849"},{"taxonomy":"organizer","embeddable":true,"href":"https:\/\/www.tourismejalhaysart.be\/nl\/wp-json\/wp\/v2\/organizer?post=19849"}],"curies":[{"name":"wp","href":"https:\/\/api.w.org\/{rel}","templated":true}]}}