{"id":14822,"date":"2017-09-14T14:28:53","date_gmt":"2017-09-14T13:28:53","guid":{"rendered":"http:\/\/www.tourismejalhaysart.be\/events\/animation-du-cortege-du-laetare-de-sart\/"},"modified":"2024-09-15T13:47:59","modified_gmt":"2024-09-15T12:47:59","slug":"animation-du-cortege-du-laetare-de-sart","status":"publish","type":"events","link":"https:\/\/www.tourismejalhaysart.be\/nl\/events\/animation-du-cortege-du-laetare-de-sart\/","title":{"rendered":"Cort\u00e8ge du Laetare de Sart et Ti\u00e8ge"},"content":{"rendered":"<div id=\"page\" class=\"site\">\n<div id=\"content\" class=\"site-content\">\n<div id=\"primary\" class=\"content-area\">\n<div class=\"entry-content container\">\n<div class=\"x11i5rnm xat24cr x1mh8g0r x1vvkbs xdj266r\">Nous avons le plaisir de vous pr\u00e9senter l&#8217;\u00e9dition 2025 du Laetare SART &#8211; TIEGE qui se d\u00e9roulera ce dimanche 23 mars. <span class=\"x3nfvp2 x1j61x8r x1fcty0u xdj266r xhhsvwb xat24cr xgzva0m xxymvpz xlup9mm x1kky2od\"><img decoding=\"async\" src=\"https:\/\/static.xx.fbcdn.net\/images\/emoji.php\/v9\/tae\/1\/16\/1f3ad.png\" alt=\"\ud83c\udfad\" width=\"16\" height=\"16\" \/><\/span><span class=\"x3nfvp2 x1j61x8r x1fcty0u xdj266r xhhsvwb xat24cr xgzva0m xxymvpz xlup9mm x1kky2od\"><img decoding=\"async\" src=\"https:\/\/static.xx.fbcdn.net\/images\/emoji.php\/v9\/tb4\/1\/16\/1f38a.png\" alt=\"\ud83c\udf8a\" width=\"16\" height=\"16\" \/><\/span><span class=\"x3nfvp2 x1j61x8r x1fcty0u xdj266r xhhsvwb xat24cr xgzva0m xxymvpz xlup9mm x1kky2od\"><img decoding=\"async\" src=\"https:\/\/static.xx.fbcdn.net\/images\/emoji.php\/v9\/t8c\/1\/16\/1f389.png\" alt=\"\ud83c\udf89\" width=\"16\" height=\"16\" \/><\/span><\/div>\n<div><\/div>\n<div class=\"x11i5rnm xat24cr x1mh8g0r x1vvkbs xtlvy1s\"><span class=\"x3nfvp2 x1j61x8r x1fcty0u xdj266r xhhsvwb xat24cr xgzva0m xxymvpz xlup9mm x1kky2od\"><img decoding=\"async\" src=\"https:\/\/static.xx.fbcdn.net\/images\/emoji.php\/v9\/tef\/1\/16\/1f535.png\" alt=\"\ud83d\udd35\" width=\"16\" height=\"16\" \/><\/span>\u00a0Les cort\u00e8ges du MATIN lors desquels Sart &amp; Ti\u00e8ge font le tour de leur village respectif, d\u00e9marreront \u00e0 partir de 10h30.<\/div>\n<div class=\"x11i5rnm xat24cr x1mh8g0r x1vvkbs xtlvy1s\"><span class=\"x3nfvp2 x1j61x8r x1fcty0u xdj266r xhhsvwb xat24cr xgzva0m xxymvpz xlup9mm x1kky2od\"><img decoding=\"async\" src=\"https:\/\/static.xx.fbcdn.net\/images\/emoji.php\/v9\/tef\/1\/16\/1f535.png\" alt=\"\ud83d\udd35\" width=\"16\" height=\"16\" \/><\/span>\u00a0Le cort\u00e8ge de l\u2019APR\u00c8S-MIDI d\u00e9marrera \u00e0 13h30 o\u00f9 chaque village prendra la direction de son village rival (en toute amiti\u00e9 bien \u00e9videmment) et pour finir, le cort\u00e8ge de retour d\u00e9marrera \u00e0 16h15.<\/div>\n<div class=\"x11i5rnm xat24cr x1mh8g0r x1vvkbs xtlvy1s\">L&#8217;acc\u00e8s aux cort\u00e8ges est GRATUIT.<\/div>\n<div><\/div>\n<div class=\"x11i5rnm xat24cr x1mh8g0r x1vvkbs xtlvy1s\"><span class=\"x3nfvp2 x1j61x8r x1fcty0u xdj266r xhhsvwb xat24cr xgzva0m xxymvpz xlup9mm x1kky2od\"><img decoding=\"async\" src=\"https:\/\/static.xx.fbcdn.net\/images\/emoji.php\/v9\/t8e\/1\/16\/2139.png\" alt=\"\u2139\ufe0f\" width=\"16\" height=\"16\" \/><\/span><span class=\"x3nfvp2 x1j61x8r x1fcty0u xdj266r xhhsvwb xat24cr xgzva0m xxymvpz xlup9mm x1kky2od\"><img decoding=\"async\" src=\"https:\/\/static.xx.fbcdn.net\/images\/emoji.php\/v9\/t4c\/1\/16\/2753.png\" alt=\"\u2753\ufe0f\" width=\"16\" height=\"16\" \/><\/span><span class=\"x3nfvp2 x1j61x8r x1fcty0u xdj266r xhhsvwb xat24cr xgzva0m xxymvpz xlup9mm x1kky2od\"><img decoding=\"async\" src=\"https:\/\/static.xx.fbcdn.net\/images\/emoji.php\/v9\/t8e\/1\/16\/2139.png\" alt=\"\u2139\ufe0f\" width=\"16\" height=\"16\" \/><\/span>\u00a0SART\u00a0<span class=\"x3nfvp2 x1j61x8r x1fcty0u xdj266r xhhsvwb xat24cr xgzva0m xxymvpz xlup9mm x1kky2od\"><img decoding=\"async\" src=\"https:\/\/static.xx.fbcdn.net\/images\/emoji.php\/v9\/t8e\/1\/16\/2139.png\" alt=\"\u2139\ufe0f\" width=\"16\" height=\"16\" \/><\/span><span class=\"x3nfvp2 x1j61x8r x1fcty0u xdj266r xhhsvwb xat24cr xgzva0m xxymvpz xlup9mm x1kky2od\"><img decoding=\"async\" src=\"https:\/\/static.xx.fbcdn.net\/images\/emoji.php\/v9\/t4c\/1\/16\/2753.png\" alt=\"\u2753\ufe0f\" width=\"16\" height=\"16\" \/><\/span><span class=\"x3nfvp2 x1j61x8r x1fcty0u xdj266r xhhsvwb xat24cr xgzva0m xxymvpz xlup9mm x1kky2od\"><img decoding=\"async\" src=\"https:\/\/static.xx.fbcdn.net\/images\/emoji.php\/v9\/t8e\/1\/16\/2139.png\" alt=\"\u2139\ufe0f\" width=\"16\" height=\"16\" \/><\/span><\/div>\n<div class=\"x11i5rnm xat24cr x1mh8g0r x1vvkbs xtlvy1s\"><span class=\"x3nfvp2 x1j61x8r x1fcty0u xdj266r xhhsvwb xat24cr xgzva0m xxymvpz xlup9mm x1kky2od\"><img decoding=\"async\" src=\"https:\/\/static.xx.fbcdn.net\/images\/emoji.php\/v9\/t3\/1\/16\/1f3a9.png\" alt=\"\ud83c\udfa9\" width=\"16\" height=\"16\" \/><\/span>\u00a0La salle La Grange, \u00e0 Sart, sera ouverte de 10h00 \u00e0 17h00 sans restriction.<br \/>\n<span class=\"x3nfvp2 x1j61x8r x1fcty0u xdj266r xhhsvwb xat24cr xgzva0m xxymvpz xlup9mm x1kky2od\"><img decoding=\"async\" src=\"https:\/\/static.xx.fbcdn.net\/images\/emoji.php\/v9\/t3\/1\/16\/1f380.png\" alt=\"\ud83c\udf80\" width=\"16\" height=\"16\" \/><\/span>\u00a0\u00c0 partir de 17h00, un bracelet, achet\u00e9 et retir\u00e9 au pr\u00e9alable dans les commerces repris ci-dessous au prix de 5\u20ac, sera n\u00e9cessaire pour entrer dans la salle. Les bracelets achet\u00e9s en 2020 sont valables.<br \/>\n<span class=\"x3nfvp2 x1j61x8r x1fcty0u xdj266r xhhsvwb xat24cr xgzva0m xxymvpz xlup9mm x1kky2od\"><img decoding=\"async\" src=\"https:\/\/static.xx.fbcdn.net\/images\/emoji.php\/v9\/tca\/1\/16\/1f3ba.png\" alt=\"\ud83c\udfba\" width=\"16\" height=\"16\" \/><\/span>\u00a0Fanfares &amp; Bandas dans la Salle du bas de 17h00 \u00e0 23h00.<br \/>\n<span class=\"x3nfvp2 x1j61x8r x1fcty0u xdj266r xhhsvwb xat24cr xgzva0m xxymvpz xlup9mm x1kky2od\"><img decoding=\"async\" src=\"https:\/\/static.xx.fbcdn.net\/images\/emoji.php\/v9\/t8c\/1\/16\/1f389.png\" alt=\"\ud83c\udf89\" width=\"16\" height=\"16\" \/><\/span>\u00a0Que la f\u00eate commence !<\/div>\n<div><\/div>\n<div class=\"x11i5rnm xat24cr x1mh8g0r x1vvkbs xtlvy1s\">Les bracelets sont disponibles aupr\u00e8s de nos partenaires repris ci-dessous:<br \/>\n<span class=\"x3nfvp2 x1j61x8r x1fcty0u xdj266r xhhsvwb xat24cr xgzva0m xxymvpz xlup9mm x1kky2od\"><img decoding=\"async\" src=\"https:\/\/static.xx.fbcdn.net\/images\/emoji.php\/v9\/t2d\/1\/16\/1f4cd.png\" alt=\"\ud83d\udccd\" width=\"16\" height=\"16\" \/><\/span>\u00a0L&#8217;office du Tourisme Sart-Jalhay.<br \/>\nPlace du March\u00e9 242, 4845 Sart-lez-Spa.<br \/>\n<span class=\"x3nfvp2 x1j61x8r x1fcty0u xdj266r xhhsvwb xat24cr xgzva0m xxymvpz xlup9mm x1kky2od\"><img decoding=\"async\" src=\"https:\/\/static.xx.fbcdn.net\/images\/emoji.php\/v9\/tb7\/1\/16\/23f3.png\" alt=\"\u23f3\" width=\"16\" height=\"16\" \/><\/span> Horaire: mercredi : 13h00 &#8211; 17h30 | jeudi \u00e0 dimanche : 09h00 \u00e0 12h30 et 13h00 \u00e0 17h30. (ferm\u00e9 dimanche 12 mars)<br \/>\n<span class=\"x3nfvp2 x1j61x8r x1fcty0u xdj266r xhhsvwb xat24cr xgzva0m xxymvpz xlup9mm x1kky2od\"><img decoding=\"async\" src=\"https:\/\/static.xx.fbcdn.net\/images\/emoji.php\/v9\/t2d\/1\/16\/1f4cd.png\" alt=\"\ud83d\udccd\" width=\"16\" height=\"16\" \/><\/span>\u00a0La Press&#8217; Gourmande.<br \/>\nTi\u00e8ge 76, 4845 Jalhay.<br \/>\n<span class=\"x3nfvp2 x1j61x8r x1fcty0u xdj266r xhhsvwb xat24cr xgzva0m xxymvpz xlup9mm x1kky2od\"><img decoding=\"async\" src=\"https:\/\/static.xx.fbcdn.net\/images\/emoji.php\/v9\/tb7\/1\/16\/23f3.png\" alt=\"\u23f3\" width=\"16\" height=\"16\" \/><\/span>\u00a0Horaire: lundi : 06h30 &#8211; 14h00 | mardi \u00e0 vendredi: 06h30 \u00e0 18h00 | samedi : 07h00 \u00e0 18h00 | dimanche : 07h00 \u00e0 16h00.<br \/>\n<span class=\"x3nfvp2 x1j61x8r x1fcty0u xdj266r xhhsvwb xat24cr xgzva0m xxymvpz xlup9mm x1kky2od\"><img decoding=\"async\" src=\"https:\/\/static.xx.fbcdn.net\/images\/emoji.php\/v9\/t2d\/1\/16\/1f4cd.png\" alt=\"\ud83d\udccd\" width=\"16\" height=\"16\" \/><\/span>\u00a0At Snack.<br \/>\nAvenue Jean Gouders 40a, 4845 Sart-lez-Spa.<br \/>\n<span class=\"x3nfvp2 x1j61x8r x1fcty0u xdj266r xhhsvwb xat24cr xgzva0m xxymvpz xlup9mm x1kky2od\"><img decoding=\"async\" src=\"https:\/\/static.xx.fbcdn.net\/images\/emoji.php\/v9\/tb7\/1\/16\/23f3.png\" alt=\"\u23f3\" width=\"16\" height=\"16\" \/><\/span>\u00a0Horaire: lundi, mercredi \u00e0 samedi : 11h30 \u00e0 14h00 et 17h30 \u00e0 21h30 | dimanche : 17h30 \u00e0 21h30.<\/div>\n<\/div>\n<\/div>\n<\/div>\n<\/div>\n","protected":false},"featured_media":46916,"parent":0,"template":"","calendars":[],"categorie-agenda":[1141,1126,1149],"venue":[],"organizer":[535,515],"class_list":["post-14822","events","type-events","status-publish","has-post-thumbnail","hentry","categorie-agenda-andere-nl","categorie-agenda-autres_evenements","categorie-agenda-evenementen","organizer-asbl-jeunesse-sartoise-nl","organizer-les-amis-reunis-nl"],"acf":[],"yoast_head":"<!-- This site is optimized with the Yoast SEO plugin v27.5 - https:\/\/yoast.com\/product\/yoast-seo-wordpress\/ -->\n<title>Cort\u00e8ge du Laetare de Sart et Ti\u00e8ge - Office du Tourisme de Jalhay Sart<\/title>\n<meta name=\"robots\" content=\"index, follow, max-snippet:-1, max-image-preview:large, max-video-preview:-1\" \/>\n<link rel=\"canonical\" href=\"https:\/\/www.tourismejalhaysart.be\/nl\/events\/animation-du-cortege-du-laetare-de-sart\/\" \/>\n<meta property=\"og:locale\" content=\"nl_NL\" \/>\n<meta property=\"og:type\" content=\"article\" \/>\n<meta property=\"og:title\" content=\"Cort\u00e8ge du Laetare de Sart et Ti\u00e8ge - Office du Tourisme de Jalhay Sart\" \/>\n<meta property=\"og:description\" content=\"Nous avons le plaisir de vous pr\u00e9senter l&#8217;\u00e9dition 2025 du Laetare SART &#8211; TIEGE qui se d\u00e9roulera ce dimanche 23 mars. \u00a0Les cort\u00e8ges du MATIN lors desquels Sart &amp; Ti\u00e8ge font le tour de leur village respectif, d\u00e9marreront \u00e0 partir de 10h30. \u00a0Le cort\u00e8ge de l\u2019APR\u00c8S-MIDI d\u00e9marrera \u00e0 13h30 o\u00f9 chaque village prendra la direction [&hellip;]\" \/>\n<meta property=\"og:url\" content=\"https:\/\/www.tourismejalhaysart.be\/nl\/events\/animation-du-cortege-du-laetare-de-sart\/\" \/>\n<meta property=\"og:site_name\" content=\"Office du Tourisme de Jalhay Sart\" \/>\n<meta property=\"article:modified_time\" content=\"2024-09-15T12:47:59+00:00\" \/>\n<meta property=\"og:image\" content=\"https:\/\/www.tourismejalhaysart.be\/wp-content\/uploads\/2017\/09\/IMG_1326-scaled.jpg\" \/>\n\t<meta property=\"og:image:width\" content=\"2560\" \/>\n\t<meta property=\"og:image:height\" content=\"1707\" \/>\n\t<meta property=\"og:image:type\" content=\"image\/jpeg\" \/>\n<meta name=\"twitter:card\" content=\"summary_large_image\" \/>\n<meta name=\"twitter:label1\" content=\"Geschatte leestijd\" \/>\n\t<meta name=\"twitter:data1\" content=\"6 minuten\" \/>\n<script type=\"application\/ld+json\" class=\"yoast-schema-graph\">{\"@context\":\"https:\\\/\\\/schema.org\",\"@graph\":[{\"@type\":\"WebPage\",\"@id\":\"https:\\\/\\\/www.tourismejalhaysart.be\\\/nl\\\/events\\\/animation-du-cortege-du-laetare-de-sart\\\/\",\"url\":\"https:\\\/\\\/www.tourismejalhaysart.be\\\/nl\\\/events\\\/animation-du-cortege-du-laetare-de-sart\\\/\",\"name\":\"Cort\u00e8ge du Laetare de Sart et Ti\u00e8ge - Office du Tourisme de Jalhay Sart\",\"isPartOf\":{\"@id\":\"https:\\\/\\\/www.tourismejalhaysart.be\\\/nl\\\/#website\"},\"primaryImageOfPage\":{\"@id\":\"https:\\\/\\\/www.tourismejalhaysart.be\\\/nl\\\/events\\\/animation-du-cortege-du-laetare-de-sart\\\/#primaryimage\"},\"image\":{\"@id\":\"https:\\\/\\\/www.tourismejalhaysart.be\\\/nl\\\/events\\\/animation-du-cortege-du-laetare-de-sart\\\/#primaryimage\"},\"thumbnailUrl\":\"https:\\\/\\\/www.tourismejalhaysart.be\\\/wp-content\\\/uploads\\\/2017\\\/09\\\/Messenger_creation_89006837-54C7-4B43-B368-828C50C27DBE.jpeg\",\"datePublished\":\"2017-09-14T13:28:53+00:00\",\"dateModified\":\"2024-09-15T12:47:59+00:00\",\"breadcrumb\":{\"@id\":\"https:\\\/\\\/www.tourismejalhaysart.be\\\/nl\\\/events\\\/animation-du-cortege-du-laetare-de-sart\\\/#breadcrumb\"},\"inLanguage\":\"nl-NL\",\"potentialAction\":[{\"@type\":\"ReadAction\",\"target\":[\"https:\\\/\\\/www.tourismejalhaysart.be\\\/nl\\\/events\\\/animation-du-cortege-du-laetare-de-sart\\\/\"]}]},{\"@type\":\"ImageObject\",\"inLanguage\":\"nl-NL\",\"@id\":\"https:\\\/\\\/www.tourismejalhaysart.be\\\/nl\\\/events\\\/animation-du-cortege-du-laetare-de-sart\\\/#primaryimage\",\"url\":\"https:\\\/\\\/www.tourismejalhaysart.be\\\/wp-content\\\/uploads\\\/2017\\\/09\\\/Messenger_creation_89006837-54C7-4B43-B368-828C50C27DBE.jpeg\",\"contentUrl\":\"https:\\\/\\\/www.tourismejalhaysart.be\\\/wp-content\\\/uploads\\\/2017\\\/09\\\/Messenger_creation_89006837-54C7-4B43-B368-828C50C27DBE.jpeg\",\"width\":2048,\"height\":1536},{\"@type\":\"BreadcrumbList\",\"@id\":\"https:\\\/\\\/www.tourismejalhaysart.be\\\/nl\\\/events\\\/animation-du-cortege-du-laetare-de-sart\\\/#breadcrumb\",\"itemListElement\":[{\"@type\":\"ListItem\",\"position\":1,\"name\":\"Accueil\",\"item\":\"https:\\\/\\\/www.tourismejalhaysart.be\\\/nl\\\/\"},{\"@type\":\"ListItem\",\"position\":2,\"name\":\"Evenementen\",\"item\":\"https:\\\/\\\/www.tourismejalhaysart.be\\\/nl\\\/agenda\\\/\"},{\"@type\":\"ListItem\",\"position\":3,\"name\":\"Cort\u00e8ge du Laetare de Sart et Ti\u00e8ge\"}]},{\"@type\":\"WebSite\",\"@id\":\"https:\\\/\\\/www.tourismejalhaysart.be\\\/nl\\\/#website\",\"url\":\"https:\\\/\\\/www.tourismejalhaysart.be\\\/nl\\\/\",\"name\":\"Office du Tourisme de Jalhay Sart\",\"description\":\"aux sources de la nature\",\"potentialAction\":[{\"@type\":\"SearchAction\",\"target\":{\"@type\":\"EntryPoint\",\"urlTemplate\":\"https:\\\/\\\/www.tourismejalhaysart.be\\\/nl\\\/?s={search_term_string}\"},\"query-input\":{\"@type\":\"PropertyValueSpecification\",\"valueRequired\":true,\"valueName\":\"search_term_string\"}}],\"inLanguage\":\"nl-NL\"}]}<\/script>\n<!-- \/ Yoast SEO plugin. -->","yoast_head_json":{"title":"Cort\u00e8ge du Laetare de Sart et Ti\u00e8ge - Office du Tourisme de Jalhay Sart","robots":{"index":"index","follow":"follow","max-snippet":"max-snippet:-1","max-image-preview":"max-image-preview:large","max-video-preview":"max-video-preview:-1"},"canonical":"https:\/\/www.tourismejalhaysart.be\/nl\/events\/animation-du-cortege-du-laetare-de-sart\/","og_locale":"nl_NL","og_type":"article","og_title":"Cort\u00e8ge du Laetare de Sart et Ti\u00e8ge - Office du Tourisme de Jalhay Sart","og_description":"Nous avons le plaisir de vous pr\u00e9senter l&#8217;\u00e9dition 2025 du Laetare SART &#8211; TIEGE qui se d\u00e9roulera ce dimanche 23 mars. \u00a0Les cort\u00e8ges du MATIN lors desquels Sart &amp; Ti\u00e8ge font le tour de leur village respectif, d\u00e9marreront \u00e0 partir de 10h30. \u00a0Le cort\u00e8ge de l\u2019APR\u00c8S-MIDI d\u00e9marrera \u00e0 13h30 o\u00f9 chaque village prendra la direction [&hellip;]","og_url":"https:\/\/www.tourismejalhaysart.be\/nl\/events\/animation-du-cortege-du-laetare-de-sart\/","og_site_name":"Office du Tourisme de Jalhay Sart","article_modified_time":"2024-09-15T12:47:59+00:00","og_image":[{"width":2560,"height":1707,"url":"https:\/\/www.tourismejalhaysart.be\/wp-content\/uploads\/2017\/09\/IMG_1326-scaled.jpg","type":"image\/jpeg"}],"twitter_card":"summary_large_image","twitter_misc":{"Geschatte leestijd":"6 minuten"},"schema":{"@context":"https:\/\/schema.org","@graph":[{"@type":"WebPage","@id":"https:\/\/www.tourismejalhaysart.be\/nl\/events\/animation-du-cortege-du-laetare-de-sart\/","url":"https:\/\/www.tourismejalhaysart.be\/nl\/events\/animation-du-cortege-du-laetare-de-sart\/","name":"Cort\u00e8ge du Laetare de Sart et Ti\u00e8ge - Office du Tourisme de Jalhay Sart","isPartOf":{"@id":"https:\/\/www.tourismejalhaysart.be\/nl\/#website"},"primaryImageOfPage":{"@id":"https:\/\/www.tourismejalhaysart.be\/nl\/events\/animation-du-cortege-du-laetare-de-sart\/#primaryimage"},"image":{"@id":"https:\/\/www.tourismejalhaysart.be\/nl\/events\/animation-du-cortege-du-laetare-de-sart\/#primaryimage"},"thumbnailUrl":"https:\/\/www.tourismejalhaysart.be\/wp-content\/uploads\/2017\/09\/Messenger_creation_89006837-54C7-4B43-B368-828C50C27DBE.jpeg","datePublished":"2017-09-14T13:28:53+00:00","dateModified":"2024-09-15T12:47:59+00:00","breadcrumb":{"@id":"https:\/\/www.tourismejalhaysart.be\/nl\/events\/animation-du-cortege-du-laetare-de-sart\/#breadcrumb"},"inLanguage":"nl-NL","potentialAction":[{"@type":"ReadAction","target":["https:\/\/www.tourismejalhaysart.be\/nl\/events\/animation-du-cortege-du-laetare-de-sart\/"]}]},{"@type":"ImageObject","inLanguage":"nl-NL","@id":"https:\/\/www.tourismejalhaysart.be\/nl\/events\/animation-du-cortege-du-laetare-de-sart\/#primaryimage","url":"https:\/\/www.tourismejalhaysart.be\/wp-content\/uploads\/2017\/09\/Messenger_creation_89006837-54C7-4B43-B368-828C50C27DBE.jpeg","contentUrl":"https:\/\/www.tourismejalhaysart.be\/wp-content\/uploads\/2017\/09\/Messenger_creation_89006837-54C7-4B43-B368-828C50C27DBE.jpeg","width":2048,"height":1536},{"@type":"BreadcrumbList","@id":"https:\/\/www.tourismejalhaysart.be\/nl\/events\/animation-du-cortege-du-laetare-de-sart\/#breadcrumb","itemListElement":[{"@type":"ListItem","position":1,"name":"Accueil","item":"https:\/\/www.tourismejalhaysart.be\/nl\/"},{"@type":"ListItem","position":2,"name":"Evenementen","item":"https:\/\/www.tourismejalhaysart.be\/nl\/agenda\/"},{"@type":"ListItem","position":3,"name":"Cort\u00e8ge du Laetare de Sart et Ti\u00e8ge"}]},{"@type":"WebSite","@id":"https:\/\/www.tourismejalhaysart.be\/nl\/#website","url":"https:\/\/www.tourismejalhaysart.be\/nl\/","name":"Office du Tourisme de Jalhay Sart","description":"aux sources de la nature","potentialAction":[{"@type":"SearchAction","target":{"@type":"EntryPoint","urlTemplate":"https:\/\/www.tourismejalhaysart.be\/nl\/?s={search_term_string}"},"query-input":{"@type":"PropertyValueSpecification","valueRequired":true,"valueName":"search_term_string"}}],"inLanguage":"nl-NL"}]}},"wpml_current_locale":"nl_NL","wpml_translations":{"en_US":{"locale":"en_US","id":14823,"slug":"animation-du-cortege-du-laetare-de-sart","post_title":"Cort\u00e8ge du Laetare de Sart et Ti\u00e8ge","href":"https:\/\/www.tourismejalhaysart.be\/en\/events\/animation-du-cortege-du-laetare-de-sart\/"},"de_DE":{"locale":"de_DE","id":14824,"slug":"animation-du-cortege-du-laetare-de-sart","post_title":"Cort\u00e8ge du Laetare de Sart et Ti\u00e8ge","href":"https:\/\/www.tourismejalhaysart.be\/de\/events\/animation-du-cortege-du-laetare-de-sart\/"}},"_links":{"self":[{"href":"https:\/\/www.tourismejalhaysart.be\/nl\/wp-json\/wp\/v2\/events\/14822","targetHints":{"allow":["GET"]}}],"collection":[{"href":"https:\/\/www.tourismejalhaysart.be\/nl\/wp-json\/wp\/v2\/events"}],"about":[{"href":"https:\/\/www.tourismejalhaysart.be\/nl\/wp-json\/wp\/v2\/types\/events"}],"wp:featuredmedia":[{"embeddable":true,"href":"https:\/\/www.tourismejalhaysart.be\/nl\/wp-json\/wp\/v2\/media\/46916"}],"wp:attachment":[{"href":"https:\/\/www.tourismejalhaysart.be\/nl\/wp-json\/wp\/v2\/media?parent=14822"}],"wp:term":[{"taxonomy":"calendars","embeddable":true,"href":"https:\/\/www.tourismejalhaysart.be\/nl\/wp-json\/wp\/v2\/calendars?post=14822"},{"taxonomy":"categorie-agenda","embeddable":true,"href":"https:\/\/www.tourismejalhaysart.be\/nl\/wp-json\/wp\/v2\/categorie-agenda?post=14822"},{"taxonomy":"venue","embeddable":true,"href":"https:\/\/www.tourismejalhaysart.be\/nl\/wp-json\/wp\/v2\/venue?post=14822"},{"taxonomy":"organizer","embeddable":true,"href":"https:\/\/www.tourismejalhaysart.be\/nl\/wp-json\/wp\/v2\/organizer?post=14822"}],"curies":[{"name":"wp","href":"https:\/\/api.w.org\/{rel}","templated":true}]}}