{"id":10958,"date":"2016-03-10T10:23:26","date_gmt":"2016-03-10T09:23:26","guid":{"rendered":"http:\/\/www.tourismejalhaysart.be\/nl\/dormir\/larvo\/"},"modified":"2020-01-26T14:34:08","modified_gmt":"2020-01-26T13:34:08","slug":"larvo","status":"publish","type":"dormir","link":"https:\/\/www.tourismejalhaysart.be\/nl\/verblijven\/waar-slapen\/larvo\/","title":{"rendered":"L&#8217;Arv\u00f4"},"content":{"rendered":"<p style=\"text-align: justify;\">Vier vakantiehuizen voor 15 personen dicht bij de boerderij van de eigenaar in de omgeving van de vallei van de Ho\u00ebgne. Vele wandelingen mogelijk en een offici\u00eble zwemplaats in de rivier. Talrijke\u00a0 bezienswaardigheden in de buurt.\u00a0 Een garantie voor een geslaagd verblijf. Zie de website voor verdere details.<\/p>\n<p>&nbsp;<\/p>\n","protected":false},"excerpt":{"rendered":"<p>Vier vakantiehuizen dicht bij de boerderij van de eigenaar in de omgeving van de vallei van de Ho\u00ebgne. <\/p>\n","protected":false},"featured_media":8453,"template":"","class_list":["post-10958","dormir","type-dormir","status-publish","has-post-thumbnail","hentry","logement-type-vankantiehuis-op-de-boerderij","lieu-logement-surister-nl","capacite-logement-1-a-15-pers-nl","classification-3-sterren-oren-sleutels"],"acf":{"adresse_fiche":{"lat":50.5391538,"lng":5.932617299999947,"zoom":16,"address":"Royompr\u00e9 4845, 4845 Jalhay, Belgique","markers":[{"label":"Royompr\u00e9 4845, 4845 Jalhay, Belgique","default_label":"","lat":50.5391538,"lng":5.932617299999947}],"layers":["OpenStreetMap.Mapnik"]},"rue":"Royompr\u00e9 10","localite":"4845 JALHAY","mail":"ferme.catherine@skynet.be","tel":"+32 (0) 87\/64 79 46 ","gsm":"+32 (0) 476\/599 496","fax":"","site_web":"http:\/\/www.fermecatherine.be","page_facebook":"https:\/\/www.facebook.com\/Ferme-Catherine-193825340649837\/info\/?tab=overview","galerie_photos":[23093,23090,23114,23111,23117,23132,23135,23096,23099,23126,23102,23123,23120,23108,23105,23129,23087],"video":"","dox":"","caracteristiques":[{"groupe_caracteristiques":"Capacit\u00e9","valeurs":[{"valeur":"15 personen"},{"valeur":"5 slaapkamers"},{"valeur":"3 tweepersoonsbedden"},{"valeur":"9 eenpersoonsbedden"}]},{"groupe_caracteristiques":"Infrastructure ext\u00e9rieure","valeurs":[{"valeur":"Parkeerplaats"},{"valeur":"Tuin"},{"valeur":"Veranda"}]},{"groupe_caracteristiques":"Infrastructure int\u00e9rieure","valeurs":[{"valeur":"Hal + WC"},{"valeur":"Wasserij"},{"valeur":"Wasmachine"},{"valeur":"Keuken"},{"valeur":"Eetkamer"},{"valeur":"Woonkamer"},{"valeur":"Houtkachel"},{"valeur":"TV\/DVD"},{"valeur":"3 badkamers (bad\/douche)"},{"valeur":"Centrale verwarming"}]},{"groupe_caracteristiques":"Equipement de la cuisine","valeurs":[{"valeur":"Elektrische fornuis (6 borden)"},{"valeur":"2 ovens"},{"valeur":"2 microgolfen"},{"valeur":"1 Afwasmachine"},{"valeur":"Koelkast"},{"valeur":"Diepvriezer"}]},{"groupe_caracteristiques":"Chiens admis","valeurs":[{"valeur":"JA: 10 \u20ac\/blijf\/hond"}]}]},"yoast_head":"<!-- This site is optimized with the Yoast SEO plugin v27.5 - https:\/\/yoast.com\/product\/yoast-seo-wordpress\/ -->\n<title>G\u00eete \u00e0 la ferme L&#039;Arv\u00f4 Royompr\u00e9 Jalhay Hautes Fagnes Spa<\/title>\n<meta name=\"description\" content=\"L&#039;Arv\u00f4, g\u00eete \u00e0 la ferme, situ\u00e9 \u00e0 Royompr\u00e9, \u00e0 proximit\u00e9 de Jalhay, des Hautes Fagnes, de Spa et au coeur des Ardennes belges.\" \/>\n<meta name=\"robots\" content=\"index, follow, max-snippet:-1, max-image-preview:large, max-video-preview:-1\" \/>\n<link rel=\"canonical\" href=\"https:\/\/www.tourismejalhaysart.be\/nl\/verblijven\/waar-slapen\/larvo\/\" \/>\n<meta property=\"og:locale\" content=\"nl_NL\" \/>\n<meta property=\"og:type\" content=\"article\" \/>\n<meta property=\"og:title\" content=\"G\u00eete \u00e0 la ferme L&#039;Arv\u00f4 Jalhay Spa\" \/>\n<meta property=\"og:description\" content=\"L&#039;Arv\u00f4, g\u00eete \u00e0 la ferme, situ\u00e9 \u00e0 Royompr\u00e9, \u00e0 proximit\u00e9 de Jalhay, des Hautes Fagnes, de Spa et au coeur des Ardennes belges.\" \/>\n<meta property=\"og:url\" content=\"https:\/\/www.tourismejalhaysart.be\/nl\/verblijven\/waar-slapen\/larvo\/\" \/>\n<meta property=\"og:site_name\" content=\"Office du Tourisme de Jalhay Sart\" \/>\n<meta property=\"article:modified_time\" content=\"2020-01-26T13:34:08+00:00\" \/>\n<meta property=\"og:image\" content=\"https:\/\/www.tourismejalhaysart.be\/wp-content\/uploads\/2016\/03\/IMG_1910-1024x683.jpg\" \/>\n\t<meta property=\"og:image:width\" content=\"1024\" \/>\n\t<meta property=\"og:image:height\" content=\"683\" \/>\n\t<meta property=\"og:image:type\" content=\"image\/jpeg\" \/>\n<meta name=\"twitter:card\" content=\"summary_large_image\" \/>\n<script type=\"application\/ld+json\" class=\"yoast-schema-graph\">{\"@context\":\"https:\\\/\\\/schema.org\",\"@graph\":[{\"@type\":\"WebPage\",\"@id\":\"https:\\\/\\\/www.tourismejalhaysart.be\\\/nl\\\/verblijven\\\/waar-slapen\\\/larvo\\\/\",\"url\":\"https:\\\/\\\/www.tourismejalhaysart.be\\\/nl\\\/verblijven\\\/waar-slapen\\\/larvo\\\/\",\"name\":\"G\u00eete \u00e0 la ferme L'Arv\u00f4 Royompr\u00e9 Jalhay Hautes Fagnes Spa\",\"isPartOf\":{\"@id\":\"https:\\\/\\\/www.tourismejalhaysart.be\\\/nl\\\/#website\"},\"primaryImageOfPage\":{\"@id\":\"https:\\\/\\\/www.tourismejalhaysart.be\\\/nl\\\/verblijven\\\/waar-slapen\\\/larvo\\\/#primaryimage\"},\"image\":{\"@id\":\"https:\\\/\\\/www.tourismejalhaysart.be\\\/nl\\\/verblijven\\\/waar-slapen\\\/larvo\\\/#primaryimage\"},\"thumbnailUrl\":\"https:\\\/\\\/www.tourismejalhaysart.be\\\/wp-content\\\/uploads\\\/2016\\\/03\\\/IMG_1910.jpg\",\"datePublished\":\"2016-03-10T09:23:26+00:00\",\"dateModified\":\"2020-01-26T13:34:08+00:00\",\"description\":\"L'Arv\u00f4, g\u00eete \u00e0 la ferme, situ\u00e9 \u00e0 Royompr\u00e9, \u00e0 proximit\u00e9 de Jalhay, des Hautes Fagnes, de Spa et au coeur des Ardennes belges.\",\"breadcrumb\":{\"@id\":\"https:\\\/\\\/www.tourismejalhaysart.be\\\/nl\\\/verblijven\\\/waar-slapen\\\/larvo\\\/#breadcrumb\"},\"inLanguage\":\"nl-NL\",\"potentialAction\":[{\"@type\":\"ReadAction\",\"target\":[\"https:\\\/\\\/www.tourismejalhaysart.be\\\/nl\\\/verblijven\\\/waar-slapen\\\/larvo\\\/\"]}]},{\"@type\":\"ImageObject\",\"inLanguage\":\"nl-NL\",\"@id\":\"https:\\\/\\\/www.tourismejalhaysart.be\\\/nl\\\/verblijven\\\/waar-slapen\\\/larvo\\\/#primaryimage\",\"url\":\"https:\\\/\\\/www.tourismejalhaysart.be\\\/wp-content\\\/uploads\\\/2016\\\/03\\\/IMG_1910.jpg\",\"contentUrl\":\"https:\\\/\\\/www.tourismejalhaysart.be\\\/wp-content\\\/uploads\\\/2016\\\/03\\\/IMG_1910.jpg\",\"width\":5184,\"height\":3456},{\"@type\":\"BreadcrumbList\",\"@id\":\"https:\\\/\\\/www.tourismejalhaysart.be\\\/nl\\\/verblijven\\\/waar-slapen\\\/larvo\\\/#breadcrumb\",\"itemListElement\":[{\"@type\":\"ListItem\",\"position\":1,\"name\":\"Accueil\",\"item\":\"https:\\\/\\\/www.tourismejalhaysart.be\\\/nl\\\/\"},{\"@type\":\"ListItem\",\"position\":2,\"name\":\"Waar overnachten ?\",\"item\":\"https:\\\/\\\/www.tourismejalhaysart.be\\\/nl\\\/verblijven\\\/waar-slapen\\\/\"},{\"@type\":\"ListItem\",\"position\":3,\"name\":\"L&#8217;Arv\u00f4\"}]},{\"@type\":\"WebSite\",\"@id\":\"https:\\\/\\\/www.tourismejalhaysart.be\\\/nl\\\/#website\",\"url\":\"https:\\\/\\\/www.tourismejalhaysart.be\\\/nl\\\/\",\"name\":\"Office du Tourisme de Jalhay Sart\",\"description\":\"aux sources de la nature\",\"potentialAction\":[{\"@type\":\"SearchAction\",\"target\":{\"@type\":\"EntryPoint\",\"urlTemplate\":\"https:\\\/\\\/www.tourismejalhaysart.be\\\/nl\\\/?s={search_term_string}\"},\"query-input\":{\"@type\":\"PropertyValueSpecification\",\"valueRequired\":true,\"valueName\":\"search_term_string\"}}],\"inLanguage\":\"nl-NL\"}]}<\/script>\n<!-- \/ Yoast SEO plugin. -->","yoast_head_json":{"title":"G\u00eete \u00e0 la ferme L'Arv\u00f4 Royompr\u00e9 Jalhay Hautes Fagnes Spa","description":"L'Arv\u00f4, g\u00eete \u00e0 la ferme, situ\u00e9 \u00e0 Royompr\u00e9, \u00e0 proximit\u00e9 de Jalhay, des Hautes Fagnes, de Spa et au coeur des Ardennes belges.","robots":{"index":"index","follow":"follow","max-snippet":"max-snippet:-1","max-image-preview":"max-image-preview:large","max-video-preview":"max-video-preview:-1"},"canonical":"https:\/\/www.tourismejalhaysart.be\/nl\/verblijven\/waar-slapen\/larvo\/","og_locale":"nl_NL","og_type":"article","og_title":"G\u00eete \u00e0 la ferme L'Arv\u00f4 Jalhay Spa","og_description":"L'Arv\u00f4, g\u00eete \u00e0 la ferme, situ\u00e9 \u00e0 Royompr\u00e9, \u00e0 proximit\u00e9 de Jalhay, des Hautes Fagnes, de Spa et au coeur des Ardennes belges.","og_url":"https:\/\/www.tourismejalhaysart.be\/nl\/verblijven\/waar-slapen\/larvo\/","og_site_name":"Office du Tourisme de Jalhay Sart","article_modified_time":"2020-01-26T13:34:08+00:00","og_image":[{"width":1024,"height":683,"url":"https:\/\/www.tourismejalhaysart.be\/wp-content\/uploads\/2016\/03\/IMG_1910-1024x683.jpg","type":"image\/jpeg"}],"twitter_card":"summary_large_image","schema":{"@context":"https:\/\/schema.org","@graph":[{"@type":"WebPage","@id":"https:\/\/www.tourismejalhaysart.be\/nl\/verblijven\/waar-slapen\/larvo\/","url":"https:\/\/www.tourismejalhaysart.be\/nl\/verblijven\/waar-slapen\/larvo\/","name":"G\u00eete \u00e0 la ferme L'Arv\u00f4 Royompr\u00e9 Jalhay Hautes Fagnes Spa","isPartOf":{"@id":"https:\/\/www.tourismejalhaysart.be\/nl\/#website"},"primaryImageOfPage":{"@id":"https:\/\/www.tourismejalhaysart.be\/nl\/verblijven\/waar-slapen\/larvo\/#primaryimage"},"image":{"@id":"https:\/\/www.tourismejalhaysart.be\/nl\/verblijven\/waar-slapen\/larvo\/#primaryimage"},"thumbnailUrl":"https:\/\/www.tourismejalhaysart.be\/wp-content\/uploads\/2016\/03\/IMG_1910.jpg","datePublished":"2016-03-10T09:23:26+00:00","dateModified":"2020-01-26T13:34:08+00:00","description":"L'Arv\u00f4, g\u00eete \u00e0 la ferme, situ\u00e9 \u00e0 Royompr\u00e9, \u00e0 proximit\u00e9 de Jalhay, des Hautes Fagnes, de Spa et au coeur des Ardennes belges.","breadcrumb":{"@id":"https:\/\/www.tourismejalhaysart.be\/nl\/verblijven\/waar-slapen\/larvo\/#breadcrumb"},"inLanguage":"nl-NL","potentialAction":[{"@type":"ReadAction","target":["https:\/\/www.tourismejalhaysart.be\/nl\/verblijven\/waar-slapen\/larvo\/"]}]},{"@type":"ImageObject","inLanguage":"nl-NL","@id":"https:\/\/www.tourismejalhaysart.be\/nl\/verblijven\/waar-slapen\/larvo\/#primaryimage","url":"https:\/\/www.tourismejalhaysart.be\/wp-content\/uploads\/2016\/03\/IMG_1910.jpg","contentUrl":"https:\/\/www.tourismejalhaysart.be\/wp-content\/uploads\/2016\/03\/IMG_1910.jpg","width":5184,"height":3456},{"@type":"BreadcrumbList","@id":"https:\/\/www.tourismejalhaysart.be\/nl\/verblijven\/waar-slapen\/larvo\/#breadcrumb","itemListElement":[{"@type":"ListItem","position":1,"name":"Accueil","item":"https:\/\/www.tourismejalhaysart.be\/nl\/"},{"@type":"ListItem","position":2,"name":"Waar overnachten ?","item":"https:\/\/www.tourismejalhaysart.be\/nl\/verblijven\/waar-slapen\/"},{"@type":"ListItem","position":3,"name":"L&#8217;Arv\u00f4"}]},{"@type":"WebSite","@id":"https:\/\/www.tourismejalhaysart.be\/nl\/#website","url":"https:\/\/www.tourismejalhaysart.be\/nl\/","name":"Office du Tourisme de Jalhay Sart","description":"aux sources de la nature","potentialAction":[{"@type":"SearchAction","target":{"@type":"EntryPoint","urlTemplate":"https:\/\/www.tourismejalhaysart.be\/nl\/?s={search_term_string}"},"query-input":{"@type":"PropertyValueSpecification","valueRequired":true,"valueName":"search_term_string"}}],"inLanguage":"nl-NL"}]}},"wpml_current_locale":"nl_NL","wpml_translations":{"en_US":{"locale":"en_US","id":10959,"slug":"larvo","post_title":"L'Arv\u00f4","href":"https:\/\/www.tourismejalhaysart.be\/en\/stay\/where-to-sleep\/larvo\/"},"de_DE":{"locale":"de_DE","id":10960,"slug":"larvo","post_title":"L'Arv\u00f4","href":"https:\/\/www.tourismejalhaysart.be\/de\/aufenthalt\/wo-schlafen\/larvo\/"}},"_links":{"self":[{"href":"https:\/\/www.tourismejalhaysart.be\/nl\/wp-json\/wp\/v2\/dormir\/10958","targetHints":{"allow":["GET"]}}],"collection":[{"href":"https:\/\/www.tourismejalhaysart.be\/nl\/wp-json\/wp\/v2\/dormir"}],"about":[{"href":"https:\/\/www.tourismejalhaysart.be\/nl\/wp-json\/wp\/v2\/types\/dormir"}],"acf:attachment":[{"embeddable":true,"href":"https:\/\/www.tourismejalhaysart.be\/nl\/wp-json\/wp\/v2\/media\/23087"},{"embeddable":true,"href":"https:\/\/www.tourismejalhaysart.be\/nl\/wp-json\/wp\/v2\/media\/23129"},{"embeddable":true,"href":"https:\/\/www.tourismejalhaysart.be\/nl\/wp-json\/wp\/v2\/media\/23105"},{"embeddable":true,"href":"https:\/\/www.tourismejalhaysart.be\/nl\/wp-json\/wp\/v2\/media\/23108"},{"embeddable":true,"href":"https:\/\/www.tourismejalhaysart.be\/nl\/wp-json\/wp\/v2\/media\/23120"},{"embeddable":true,"href":"https:\/\/www.tourismejalhaysart.be\/nl\/wp-json\/wp\/v2\/media\/23123"},{"embeddable":true,"href":"https:\/\/www.tourismejalhaysart.be\/nl\/wp-json\/wp\/v2\/media\/23102"},{"embeddable":true,"href":"https:\/\/www.tourismejalhaysart.be\/nl\/wp-json\/wp\/v2\/media\/23126"},{"embeddable":true,"href":"https:\/\/www.tourismejalhaysart.be\/nl\/wp-json\/wp\/v2\/media\/23099"},{"embeddable":true,"href":"https:\/\/www.tourismejalhaysart.be\/nl\/wp-json\/wp\/v2\/media\/23096"},{"embeddable":true,"href":"https:\/\/www.tourismejalhaysart.be\/nl\/wp-json\/wp\/v2\/media\/23135"},{"embeddable":true,"href":"https:\/\/www.tourismejalhaysart.be\/nl\/wp-json\/wp\/v2\/media\/23132"},{"embeddable":true,"href":"https:\/\/www.tourismejalhaysart.be\/nl\/wp-json\/wp\/v2\/media\/23117"},{"embeddable":true,"href":"https:\/\/www.tourismejalhaysart.be\/nl\/wp-json\/wp\/v2\/media\/23111"},{"embeddable":true,"href":"https:\/\/www.tourismejalhaysart.be\/nl\/wp-json\/wp\/v2\/media\/23114"},{"embeddable":true,"href":"https:\/\/www.tourismejalhaysart.be\/nl\/wp-json\/wp\/v2\/media\/23090"},{"embeddable":true,"href":"https:\/\/www.tourismejalhaysart.be\/nl\/wp-json\/wp\/v2\/media\/23093"}],"wp:featuredmedia":[{"embeddable":true,"href":"https:\/\/www.tourismejalhaysart.be\/nl\/wp-json\/wp\/v2\/media\/8453"}],"wp:attachment":[{"href":"https:\/\/www.tourismejalhaysart.be\/nl\/wp-json\/wp\/v2\/media?parent=10958"}],"curies":[{"name":"wp","href":"https:\/\/api.w.org\/{rel}","templated":true}]}}