{"id":11004,"date":"2016-03-07T12:01:53","date_gmt":"2016-03-07T11:01:53","guid":{"rendered":"http:\/\/www.tourismejalhaysart.be\/en\/dormir\/meuble-vacances-le-sartay-tourisme-jalhay-sart\/"},"modified":"2016-11-18T16:18:43","modified_gmt":"2016-11-18T15:18:43","slug":"meuble-vacances-le-sartay-tourisme-jalhay-sart","status":"publish","type":"dormir","link":"https:\/\/www.tourismejalhaysart.be\/en\/stay\/where-to-sleep\/meuble-vacances-le-sartay-tourisme-jalhay-sart\/","title":{"rendered":"Le Sartay"},"content":{"rendered":"<div style=\"text-align: justify;\"><span id=\"ouHighlight__0_2TO0_7\">Come and<\/span><span id=\"noHighlight_0.7858084803392946\"> <\/span><span id=\"ouHighlight__4_24TO9_31\">recharge your batteries<\/span><span id=\"noHighlight_0.2988974813454994\"> <\/span><span id=\"ouHighlight__26_27TO33_34\">in<\/span><span id=\"noHighlight_0.3552144390452279\"> <\/span><span id=\"ouHighlight__29_31TO36_39\">this<\/span><span id=\"noHighlight_0.6845580801477178\"> <\/span><span id=\"ouHighlight__33_44TO41_52\">holiday home<\/span><span id=\"ouHighlight__45_63TO53_72\">, ideally located in<\/span><span id=\"noHighlight_0.2797354324063528\"> <\/span><span id=\"ouHighlight__65_91TO74_97\">the heart of the Belgian<\/span><span id=\"noHighlight_0.01853566701913134\"> <\/span><span id=\"ouHighlight__93_108TO99_114\">Ardennes, in the<\/span><span id=\"noHighlight_0.7587533535305988\"> <\/span><span id=\"ouHighlight__110_113TO116_124\">beautiful<\/span><span id=\"noHighlight_0.3025765783218121\"> <\/span><span id=\"ouHighlight__115_120TO126_135\">village of<\/span><span id=\"noHighlight_0.21980600626726282\"> <\/span><span id=\"ouHighlight__122_125TO137_140\">Sart<\/span><span id=\"noHighlight_0.35955177741883876\">.<\/span><span id=\"noHighlight_0.804920144935491\"> <\/span><span id=\"ouHighlight__129_132TO144_147\">Sart<\/span><span id=\"noHighlight_0.38550755074855697\"> <\/span><span id=\"ouHighlight__134_152TO149_168\">is centrally located<\/span><span id=\"noHighlight_0.41964048465894055\"> close to Spa<\/span><span id=\"ouHighlight__167_181TO184_198\">,<\/span><span id=\"noHighlight_0.032457074090503524\"> <\/span><span id=\"ouHighlight__189_191TO215_217\">the<\/span><span id=\"noHighlight_0.5258627354751224\"> <\/span><span id=\"ouHighlight__194_203TO220_231\" class=\"highlighted\">natural reserve\u00a0High Fens\/Eifel.<\/span><span id=\"noHighlight_0.3084081106355396\"> <\/span><span id=\"ouHighlight__227_240TO255_273\">This village, where<\/span><span id=\"noHighlight_0.9034310997289976\"> <\/span><span id=\"ouHighlight__242_250TO275_284\">traditions<\/span><span id=\"noHighlight_0.5904293985423742\"> <\/span><span id=\"ouHighlight__260_274TO286_293\">are held<\/span><span id=\"noHighlight_0.5364412176387828\"> <\/span><span id=\"ouHighlight__252_253TO295_296\">in<\/span><span id=\"noHighlight_0.9121715212808255\"> <\/span><span id=\"ouHighlight__255_258TO298_302\">honor<\/span><span id=\"noHighlight_0.6689958403828571\">,<\/span><span id=\"noHighlight_0.5665515422148275\"> <\/span><span id=\"ouHighlight__277_281TO305_307\">has<\/span><span id=\"noHighlight_0.3532722828106745\"> <\/span><span id=\"ouHighlight__283_296TO309_320\">an excellent<\/span><span id=\"noHighlight_0.7178753590871756\"> <\/span><span id=\"ouHighlight__298_305TO322_330\">heritage,<\/span><span id=\"noHighlight_0.19091703551345107\"> <\/span><span id=\"ouHighlight__307_319TO332_344\">consisting of<\/span><span id=\"noHighlight_0.616086717030496\"> <\/span><span id=\"ouHighlight__351_368TO369_387\">beautiful renovated<\/span><span id=\"noHighlight_0.5250564068145831\"> <\/span><span id=\"ouHighlight__370_381TO389_398\">homes that<\/span><span id=\"noHighlight_0.4221617137317395\"> <\/span><span id=\"ouHighlight__398_407TO400_407\">surround<\/span><span id=\"noHighlight_0.917035566037285\"> <\/span><span id=\"ouHighlight__383_396TO409_425\">the market square<\/span><span id=\"noHighlight_0.7166605051304474\">.<\/span><\/div>\n<p>&nbsp;<\/p>\n","protected":false},"excerpt":{"rendered":"<p>Come and recharge your batteries in this holiday home, ideally located in the heart of the Belgian Ardennes, in the beautiful village of Sart. <\/p>\n","protected":false},"featured_media":4799,"template":"","class_list":["post-11004","dormir","type-dormir","status-publish","has-post-thumbnail","hentry","logement-type-meuble-de-vacances-en","lieu-logement-sart-en","capacite-logement-1-a-15-pers-en","classification-3-stars-ears-keys"],"acf":{"adresse_fiche":{"lat":50.5135332,"lng":5.932387100000028,"zoom":18,"address":"Rue Alexandre Beaupain 8a 4845 Jalhay, Belgique","markers":[{"label":"Rue Alexandre Beaupain 8a 4845 Jalhay, Belgique","default_label":"","lat":50.5135332,"lng":5.932387100000028}],"layers":["OpenStreetMap.Mapnik"]},"rue":"Rue Alexandre Beaupain 8a","localite":"4845 JALHAY","mail":"joane.mathieu@hotmail.com","tel":"+32 (0) 87\/26 92 62","gsm":"+32 (0) 472\/456 753","fax":"","site_web":"http:\/\/villasartay.jimdo.com\/","page_facebook":"","galerie_photos":[4766,4748,4802,4808,4805,4736,4760,4739,4751,4763,4757,4754,4811,4814,4733,4745,4769,4817],"video":"","dox":"","caracteristiques":[{"groupe_caracteristiques":"Capacit\u00e9","valeurs":[{"valeur":"5 chambres"},{"valeur":"12 lits"},{"valeur":"1 lits b\u00e9b\u00e9"}]},{"groupe_caracteristiques":"Infrastructure ext\u00e9rieure","valeurs":[{"valeur":"Terrasse"},{"valeur":"Jardin"},{"valeur":"Parking"},{"valeur":"Barbecue"}]},{"groupe_caracteristiques":"Equipement int\u00e9rieur","valeurs":[{"valeur":"T\u00e9l\u00e9vision\/DVD"},{"valeur":"Wifi"},{"valeur":"Lave-linge"},{"valeur":"Aspirateur"}]},{"groupe_caracteristiques":"Equipement cuisine","valeurs":[{"valeur":"Cuisini\u00e8re"},{"valeur":"Four"},{"valeur":"Lave-vaisselle"},{"valeur":"Frigo"},{"valeur":"Cong\u00e9lateur"},{"valeur":"Bouilloire \u00e9lectrique"},{"valeur":"Percolateur"},{"valeur":"Nespresso"},{"valeur":"Grille-pain"},{"valeur":"Micro-onde"},{"valeur":"Presse-fruits"},{"valeur":"Mixer"}]},{"groupe_caracteristiques":"Equipement de loisirs","valeurs":[{"valeur":"Billard"},{"valeur":"Jeu de fl\u00e9chettes"},{"valeur":"Sauna"},{"valeur":"Terrain de p\u00e9tanque"},{"valeur":"Trempoline"}]},{"groupe_caracteristiques":"Animaux admis","valeurs":[{"valeur":"Non"}]},{"groupe_caracteristiques":"Langues parl\u00e9es","valeurs":[{"valeur":"Fran\u00e7ais"},{"valeur":"Anglais"}]},{"groupe_caracteristiques":"Proximit\u00e9 des int\u00e9r\u00eats touristiques","valeurs":[{"valeur":"Hautes Fagnes 12 km"},{"valeur":"Lac de la Gileppe 8 km"},{"valeur":"Circuit Francorchamps 7 km"},{"valeur":"Piscine 5 km"},{"valeur":"Gare 10 km"},{"valeur":"Supermarch\u00e9 2 km"},{"valeur":"Epicerie 300m"},{"valeur":"Piste de ski 5 km"},{"valeur":"Shopping Center 12 km"}]},{"groupe_caracteristiques":"Mode de paiement","valeurs":[{"valeur":"Virement bancaire"}]},{"groupe_caracteristiques":"Prix","valeurs":[{"valeur":"Basse saison: "},{"valeur":"W-E + MW 424 \u20ac"},{"valeur":"Semaine 555 \u20ac"},{"valeur":"Moyenne saison: "},{"valeur":"W-E + MW \u00e0pd. 535 \u20ac"},{"valeur":"Semaine \u00e0pd. 706 \u20ac"},{"valeur":"Haute saison: "},{"valeur":"W-E + MW 797 \u20ac"},{"valeur":"Semaine: 1959 \u20ac"},{"valeur":"W-E sp\u00e9ciaux: "},{"valeur":"\u00e0 partir de 767 \u20ac"},{"valeur":"No\u00ebl\/Nouvel An:"},{"valeur":"\u00e0 parti de 1.030 \u20ac"},{"valeur":"Nettoyage: 80 \u20ac"},{"valeur":"Caution: 500 \u20ac"},{"valeur":"Charges:"},{"valeur":"Et\u00e9 25 \u20ac\/Hiver 45 \u20ac"}]}]},"yoast_head":"<!-- This site is optimized with the Yoast SEO plugin v27.5 - https:\/\/yoast.com\/product\/yoast-seo-wordpress\/ -->\n<title>Meubl\u00e9 de vacances Le Sartay Sart Hautes Fagnes Jalhay Spa<\/title>\n<meta name=\"description\" content=\"Le Sartay est un meubl\u00e9 de vacances situ\u00e9 \u00e0 Sart, \u00e0 proximit\u00e9 des Hautes Fagnes, de Jalhay, de Spa et au coeur des Ardennes belges.\" \/>\n<meta name=\"robots\" content=\"index, follow, max-snippet:-1, max-image-preview:large, max-video-preview:-1\" \/>\n<link rel=\"canonical\" href=\"https:\/\/www.tourismejalhaysart.be\/en\/stay\/where-to-sleep\/meuble-vacances-le-sartay-tourisme-jalhay-sart\/\" \/>\n<meta property=\"og:locale\" content=\"en_US\" \/>\n<meta property=\"og:type\" content=\"article\" \/>\n<meta property=\"og:title\" content=\"Meubl\u00e9 de vacances Le Sartay Jalhay Sart Spa\" \/>\n<meta property=\"og:description\" content=\"Id\u00e9alement situ\u00e9e au c\u0153ur des Ardennes belges, cette maison de vacances vous accueille dans le magnifique village de Sart-lez-Spa.\" \/>\n<meta property=\"og:url\" content=\"https:\/\/www.tourismejalhaysart.be\/en\/stay\/where-to-sleep\/meuble-vacances-le-sartay-tourisme-jalhay-sart\/\" \/>\n<meta property=\"og:site_name\" content=\"Office du Tourisme de Jalhay Sart\" \/>\n<meta property=\"article:modified_time\" content=\"2016-11-18T15:18:43+00:00\" \/>\n<meta property=\"og:image\" content=\"http:\/\/p5810.phpnet.org\/tourismejalhaysart.be\/wp-content\/uploads\/2016\/03\/avant.jpg\" \/>\n<meta name=\"twitter:card\" content=\"summary_large_image\" \/>\n<script type=\"application\/ld+json\" class=\"yoast-schema-graph\">{\"@context\":\"https:\\\/\\\/schema.org\",\"@graph\":[{\"@type\":\"WebPage\",\"@id\":\"https:\\\/\\\/www.tourismejalhaysart.be\\\/en\\\/stay\\\/where-to-sleep\\\/meuble-vacances-le-sartay-tourisme-jalhay-sart\\\/\",\"url\":\"https:\\\/\\\/www.tourismejalhaysart.be\\\/en\\\/stay\\\/where-to-sleep\\\/meuble-vacances-le-sartay-tourisme-jalhay-sart\\\/\",\"name\":\"Meubl\u00e9 de vacances Le Sartay Sart Hautes Fagnes Jalhay Spa\",\"isPartOf\":{\"@id\":\"https:\\\/\\\/www.tourismejalhaysart.be\\\/en\\\/#website\"},\"primaryImageOfPage\":{\"@id\":\"https:\\\/\\\/www.tourismejalhaysart.be\\\/en\\\/stay\\\/where-to-sleep\\\/meuble-vacances-le-sartay-tourisme-jalhay-sart\\\/#primaryimage\"},\"image\":{\"@id\":\"https:\\\/\\\/www.tourismejalhaysart.be\\\/en\\\/stay\\\/where-to-sleep\\\/meuble-vacances-le-sartay-tourisme-jalhay-sart\\\/#primaryimage\"},\"thumbnailUrl\":\"https:\\\/\\\/www.tourismejalhaysart.be\\\/wp-content\\\/uploads\\\/2016\\\/03\\\/avant.jpg\",\"datePublished\":\"2016-03-07T11:01:53+00:00\",\"dateModified\":\"2016-11-18T15:18:43+00:00\",\"description\":\"Le Sartay est un meubl\u00e9 de vacances situ\u00e9 \u00e0 Sart, \u00e0 proximit\u00e9 des Hautes Fagnes, de Jalhay, de Spa et au coeur des Ardennes belges.\",\"breadcrumb\":{\"@id\":\"https:\\\/\\\/www.tourismejalhaysart.be\\\/en\\\/stay\\\/where-to-sleep\\\/meuble-vacances-le-sartay-tourisme-jalhay-sart\\\/#breadcrumb\"},\"inLanguage\":\"en-US\",\"potentialAction\":[{\"@type\":\"ReadAction\",\"target\":[\"https:\\\/\\\/www.tourismejalhaysart.be\\\/en\\\/stay\\\/where-to-sleep\\\/meuble-vacances-le-sartay-tourisme-jalhay-sart\\\/\"]}]},{\"@type\":\"ImageObject\",\"inLanguage\":\"en-US\",\"@id\":\"https:\\\/\\\/www.tourismejalhaysart.be\\\/en\\\/stay\\\/where-to-sleep\\\/meuble-vacances-le-sartay-tourisme-jalhay-sart\\\/#primaryimage\",\"url\":\"https:\\\/\\\/www.tourismejalhaysart.be\\\/wp-content\\\/uploads\\\/2016\\\/03\\\/avant.jpg\",\"contentUrl\":\"https:\\\/\\\/www.tourismejalhaysart.be\\\/wp-content\\\/uploads\\\/2016\\\/03\\\/avant.jpg\",\"width\":533,\"height\":400},{\"@type\":\"BreadcrumbList\",\"@id\":\"https:\\\/\\\/www.tourismejalhaysart.be\\\/en\\\/stay\\\/where-to-sleep\\\/meuble-vacances-le-sartay-tourisme-jalhay-sart\\\/#breadcrumb\",\"itemListElement\":[{\"@type\":\"ListItem\",\"position\":1,\"name\":\"Accueil\",\"item\":\"https:\\\/\\\/www.tourismejalhaysart.be\\\/en\\\/\"},{\"@type\":\"ListItem\",\"position\":2,\"name\":\"Where to sleep ?\",\"item\":\"https:\\\/\\\/www.tourismejalhaysart.be\\\/en\\\/stay\\\/where-to-sleep\\\/\"},{\"@type\":\"ListItem\",\"position\":3,\"name\":\"Le Sartay\"}]},{\"@type\":\"WebSite\",\"@id\":\"https:\\\/\\\/www.tourismejalhaysart.be\\\/en\\\/#website\",\"url\":\"https:\\\/\\\/www.tourismejalhaysart.be\\\/en\\\/\",\"name\":\"Office du Tourisme de Jalhay Sart\",\"description\":\"aux sources de la nature\",\"potentialAction\":[{\"@type\":\"SearchAction\",\"target\":{\"@type\":\"EntryPoint\",\"urlTemplate\":\"https:\\\/\\\/www.tourismejalhaysart.be\\\/en\\\/?s={search_term_string}\"},\"query-input\":{\"@type\":\"PropertyValueSpecification\",\"valueRequired\":true,\"valueName\":\"search_term_string\"}}],\"inLanguage\":\"en-US\"}]}<\/script>\n<!-- \/ Yoast SEO plugin. -->","yoast_head_json":{"title":"Meubl\u00e9 de vacances Le Sartay Sart Hautes Fagnes Jalhay Spa","description":"Le Sartay est un meubl\u00e9 de vacances situ\u00e9 \u00e0 Sart, \u00e0 proximit\u00e9 des Hautes Fagnes, de Jalhay, de Spa et au coeur des Ardennes belges.","robots":{"index":"index","follow":"follow","max-snippet":"max-snippet:-1","max-image-preview":"max-image-preview:large","max-video-preview":"max-video-preview:-1"},"canonical":"https:\/\/www.tourismejalhaysart.be\/en\/stay\/where-to-sleep\/meuble-vacances-le-sartay-tourisme-jalhay-sart\/","og_locale":"en_US","og_type":"article","og_title":"Meubl\u00e9 de vacances Le Sartay Jalhay Sart Spa","og_description":"Id\u00e9alement situ\u00e9e au c\u0153ur des Ardennes belges, cette maison de vacances vous accueille dans le magnifique village de Sart-lez-Spa.","og_url":"https:\/\/www.tourismejalhaysart.be\/en\/stay\/where-to-sleep\/meuble-vacances-le-sartay-tourisme-jalhay-sart\/","og_site_name":"Office du Tourisme de Jalhay Sart","article_modified_time":"2016-11-18T15:18:43+00:00","og_image":[{"url":"http:\/\/p5810.phpnet.org\/tourismejalhaysart.be\/wp-content\/uploads\/2016\/03\/avant.jpg","type":"","width":"","height":""}],"twitter_card":"summary_large_image","schema":{"@context":"https:\/\/schema.org","@graph":[{"@type":"WebPage","@id":"https:\/\/www.tourismejalhaysart.be\/en\/stay\/where-to-sleep\/meuble-vacances-le-sartay-tourisme-jalhay-sart\/","url":"https:\/\/www.tourismejalhaysart.be\/en\/stay\/where-to-sleep\/meuble-vacances-le-sartay-tourisme-jalhay-sart\/","name":"Meubl\u00e9 de vacances Le Sartay Sart Hautes Fagnes Jalhay Spa","isPartOf":{"@id":"https:\/\/www.tourismejalhaysart.be\/en\/#website"},"primaryImageOfPage":{"@id":"https:\/\/www.tourismejalhaysart.be\/en\/stay\/where-to-sleep\/meuble-vacances-le-sartay-tourisme-jalhay-sart\/#primaryimage"},"image":{"@id":"https:\/\/www.tourismejalhaysart.be\/en\/stay\/where-to-sleep\/meuble-vacances-le-sartay-tourisme-jalhay-sart\/#primaryimage"},"thumbnailUrl":"https:\/\/www.tourismejalhaysart.be\/wp-content\/uploads\/2016\/03\/avant.jpg","datePublished":"2016-03-07T11:01:53+00:00","dateModified":"2016-11-18T15:18:43+00:00","description":"Le Sartay est un meubl\u00e9 de vacances situ\u00e9 \u00e0 Sart, \u00e0 proximit\u00e9 des Hautes Fagnes, de Jalhay, de Spa et au coeur des Ardennes belges.","breadcrumb":{"@id":"https:\/\/www.tourismejalhaysart.be\/en\/stay\/where-to-sleep\/meuble-vacances-le-sartay-tourisme-jalhay-sart\/#breadcrumb"},"inLanguage":"en-US","potentialAction":[{"@type":"ReadAction","target":["https:\/\/www.tourismejalhaysart.be\/en\/stay\/where-to-sleep\/meuble-vacances-le-sartay-tourisme-jalhay-sart\/"]}]},{"@type":"ImageObject","inLanguage":"en-US","@id":"https:\/\/www.tourismejalhaysart.be\/en\/stay\/where-to-sleep\/meuble-vacances-le-sartay-tourisme-jalhay-sart\/#primaryimage","url":"https:\/\/www.tourismejalhaysart.be\/wp-content\/uploads\/2016\/03\/avant.jpg","contentUrl":"https:\/\/www.tourismejalhaysart.be\/wp-content\/uploads\/2016\/03\/avant.jpg","width":533,"height":400},{"@type":"BreadcrumbList","@id":"https:\/\/www.tourismejalhaysart.be\/en\/stay\/where-to-sleep\/meuble-vacances-le-sartay-tourisme-jalhay-sart\/#breadcrumb","itemListElement":[{"@type":"ListItem","position":1,"name":"Accueil","item":"https:\/\/www.tourismejalhaysart.be\/en\/"},{"@type":"ListItem","position":2,"name":"Where to sleep ?","item":"https:\/\/www.tourismejalhaysart.be\/en\/stay\/where-to-sleep\/"},{"@type":"ListItem","position":3,"name":"Le Sartay"}]},{"@type":"WebSite","@id":"https:\/\/www.tourismejalhaysart.be\/en\/#website","url":"https:\/\/www.tourismejalhaysart.be\/en\/","name":"Office du Tourisme de Jalhay Sart","description":"aux sources de la nature","potentialAction":[{"@type":"SearchAction","target":{"@type":"EntryPoint","urlTemplate":"https:\/\/www.tourismejalhaysart.be\/en\/?s={search_term_string}"},"query-input":{"@type":"PropertyValueSpecification","valueRequired":true,"valueName":"search_term_string"}}],"inLanguage":"en-US"}]}},"wpml_current_locale":"en_US","wpml_translations":{"de_DE":{"locale":"de_DE","id":11005,"slug":"meuble-vacances-le-sartay-tourisme-jalhay-sart","post_title":"Le Sartay","href":"https:\/\/www.tourismejalhaysart.be\/de\/aufenthalt\/wo-schlafen\/meuble-vacances-le-sartay-tourisme-jalhay-sart\/"}},"_links":{"self":[{"href":"https:\/\/www.tourismejalhaysart.be\/en\/wp-json\/wp\/v2\/dormir\/11004","targetHints":{"allow":["GET"]}}],"collection":[{"href":"https:\/\/www.tourismejalhaysart.be\/en\/wp-json\/wp\/v2\/dormir"}],"about":[{"href":"https:\/\/www.tourismejalhaysart.be\/en\/wp-json\/wp\/v2\/types\/dormir"}],"acf:attachment":[{"embeddable":true,"href":"https:\/\/www.tourismejalhaysart.be\/en\/wp-json\/wp\/v2\/media\/4817"},{"embeddable":true,"href":"https:\/\/www.tourismejalhaysart.be\/en\/wp-json\/wp\/v2\/media\/4769"},{"embeddable":true,"href":"https:\/\/www.tourismejalhaysart.be\/en\/wp-json\/wp\/v2\/media\/4745"},{"embeddable":true,"href":"https:\/\/www.tourismejalhaysart.be\/en\/wp-json\/wp\/v2\/media\/4733"},{"embeddable":true,"href":"https:\/\/www.tourismejalhaysart.be\/en\/wp-json\/wp\/v2\/media\/4814"},{"embeddable":true,"href":"https:\/\/www.tourismejalhaysart.be\/en\/wp-json\/wp\/v2\/media\/4811"},{"embeddable":true,"href":"https:\/\/www.tourismejalhaysart.be\/en\/wp-json\/wp\/v2\/media\/4754"},{"embeddable":true,"href":"https:\/\/www.tourismejalhaysart.be\/en\/wp-json\/wp\/v2\/media\/4757"},{"embeddable":true,"href":"https:\/\/www.tourismejalhaysart.be\/en\/wp-json\/wp\/v2\/media\/4763"},{"embeddable":true,"href":"https:\/\/www.tourismejalhaysart.be\/en\/wp-json\/wp\/v2\/media\/4751"},{"embeddable":true,"href":"https:\/\/www.tourismejalhaysart.be\/en\/wp-json\/wp\/v2\/media\/4739"},{"embeddable":true,"href":"https:\/\/www.tourismejalhaysart.be\/en\/wp-json\/wp\/v2\/media\/4760"},{"embeddable":true,"href":"https:\/\/www.tourismejalhaysart.be\/en\/wp-json\/wp\/v2\/media\/4736"},{"embeddable":true,"href":"https:\/\/www.tourismejalhaysart.be\/en\/wp-json\/wp\/v2\/media\/4805"},{"embeddable":true,"href":"https:\/\/www.tourismejalhaysart.be\/en\/wp-json\/wp\/v2\/media\/4808"},{"embeddable":true,"href":"https:\/\/www.tourismejalhaysart.be\/en\/wp-json\/wp\/v2\/media\/4802"},{"embeddable":true,"href":"https:\/\/www.tourismejalhaysart.be\/en\/wp-json\/wp\/v2\/media\/4748"},{"embeddable":true,"href":"https:\/\/www.tourismejalhaysart.be\/en\/wp-json\/wp\/v2\/media\/4766"}],"wp:featuredmedia":[{"embeddable":true,"href":"https:\/\/www.tourismejalhaysart.be\/en\/wp-json\/wp\/v2\/media\/4799"}],"wp:attachment":[{"href":"https:\/\/www.tourismejalhaysart.be\/en\/wp-json\/wp\/v2\/media?parent=11004"}],"curies":[{"name":"wp","href":"https:\/\/api.w.org\/{rel}","templated":true}]}}