{"id":19558,"date":"2018-08-30T09:10:03","date_gmt":"2018-08-30T08:10:03","guid":{"rendered":"http:\/\/www.tourismejalhaysart.be\/?post_type=events&#038;p=19558"},"modified":"2025-11-09T15:05:57","modified_gmt":"2025-11-09T14:05:57","slug":"marche-des-saveurs-et-une-foire-agricole-forestiere","status":"publish","type":"events","link":"https:\/\/www.tourismejalhaysart.be\/de\/events\/marche-des-saveurs-et-une-foire-agricole-forestiere\/","title":{"rendered":"March\u00e9 des Saveurs et foire agricole et foresti\u00e8re"},"content":{"rendered":"<div class=\"x11i5rnm xat24cr x1mh8g0r x1vvkbs xtlvy1s\">Au programme de la journ\u00e9e d\u00e8s 13h:<\/div>\n<div class=\"x11i5rnm xat24cr x1mh8g0r x1vvkbs xtlvy1s\"><span class=\"html-span xexx8yu x4uap5 x18d9i69 xkhd6sd x1hl2dhg x16tdsg8 x1vvkbs x3nfvp2 x1j61x8r x1fcty0u xdj266r xat24cr xgzva0m xhhsvwb xxymvpz xlup9mm x1kky2od\"><img decoding=\"async\" class=\"xz74otr\" src=\"https:\/\/static.xx.fbcdn.net\/images\/emoji.php\/v9\/t70\/1\/16\/1f536.png\" alt=\"\ud83d\udd36\" width=\"16\" height=\"16\" \/><\/span>Foire agricole et foresti\u00e8re\u00a0<span class=\"html-span xexx8yu x4uap5 x18d9i69 xkhd6sd x1hl2dhg x16tdsg8 x1vvkbs x3nfvp2 x1j61x8r x1fcty0u xdj266r xat24cr xgzva0m xhhsvwb xxymvpz xlup9mm x1kky2od\"><img decoding=\"async\" class=\"xz74otr\" src=\"https:\/\/static.xx.fbcdn.net\/images\/emoji.php\/v9\/t18\/1\/16\/1f69c.png\" alt=\"\ud83d\ude9c\" width=\"16\" height=\"16\" \/><\/span><span class=\"html-span xexx8yu x4uap5 x18d9i69 xkhd6sd x1hl2dhg x16tdsg8 x1vvkbs x3nfvp2 x1j61x8r x1fcty0u xdj266r xat24cr xgzva0m xhhsvwb xxymvpz xlup9mm x1kky2od\"><img decoding=\"async\" class=\"xz74otr\" src=\"https:\/\/static.xx.fbcdn.net\/images\/emoji.php\/v9\/tea\/1\/16\/1f332.png\" alt=\"\ud83c\udf32\" width=\"16\" height=\"16\" \/><\/span>avec de nombreux exposants de la r\u00e9gion.<\/div>\n<div class=\"x11i5rnm xat24cr x1mh8g0r x1vvkbs xtlvy1s\"><span class=\"html-span xexx8yu x4uap5 x18d9i69 xkhd6sd x1hl2dhg x16tdsg8 x1vvkbs x3nfvp2 x1j61x8r x1fcty0u xdj266r xat24cr xgzva0m xhhsvwb xxymvpz xlup9mm x1kky2od\"><img decoding=\"async\" class=\"xz74otr\" src=\"https:\/\/static.xx.fbcdn.net\/images\/emoji.php\/v9\/t70\/1\/16\/1f536.png\" alt=\"\ud83d\udd36\" width=\"16\" height=\"16\" \/><\/span>Concours de b\u00fbcheronnage\u00a0<span class=\"html-span xexx8yu x4uap5 x18d9i69 xkhd6sd x1hl2dhg x16tdsg8 x1vvkbs x3nfvp2 x1j61x8r x1fcty0u xdj266r xat24cr xgzva0m xhhsvwb xxymvpz xlup9mm x1kky2od\"><img decoding=\"async\" class=\"xz74otr\" src=\"https:\/\/static.xx.fbcdn.net\/images\/emoji.php\/v9\/td3\/1\/16\/1fa93.png\" alt=\"\ud83e\ude93\" width=\"16\" height=\"16\" \/><\/span>.<\/div>\n<div class=\"x11i5rnm xat24cr x1mh8g0r x1vvkbs xtlvy1s\"><span class=\"html-span xexx8yu x4uap5 x18d9i69 xkhd6sd x1hl2dhg x16tdsg8 x1vvkbs x3nfvp2 x1j61x8r x1fcty0u xdj266r xat24cr xgzva0m xhhsvwb xxymvpz xlup9mm x1kky2od\"><img decoding=\"async\" class=\"xz74otr\" src=\"https:\/\/static.xx.fbcdn.net\/images\/emoji.php\/v9\/t70\/1\/16\/1f536.png\" alt=\"\ud83d\udd36\" width=\"16\" height=\"16\" \/><\/span>March\u00e9 des saveurs\u00a0<span class=\"html-span xexx8yu x4uap5 x18d9i69 xkhd6sd x1hl2dhg x16tdsg8 x1vvkbs x3nfvp2 x1j61x8r x1fcty0u xdj266r xat24cr xgzva0m xhhsvwb xxymvpz xlup9mm x1kky2od\"><img decoding=\"async\" class=\"xz74otr\" src=\"https:\/\/static.xx.fbcdn.net\/images\/emoji.php\/v9\/t15\/1\/16\/1f37a.png\" alt=\"\ud83c\udf7a\" width=\"16\" height=\"16\" \/><\/span><span class=\"html-span xexx8yu x4uap5 x18d9i69 xkhd6sd x1hl2dhg x16tdsg8 x1vvkbs x3nfvp2 x1j61x8r x1fcty0u xdj266r xat24cr xgzva0m xhhsvwb xxymvpz xlup9mm x1kky2od\"><img decoding=\"async\" class=\"xz74otr\" src=\"https:\/\/static.xx.fbcdn.net\/images\/emoji.php\/v9\/t2a\/1\/16\/1f354.png\" alt=\"\ud83c\udf54\" width=\"16\" height=\"16\" \/><\/span>.<\/div>\n<div class=\"x11i5rnm xat24cr x1mh8g0r x1vvkbs xtlvy1s\"><span class=\"html-span xexx8yu x4uap5 x18d9i69 xkhd6sd x1hl2dhg x16tdsg8 x1vvkbs x3nfvp2 x1j61x8r x1fcty0u xdj266r xat24cr xgzva0m xhhsvwb xxymvpz xlup9mm x1kky2od\"><img decoding=\"async\" class=\"xz74otr\" src=\"https:\/\/static.xx.fbcdn.net\/images\/emoji.php\/v9\/t70\/1\/16\/1f536.png\" alt=\"\ud83d\udd36\" width=\"16\" height=\"16\" \/><\/span>Concours de minis b\u00fbcherons pour les enfants de 6 \u00e0 12 ans (inscription sur place).<\/div>\n<div class=\"x11i5rnm xat24cr x1mh8g0r x1vvkbs xtlvy1s\"><span class=\"html-span xexx8yu x4uap5 x18d9i69 xkhd6sd x1hl2dhg x16tdsg8 x1vvkbs x3nfvp2 x1j61x8r x1fcty0u xdj266r xat24cr xgzva0m xhhsvwb xxymvpz xlup9mm x1kky2od\"><img decoding=\"async\" class=\"xz74otr\" src=\"https:\/\/static.xx.fbcdn.net\/images\/emoji.php\/v9\/t70\/1\/16\/1f536.png\" alt=\"\ud83d\udd36\" width=\"16\" height=\"16\" \/><\/span>Exposition d\u2019animaux\u00a0<span class=\"html-span xexx8yu x4uap5 x18d9i69 xkhd6sd x1hl2dhg x16tdsg8 x1vvkbs x3nfvp2 x1j61x8r x1fcty0u xdj266r xat24cr xgzva0m xhhsvwb xxymvpz xlup9mm x1kky2od\"><img decoding=\"async\" class=\"xz74otr\" src=\"https:\/\/static.xx.fbcdn.net\/images\/emoji.php\/v9\/t12\/1\/16\/1f989.png\" alt=\"\ud83e\udd89\" width=\"16\" height=\"16\" \/><\/span><span class=\"html-span xexx8yu x4uap5 x18d9i69 xkhd6sd x1hl2dhg x16tdsg8 x1vvkbs x3nfvp2 x1j61x8r x1fcty0u xdj266r xat24cr xgzva0m xhhsvwb xxymvpz xlup9mm x1kky2od\"><img decoding=\"async\" class=\"xz74otr\" src=\"https:\/\/static.xx.fbcdn.net\/images\/emoji.php\/v9\/t50\/1\/16\/1f404.png\" alt=\"\ud83d\udc04\" width=\"16\" height=\"16\" \/><\/span>.<\/div>\n<div class=\"x11i5rnm xat24cr x1mh8g0r x1vvkbs xtlvy1s\"><span class=\"html-span xexx8yu x4uap5 x18d9i69 xkhd6sd x1hl2dhg x16tdsg8 x1vvkbs x3nfvp2 x1j61x8r x1fcty0u xdj266r xat24cr xgzva0m xhhsvwb xxymvpz xlup9mm x1kky2od\"><img decoding=\"async\" class=\"xz74otr\" src=\"https:\/\/static.xx.fbcdn.net\/images\/emoji.php\/v9\/t70\/1\/16\/1f536.png\" alt=\"\ud83d\udd36\" width=\"16\" height=\"16\" \/><\/span>D\u00e9s 11h balade de vieux tracteurs dans notre belle commune.<\/div>\n<div class=\"x11i5rnm xat24cr x1mh8g0r x1vvkbs xtlvy1s\">En esp\u00e9rant vous voir nombreux lors de cette journ\u00e9e\u00a0<span class=\"html-span xexx8yu x4uap5 x18d9i69 xkhd6sd x1hl2dhg x16tdsg8 x1vvkbs x3nfvp2 x1j61x8r x1fcty0u xdj266r xat24cr xgzva0m xhhsvwb xxymvpz xlup9mm x1kky2od\"><img decoding=\"async\" class=\"xz74otr\" src=\"https:\/\/static.xx.fbcdn.net\/images\/emoji.php\/v9\/tfb\/1\/16\/263a.png\" alt=\"\u263a\ufe0f\" width=\"16\" height=\"16\" \/><\/span>\u00a0la jeunesse de Jalhay\u00a0<span class=\"html-span xexx8yu x4uap5 x18d9i69 xkhd6sd x1hl2dhg x16tdsg8 x1vvkbs x3nfvp2 x1j61x8r x1fcty0u xdj266r xat24cr xgzva0m xhhsvwb xxymvpz xlup9mm x1kky2od\"><img decoding=\"async\" class=\"xz74otr\" src=\"https:\/\/static.xx.fbcdn.net\/images\/emoji.php\/v9\/tfc\/1\/16\/1f7e2.png\" alt=\"\ud83d\udfe2\" width=\"16\" height=\"16\" \/><\/span><span class=\"html-span xexx8yu x4uap5 x18d9i69 xkhd6sd x1hl2dhg x16tdsg8 x1vvkbs x3nfvp2 x1j61x8r x1fcty0u xdj266r xat24cr xgzva0m xhhsvwb xxymvpz xlup9mm x1kky2od\"><img decoding=\"async\" class=\"xz74otr\" src=\"https:\/\/static.xx.fbcdn.net\/images\/emoji.php\/v9\/t8d\/1\/16\/26aa.png\" alt=\"\u26aa\ufe0f\" width=\"16\" height=\"16\" \/><\/span><\/div>\n<div class=\"x11i5rnm xat24cr x1mh8g0r x1vvkbs xtlvy1s\">INFORMATIONS<br class=\"html-br\" \/>Foire: Benjamin Lechanteur 0497\/247915<br class=\"html-br\" \/>March\u00e9 des saveurs: info@tourismejalhaysart.be<br class=\"html-br\" \/>Balade des vieux tracteurs: Pol Donckier 0499\/803036<\/div>\n","protected":false},"featured_media":0,"parent":0,"template":"","calendars":[],"categorie-agenda":[1126,1137],"venue":[62],"organizer":[100],"class_list":["post-19558","events","type-events","status-publish","hentry","categorie-agenda-autres_evenements","categorie-agenda-evenements","venue-ecole-communale-de-jalhay","organizer-pol-donckier"],"acf":[],"yoast_head":"<!-- This site is optimized with the Yoast SEO plugin v27.5 - https:\/\/yoast.com\/product\/yoast-seo-wordpress\/ -->\n<title>March\u00e9 des Saveurs et foire agricole et foresti\u00e8re - Office du Tourisme de Jalhay Sart<\/title>\n<meta name=\"robots\" content=\"index, follow, max-snippet:-1, max-image-preview:large, max-video-preview:-1\" \/>\n<link rel=\"canonical\" href=\"https:\/\/www.tourismejalhaysart.be\/de\/events\/marche-des-saveurs-et-une-foire-agricole-forestiere\/\" \/>\n<meta property=\"og:locale\" content=\"de_DE\" \/>\n<meta property=\"og:type\" content=\"article\" \/>\n<meta property=\"og:title\" content=\"March\u00e9 des Saveurs et foire agricole et foresti\u00e8re - Office du Tourisme de Jalhay Sart\" \/>\n<meta property=\"og:description\" content=\"Au programme de la journ\u00e9e d\u00e8s 13h: Foire agricole et foresti\u00e8re\u00a0avec de nombreux exposants de la r\u00e9gion. Concours de b\u00fbcheronnage\u00a0. March\u00e9 des saveurs\u00a0. Concours de minis b\u00fbcherons pour les enfants de 6 \u00e0 12 ans (inscription sur place). Exposition d\u2019animaux\u00a0. D\u00e9s 11h balade de vieux tracteurs dans notre belle commune. En esp\u00e9rant vous voir nombreux [&hellip;]\" \/>\n<meta property=\"og:url\" content=\"https:\/\/www.tourismejalhaysart.be\/de\/events\/marche-des-saveurs-et-une-foire-agricole-forestiere\/\" \/>\n<meta property=\"og:site_name\" content=\"Office du Tourisme de Jalhay Sart\" \/>\n<meta property=\"article:modified_time\" content=\"2025-11-09T14:05:57+00:00\" \/>\n<meta property=\"og:image\" content=\"https:\/\/static.xx.fbcdn.net\/images\/emoji.php\/v9\/t70\/1\/16\/1f536.png\" \/>\n<meta name=\"twitter:card\" content=\"summary_large_image\" \/>\n<meta name=\"twitter:label1\" content=\"Gesch\u00e4tzte Lesezeit\" \/>\n\t<meta name=\"twitter:data1\" content=\"4\u00a0Minuten\" \/>\n<script type=\"application\/ld+json\" class=\"yoast-schema-graph\">{\"@context\":\"https:\\\/\\\/schema.org\",\"@graph\":[{\"@type\":\"WebPage\",\"@id\":\"https:\\\/\\\/www.tourismejalhaysart.be\\\/de\\\/events\\\/marche-des-saveurs-et-une-foire-agricole-forestiere\\\/\",\"url\":\"https:\\\/\\\/www.tourismejalhaysart.be\\\/de\\\/events\\\/marche-des-saveurs-et-une-foire-agricole-forestiere\\\/\",\"name\":\"March\u00e9 des Saveurs et foire agricole et foresti\u00e8re - Office du Tourisme de Jalhay Sart\",\"isPartOf\":{\"@id\":\"https:\\\/\\\/www.tourismejalhaysart.be\\\/de\\\/#website\"},\"primaryImageOfPage\":{\"@id\":\"https:\\\/\\\/www.tourismejalhaysart.be\\\/de\\\/events\\\/marche-des-saveurs-et-une-foire-agricole-forestiere\\\/#primaryimage\"},\"image\":{\"@id\":\"https:\\\/\\\/www.tourismejalhaysart.be\\\/de\\\/events\\\/marche-des-saveurs-et-une-foire-agricole-forestiere\\\/#primaryimage\"},\"thumbnailUrl\":\"https:\\\/\\\/static.xx.fbcdn.net\\\/images\\\/emoji.php\\\/v9\\\/t70\\\/1\\\/16\\\/1f536.png\",\"datePublished\":\"2018-08-30T08:10:03+00:00\",\"dateModified\":\"2025-11-09T14:05:57+00:00\",\"breadcrumb\":{\"@id\":\"https:\\\/\\\/www.tourismejalhaysart.be\\\/de\\\/events\\\/marche-des-saveurs-et-une-foire-agricole-forestiere\\\/#breadcrumb\"},\"inLanguage\":\"de\",\"potentialAction\":[{\"@type\":\"ReadAction\",\"target\":[\"https:\\\/\\\/www.tourismejalhaysart.be\\\/de\\\/events\\\/marche-des-saveurs-et-une-foire-agricole-forestiere\\\/\"]}]},{\"@type\":\"ImageObject\",\"inLanguage\":\"de\",\"@id\":\"https:\\\/\\\/www.tourismejalhaysart.be\\\/de\\\/events\\\/marche-des-saveurs-et-une-foire-agricole-forestiere\\\/#primaryimage\",\"url\":\"https:\\\/\\\/static.xx.fbcdn.net\\\/images\\\/emoji.php\\\/v9\\\/t70\\\/1\\\/16\\\/1f536.png\",\"contentUrl\":\"https:\\\/\\\/static.xx.fbcdn.net\\\/images\\\/emoji.php\\\/v9\\\/t70\\\/1\\\/16\\\/1f536.png\"},{\"@type\":\"BreadcrumbList\",\"@id\":\"https:\\\/\\\/www.tourismejalhaysart.be\\\/de\\\/events\\\/marche-des-saveurs-et-une-foire-agricole-forestiere\\\/#breadcrumb\",\"itemListElement\":[{\"@type\":\"ListItem\",\"position\":1,\"name\":\"Accueil\",\"item\":\"https:\\\/\\\/www.tourismejalhaysart.be\\\/de\\\/\"},{\"@type\":\"ListItem\",\"position\":2,\"name\":\"Veranstaltungen\",\"item\":\"https:\\\/\\\/www.tourismejalhaysart.be\\\/de\\\/agenda\\\/\"},{\"@type\":\"ListItem\",\"position\":3,\"name\":\"March\u00e9 des Saveurs et foire agricole et foresti\u00e8re\"}]},{\"@type\":\"WebSite\",\"@id\":\"https:\\\/\\\/www.tourismejalhaysart.be\\\/de\\\/#website\",\"url\":\"https:\\\/\\\/www.tourismejalhaysart.be\\\/de\\\/\",\"name\":\"Office du Tourisme de Jalhay Sart\",\"description\":\"aux sources de la nature\",\"potentialAction\":[{\"@type\":\"SearchAction\",\"target\":{\"@type\":\"EntryPoint\",\"urlTemplate\":\"https:\\\/\\\/www.tourismejalhaysart.be\\\/de\\\/?s={search_term_string}\"},\"query-input\":{\"@type\":\"PropertyValueSpecification\",\"valueRequired\":true,\"valueName\":\"search_term_string\"}}],\"inLanguage\":\"de\"}]}<\/script>\n<!-- \/ Yoast SEO plugin. -->","yoast_head_json":{"title":"March\u00e9 des Saveurs et foire agricole et foresti\u00e8re - Office du Tourisme de Jalhay Sart","robots":{"index":"index","follow":"follow","max-snippet":"max-snippet:-1","max-image-preview":"max-image-preview:large","max-video-preview":"max-video-preview:-1"},"canonical":"https:\/\/www.tourismejalhaysart.be\/de\/events\/marche-des-saveurs-et-une-foire-agricole-forestiere\/","og_locale":"de_DE","og_type":"article","og_title":"March\u00e9 des Saveurs et foire agricole et foresti\u00e8re - Office du Tourisme de Jalhay Sart","og_description":"Au programme de la journ\u00e9e d\u00e8s 13h: Foire agricole et foresti\u00e8re\u00a0avec de nombreux exposants de la r\u00e9gion. Concours de b\u00fbcheronnage\u00a0. March\u00e9 des saveurs\u00a0. Concours de minis b\u00fbcherons pour les enfants de 6 \u00e0 12 ans (inscription sur place). Exposition d\u2019animaux\u00a0. D\u00e9s 11h balade de vieux tracteurs dans notre belle commune. En esp\u00e9rant vous voir nombreux [&hellip;]","og_url":"https:\/\/www.tourismejalhaysart.be\/de\/events\/marche-des-saveurs-et-une-foire-agricole-forestiere\/","og_site_name":"Office du Tourisme de Jalhay Sart","article_modified_time":"2025-11-09T14:05:57+00:00","og_image":[{"url":"https:\/\/static.xx.fbcdn.net\/images\/emoji.php\/v9\/t70\/1\/16\/1f536.png","type":"","width":"","height":""}],"twitter_card":"summary_large_image","twitter_misc":{"Gesch\u00e4tzte Lesezeit":"4\u00a0Minuten"},"schema":{"@context":"https:\/\/schema.org","@graph":[{"@type":"WebPage","@id":"https:\/\/www.tourismejalhaysart.be\/de\/events\/marche-des-saveurs-et-une-foire-agricole-forestiere\/","url":"https:\/\/www.tourismejalhaysart.be\/de\/events\/marche-des-saveurs-et-une-foire-agricole-forestiere\/","name":"March\u00e9 des Saveurs et foire agricole et foresti\u00e8re - Office du Tourisme de Jalhay Sart","isPartOf":{"@id":"https:\/\/www.tourismejalhaysart.be\/de\/#website"},"primaryImageOfPage":{"@id":"https:\/\/www.tourismejalhaysart.be\/de\/events\/marche-des-saveurs-et-une-foire-agricole-forestiere\/#primaryimage"},"image":{"@id":"https:\/\/www.tourismejalhaysart.be\/de\/events\/marche-des-saveurs-et-une-foire-agricole-forestiere\/#primaryimage"},"thumbnailUrl":"https:\/\/static.xx.fbcdn.net\/images\/emoji.php\/v9\/t70\/1\/16\/1f536.png","datePublished":"2018-08-30T08:10:03+00:00","dateModified":"2025-11-09T14:05:57+00:00","breadcrumb":{"@id":"https:\/\/www.tourismejalhaysart.be\/de\/events\/marche-des-saveurs-et-une-foire-agricole-forestiere\/#breadcrumb"},"inLanguage":"de","potentialAction":[{"@type":"ReadAction","target":["https:\/\/www.tourismejalhaysart.be\/de\/events\/marche-des-saveurs-et-une-foire-agricole-forestiere\/"]}]},{"@type":"ImageObject","inLanguage":"de","@id":"https:\/\/www.tourismejalhaysart.be\/de\/events\/marche-des-saveurs-et-une-foire-agricole-forestiere\/#primaryimage","url":"https:\/\/static.xx.fbcdn.net\/images\/emoji.php\/v9\/t70\/1\/16\/1f536.png","contentUrl":"https:\/\/static.xx.fbcdn.net\/images\/emoji.php\/v9\/t70\/1\/16\/1f536.png"},{"@type":"BreadcrumbList","@id":"https:\/\/www.tourismejalhaysart.be\/de\/events\/marche-des-saveurs-et-une-foire-agricole-forestiere\/#breadcrumb","itemListElement":[{"@type":"ListItem","position":1,"name":"Accueil","item":"https:\/\/www.tourismejalhaysart.be\/de\/"},{"@type":"ListItem","position":2,"name":"Veranstaltungen","item":"https:\/\/www.tourismejalhaysart.be\/de\/agenda\/"},{"@type":"ListItem","position":3,"name":"March\u00e9 des Saveurs et foire agricole et foresti\u00e8re"}]},{"@type":"WebSite","@id":"https:\/\/www.tourismejalhaysart.be\/de\/#website","url":"https:\/\/www.tourismejalhaysart.be\/de\/","name":"Office du Tourisme de Jalhay Sart","description":"aux sources de la nature","potentialAction":[{"@type":"SearchAction","target":{"@type":"EntryPoint","urlTemplate":"https:\/\/www.tourismejalhaysart.be\/de\/?s={search_term_string}"},"query-input":{"@type":"PropertyValueSpecification","valueRequired":true,"valueName":"search_term_string"}}],"inLanguage":"de"}]}},"wpml_current_locale":"fr_FR","wpml_translations":[],"_links":{"self":[{"href":"https:\/\/www.tourismejalhaysart.be\/de\/wp-json\/wp\/v2\/events\/19558","targetHints":{"allow":["GET"]}}],"collection":[{"href":"https:\/\/www.tourismejalhaysart.be\/de\/wp-json\/wp\/v2\/events"}],"about":[{"href":"https:\/\/www.tourismejalhaysart.be\/de\/wp-json\/wp\/v2\/types\/events"}],"wp:attachment":[{"href":"https:\/\/www.tourismejalhaysart.be\/de\/wp-json\/wp\/v2\/media?parent=19558"}],"wp:term":[{"taxonomy":"calendars","embeddable":true,"href":"https:\/\/www.tourismejalhaysart.be\/de\/wp-json\/wp\/v2\/calendars?post=19558"},{"taxonomy":"categorie-agenda","embeddable":true,"href":"https:\/\/www.tourismejalhaysart.be\/de\/wp-json\/wp\/v2\/categorie-agenda?post=19558"},{"taxonomy":"venue","embeddable":true,"href":"https:\/\/www.tourismejalhaysart.be\/de\/wp-json\/wp\/v2\/venue?post=19558"},{"taxonomy":"organizer","embeddable":true,"href":"https:\/\/www.tourismejalhaysart.be\/de\/wp-json\/wp\/v2\/organizer?post=19558"}],"curies":[{"name":"wp","href":"https:\/\/api.w.org\/{rel}","templated":true}]}}