{"id":14824,"date":"2017-09-14T14:28:53","date_gmt":"2017-09-14T13:28:53","guid":{"rendered":"http:\/\/www.tourismejalhaysart.be\/events\/animation-du-cortege-du-laetare-de-sart\/"},"modified":"2026-01-18T12:12:40","modified_gmt":"2026-01-18T11:12:40","slug":"animation-du-cortege-du-laetare-de-sart","status":"publish","type":"events","link":"https:\/\/www.tourismejalhaysart.be\/de\/events\/animation-du-cortege-du-laetare-de-sart\/","title":{"rendered":"Cort\u00e8ge du Laetare de Sart et Ti\u00e8ge"},"content":{"rendered":"<div class=\"x11i5rnm xat24cr x1mh8g0r x1vvkbs xtlvy1s\">\n<div class=\"xdj266r x14z9mp xat24cr x1lziwak x1vvkbs\">Le Laetare Ti\u00e8ge &#8211; Sart revient pour son \u00e9dition 2026, une nouvelle fois haute en couleurs, en musique et en traditions !<br class=\"html-br\" \/>Pr\u00e9parez-vous \u00e0 vivre l\u2019un des rendez-vous festifs les plus attendus de l\u2019ann\u00e9e, o\u00f9 folklore, rivalit\u00e9 amicale et ambiance survolt\u00e9e se rencontrent.<\/div>\n<div class=\"x14z9mp xat24cr x1lziwak x1vvkbs xtlvy1s\"><span class=\"html-span xexx8yu xyri2b x18d9i69 x1c1uobl x1hl2dhg x16tdsg8 x1vvkbs x3nfvp2 x1j61x8r x1fcty0u xdj266r xat24cr xm2jcoa x1mpyi22 xxymvpz xlup9mm x1kky2od\"><img decoding=\"async\" class=\"xz74otr x15mokao x1ga7v0g x16uus16 xbiv7yw\" src=\"https:\/\/static.xx.fbcdn.net\/images\/emoji.php\/v9\/tae\/1\/16\/1f3ad.png\" alt=\"\ud83c\udfad\" width=\"16\" height=\"16\" \/><\/span>\u00a0LES CORT\u00c8GES DU MATIN<br class=\"html-br\" \/>D\u00e8s la matin\u00e9e, Ti\u00e8ge et Sart parcourront fi\u00e8rement leur village respectif :<br class=\"html-br\" \/><span class=\"html-span xexx8yu xyri2b x18d9i69 x1c1uobl x1hl2dhg x16tdsg8 x1vvkbs x3nfvp2 x1j61x8r x1fcty0u xdj266r xat24cr xm2jcoa x1mpyi22 xxymvpz xlup9mm x1kky2od\"><img decoding=\"async\" class=\"xz74otr x15mokao x1ga7v0g x16uus16 xbiv7yw\" src=\"https:\/\/static.xx.fbcdn.net\/images\/emoji.php\/v9\/tcc\/1\/16\/1f565.png\" alt=\"\ud83d\udd65\" width=\"16\" height=\"16\" \/><\/span>\u00a0Sart : d\u00e9part \u00e0 10h30.<br class=\"html-br\" \/><span class=\"html-span xexx8yu xyri2b x18d9i69 x1c1uobl x1hl2dhg x16tdsg8 x1vvkbs x3nfvp2 x1j61x8r x1fcty0u xdj266r xat24cr xm2jcoa x1mpyi22 xxymvpz xlup9mm x1kky2od\"><img decoding=\"async\" class=\"xz74otr x15mokao x1ga7v0g x16uus16 xbiv7yw\" src=\"https:\/\/static.xx.fbcdn.net\/images\/emoji.php\/v9\/tcc\/1\/16\/1f565.png\" alt=\"\ud83d\udd65\" width=\"16\" height=\"16\" \/><\/span>\u00a0Ti\u00e8ge : d\u00e9part \u00e0 10h45.<\/div>\n<div class=\"x14z9mp xat24cr x1lziwak x1vvkbs xtlvy1s\"><span class=\"html-span xexx8yu xyri2b x18d9i69 x1c1uobl x1hl2dhg x16tdsg8 x1vvkbs x3nfvp2 x1j61x8r x1fcty0u xdj266r xat24cr xm2jcoa x1mpyi22 xxymvpz xlup9mm x1kky2od\"><img decoding=\"async\" class=\"xz74otr x15mokao x1ga7v0g x16uus16 xbiv7yw\" src=\"https:\/\/static.xx.fbcdn.net\/images\/emoji.php\/v9\/tae\/1\/16\/1f3ad.png\" alt=\"\ud83c\udfad\" width=\"16\" height=\"16\" \/><\/span>\u00a0LE GRAND CORT\u00c8GE DE L\u2019APR\u00c8S-MIDI<br class=\"html-br\" \/><span class=\"html-span xexx8yu xyri2b x18d9i69 x1c1uobl x1hl2dhg x16tdsg8 x1vvkbs x3nfvp2 x1j61x8r x1fcty0u xdj266r xat24cr xm2jcoa x1mpyi22 xxymvpz xlup9mm x1kky2od\"><img decoding=\"async\" class=\"xz74otr x15mokao x1ga7v0g x16uus16 xbiv7yw\" src=\"https:\/\/static.xx.fbcdn.net\/images\/emoji.php\/v9\/t5b\/1\/16\/1f55c.png\" alt=\"\ud83d\udd5c\" width=\"16\" height=\"16\" \/><\/span>\u00a013h30 : chaque village prendra la route de son village rival, dans un esprit festif et bon enfant\u00a0<span class=\"html-span xexx8yu xyri2b x18d9i69 x1c1uobl x1hl2dhg x16tdsg8 x1vvkbs x3nfvp2 x1j61x8r x1fcty0u xdj266r xat24cr xm2jcoa x1mpyi22 xxymvpz xlup9mm x1kky2od\"><img decoding=\"async\" class=\"xz74otr x15mokao x1ga7v0g x16uus16 xbiv7yw\" src=\"https:\/\/static.xx.fbcdn.net\/images\/emoji.php\/v9\/tca\/1\/16\/1f3ba.png\" alt=\"\ud83c\udfba\" width=\"16\" height=\"16\" \/><\/span><span class=\"html-span xexx8yu xyri2b x18d9i69 x1c1uobl x1hl2dhg x16tdsg8 x1vvkbs x3nfvp2 x1j61x8r x1fcty0u xdj266r xat24cr xm2jcoa x1mpyi22 xxymvpz xlup9mm x1kky2od\"><img decoding=\"async\" class=\"xz74otr x15mokao x1ga7v0g x16uus16 xbiv7yw\" src=\"https:\/\/static.xx.fbcdn.net\/images\/emoji.php\/v9\/t8e\/1\/16\/1f941.png\" alt=\"\ud83e\udd41\" width=\"16\" height=\"16\" \/><\/span><br class=\"html-br\" \/><span class=\"html-span xexx8yu xyri2b x18d9i69 x1c1uobl x1hl2dhg x16tdsg8 x1vvkbs x3nfvp2 x1j61x8r x1fcty0u xdj266r xat24cr xm2jcoa x1mpyi22 xxymvpz xlup9mm x1kky2od\"><img decoding=\"async\" class=\"xz74otr x15mokao x1ga7v0g x16uus16 xbiv7yw\" src=\"https:\/\/static.xx.fbcdn.net\/images\/emoji.php\/v9\/tde\/1\/16\/1f55f.png\" alt=\"\ud83d\udd5f\" width=\"16\" height=\"16\" \/><\/span>\u00a016h15 : cort\u00e8ge de retour pour cl\u00f4turer ce moment fort de la journ\u00e9e.<\/div>\n<div class=\"x14z9mp xat24cr x1lziwak x1vvkbs xtlvy1s\"><span class=\"html-span xexx8yu xyri2b x18d9i69 x1c1uobl x1hl2dhg x16tdsg8 x1vvkbs x3nfvp2 x1j61x8r x1fcty0u xdj266r xat24cr xm2jcoa x1mpyi22 xxymvpz xlup9mm x1kky2od\"><img decoding=\"async\" class=\"xz74otr x15mokao x1ga7v0g x16uus16 xbiv7yw\" src=\"https:\/\/static.xx.fbcdn.net\/images\/emoji.php\/v9\/t51\/1\/16\/1f449.png\" alt=\"\ud83d\udc49\" width=\"16\" height=\"16\" \/><\/span>\u00a0L\u2019acc\u00e8s \u00e0 tous les cort\u00e8ges est enti\u00e8rement GRATUIT.<\/div>\n<div class=\"x14z9mp xat24cr x1lziwak x1vvkbs xtlvy1s\">\u2e3b<\/div>\n<div class=\"x14z9mp xat24cr x1lziwak x1vvkbs xtlvy1s\"><span class=\"html-span xexx8yu xyri2b x18d9i69 x1c1uobl x1hl2dhg x16tdsg8 x1vvkbs x3nfvp2 x1j61x8r x1fcty0u xdj266r xat24cr xm2jcoa x1mpyi22 xxymvpz xlup9mm x1kky2od\"><img decoding=\"async\" class=\"xz74otr x15mokao x1ga7v0g x16uus16 xbiv7yw\" src=\"https:\/\/static.xx.fbcdn.net\/images\/emoji.php\/v9\/t8e\/1\/16\/2139.png\" alt=\"\u2139\ufe0f\" width=\"16\" height=\"16\" \/><\/span><span class=\"html-span xexx8yu xyri2b x18d9i69 x1c1uobl x1hl2dhg x16tdsg8 x1vvkbs x3nfvp2 x1j61x8r x1fcty0u xdj266r xat24cr xm2jcoa x1mpyi22 xxymvpz xlup9mm x1kky2od\"><img decoding=\"async\" class=\"xz74otr x15mokao x1ga7v0g x16uus16 xbiv7yw\" src=\"https:\/\/static.xx.fbcdn.net\/images\/emoji.php\/v9\/t4c\/1\/16\/2753.png\" alt=\"\u2753\ufe0f\" width=\"16\" height=\"16\" \/><\/span>\u00a0TI\u00c8GE\u00a0<span class=\"html-span xexx8yu xyri2b x18d9i69 x1c1uobl x1hl2dhg x16tdsg8 x1vvkbs x3nfvp2 x1j61x8r x1fcty0u xdj266r xat24cr xm2jcoa x1mpyi22 xxymvpz xlup9mm x1kky2od\"><img decoding=\"async\" class=\"xz74otr x15mokao x1ga7v0g x16uus16 xbiv7yw\" src=\"https:\/\/static.xx.fbcdn.net\/images\/emoji.php\/v9\/t6c\/1\/16\/2764.png\" alt=\"\u2764\ufe0f\" width=\"16\" height=\"16\" \/><\/span><span class=\"html-span xexx8yu xyri2b x18d9i69 x1c1uobl x1hl2dhg x16tdsg8 x1vvkbs x3nfvp2 x1j61x8r x1fcty0u xdj266r xat24cr xm2jcoa x1mpyi22 xxymvpz xlup9mm x1kky2od\"><img decoding=\"async\" class=\"xz74otr x15mokao x1ga7v0g x16uus16 xbiv7yw\" src=\"https:\/\/static.xx.fbcdn.net\/images\/emoji.php\/v9\/tc5\/1\/16\/1f90d.png\" alt=\"\ud83e\udd0d\" width=\"16\" height=\"16\" \/><\/span>\u00a0<span class=\"html-span xexx8yu xyri2b x18d9i69 x1c1uobl x1hl2dhg x16tdsg8 x1vvkbs x3nfvp2 x1j61x8r x1fcty0u xdj266r xat24cr xm2jcoa x1mpyi22 xxymvpz xlup9mm x1kky2od\"><img decoding=\"async\" class=\"xz74otr x15mokao x1ga7v0g x16uus16 xbiv7yw\" src=\"https:\/\/static.xx.fbcdn.net\/images\/emoji.php\/v9\/t4c\/1\/16\/2753.png\" alt=\"\u2753\ufe0f\" width=\"16\" height=\"16\" \/><\/span><span class=\"html-span xexx8yu xyri2b x18d9i69 x1c1uobl x1hl2dhg x16tdsg8 x1vvkbs x3nfvp2 x1j61x8r x1fcty0u xdj266r xat24cr xm2jcoa x1mpyi22 xxymvpz xlup9mm x1kky2od\"><img decoding=\"async\" class=\"xz74otr x15mokao x1ga7v0g x16uus16 xbiv7yw\" src=\"https:\/\/static.xx.fbcdn.net\/images\/emoji.php\/v9\/t8e\/1\/16\/2139.png\" alt=\"\u2139\ufe0f\" width=\"16\" height=\"16\" \/><\/span><br class=\"html-br\" \/><span class=\"html-span xexx8yu xyri2b x18d9i69 x1c1uobl x1hl2dhg x16tdsg8 x1vvkbs x3nfvp2 x1j61x8r x1fcty0u xdj266r xat24cr xm2jcoa x1mpyi22 xxymvpz xlup9mm x1kky2od\"><img decoding=\"async\" class=\"xz74otr x15mokao x1ga7v0g x16uus16 xbiv7yw\" src=\"https:\/\/static.xx.fbcdn.net\/images\/emoji.php\/v9\/t6c\/1\/16\/2764.png\" alt=\"\u2764\" width=\"16\" height=\"16\" \/><\/span><span class=\"html-span xexx8yu xyri2b x18d9i69 x1c1uobl x1hl2dhg x16tdsg8 x1vvkbs x3nfvp2 x1j61x8r x1fcty0u xdj266r xat24cr xm2jcoa x1mpyi22 xxymvpz xlup9mm x1kky2od\"><img decoding=\"async\" class=\"xz74otr x15mokao x1ga7v0g x16uus16 xbiv7yw\" src=\"https:\/\/static.xx.fbcdn.net\/images\/emoji.php\/v9\/tc5\/1\/16\/1f90d.png\" alt=\"\ud83e\udd0d\" width=\"16\" height=\"16\" \/><\/span>\u00a0Ti\u00e8ge vous accueille comme il se doit !<br class=\"html-br\" \/>Situ\u00e9e en plein c\u0153ur du village, la Salle des Tilleuls sera ouverte tout au long de l\u2019apr\u00e8s-midi et de la soir\u00e9e pour c\u00e9l\u00e9brer le plus beau jour de l\u2019ann\u00e9e comme il se doit\u00a0<span class=\"html-span xexx8yu xyri2b x18d9i69 x1c1uobl x1hl2dhg x16tdsg8 x1vvkbs x3nfvp2 x1j61x8r x1fcty0u xdj266r xat24cr xm2jcoa x1mpyi22 xxymvpz xlup9mm x1kky2od\"><img decoding=\"async\" class=\"xz74otr x15mokao x1ga7v0g x16uus16 xbiv7yw\" src=\"https:\/\/static.xx.fbcdn.net\/images\/emoji.php\/v9\/t8c\/1\/16\/1f389.png\" alt=\"\ud83c\udf89\" width=\"16\" height=\"16\" \/><\/span>.<\/div>\n<div class=\"x14z9mp xat24cr x1lziwak x1vvkbs xtlvy1s\"><span class=\"html-span xexx8yu xyri2b x18d9i69 x1c1uobl x1hl2dhg x16tdsg8 x1vvkbs x3nfvp2 x1j61x8r x1fcty0u xdj266r xat24cr xm2jcoa x1mpyi22 xxymvpz xlup9mm x1kky2od\"><img decoding=\"async\" class=\"xz74otr x15mokao x1ga7v0g x16uus16 xbiv7yw\" src=\"https:\/\/static.xx.fbcdn.net\/images\/emoji.php\/v9\/ta3\/1\/16\/1f193.png\" alt=\"\ud83c\udd93\" width=\"16\" height=\"16\" \/><\/span>\u00a0Entr\u00e9e 100 % GRATUITE, SANS RESTRICTION, de l\u2019apr\u00e8s-midi jusque tard dans la nuit.<br class=\"html-br\" \/><span class=\"html-span xexx8yu xyri2b x18d9i69 x1c1uobl x1hl2dhg x16tdsg8 x1vvkbs x3nfvp2 x1j61x8r x1fcty0u xdj266r xat24cr xm2jcoa x1mpyi22 xxymvpz xlup9mm x1kky2od\"><img decoding=\"async\" class=\"xz74otr x15mokao x1ga7v0g x16uus16 xbiv7yw\" src=\"https:\/\/static.xx.fbcdn.net\/images\/emoji.php\/v9\/t53\/1\/16\/1f57a_1f3fc.png\" alt=\"\ud83d\udd7a\ud83c\udffc\" width=\"16\" height=\"16\" \/><\/span><span class=\"html-span xexx8yu xyri2b x18d9i69 x1c1uobl x1hl2dhg x16tdsg8 x1vvkbs x3nfvp2 x1j61x8r x1fcty0u xdj266r xat24cr xm2jcoa x1mpyi22 xxymvpz xlup9mm x1kky2od\"><img decoding=\"async\" class=\"xz74otr x15mokao x1ga7v0g x16uus16 xbiv7yw\" src=\"https:\/\/static.xx.fbcdn.net\/images\/emoji.php\/v9\/tc7\/1\/16\/1f483.png\" alt=\"\ud83d\udc83\" width=\"16\" height=\"16\" \/><\/span>\u00a0Ambiance DANTESQUE assur\u00e9e par DE-Sound, pr\u00eat \u00e0 faire vibrer le village.<br class=\"html-br\" \/><span class=\"html-span xexx8yu xyri2b x18d9i69 x1c1uobl x1hl2dhg x16tdsg8 x1vvkbs x3nfvp2 x1j61x8r x1fcty0u xdj266r xat24cr xm2jcoa x1mpyi22 xxymvpz xlup9mm x1kky2od\"><img decoding=\"async\" class=\"xz74otr x15mokao x1ga7v0g x16uus16 xbiv7yw\" src=\"https:\/\/static.xx.fbcdn.net\/images\/emoji.php\/v9\/t5c\/1\/16\/1f35f.png\" alt=\"\ud83c\udf5f\" width=\"16\" height=\"16\" \/><\/span><span class=\"html-span xexx8yu xyri2b x18d9i69 x1c1uobl x1hl2dhg x16tdsg8 x1vvkbs x3nfvp2 x1j61x8r x1fcty0u xdj266r xat24cr xm2jcoa x1mpyi22 xxymvpz xlup9mm x1kky2od\"><img decoding=\"async\" class=\"xz74otr x15mokao x1ga7v0g x16uus16 xbiv7yw\" src=\"https:\/\/static.xx.fbcdn.net\/images\/emoji.php\/v9\/t2a\/1\/16\/1f354.png\" alt=\"\ud83c\udf54\" width=\"16\" height=\"16\" \/><\/span>\u00a0Friterie Chez Fred pr\u00e9sente \u00e0 midi et en soir\u00e9e pour combler toutes les faims.<\/div>\n<div class=\"x14z9mp xat24cr x1lziwak x1vvkbs xtlvy1s\">\u2e3b<\/div>\n<div class=\"x14z9mp xat24cr x1lziwak x1vvkbs xtlvy1s\"><span class=\"html-span xexx8yu xyri2b x18d9i69 x1c1uobl x1hl2dhg x16tdsg8 x1vvkbs x3nfvp2 x1j61x8r x1fcty0u xdj266r xat24cr xm2jcoa x1mpyi22 xxymvpz xlup9mm x1kky2od\"><img decoding=\"async\" class=\"xz74otr x15mokao x1ga7v0g x16uus16 xbiv7yw\" src=\"https:\/\/static.xx.fbcdn.net\/images\/emoji.php\/v9\/t8e\/1\/16\/2139.png\" alt=\"\u2139\ufe0f\" width=\"16\" height=\"16\" \/><\/span><span class=\"html-span xexx8yu xyri2b x18d9i69 x1c1uobl x1hl2dhg x16tdsg8 x1vvkbs x3nfvp2 x1j61x8r x1fcty0u xdj266r xat24cr xm2jcoa x1mpyi22 xxymvpz xlup9mm x1kky2od\"><img decoding=\"async\" class=\"xz74otr x15mokao x1ga7v0g x16uus16 xbiv7yw\" src=\"https:\/\/static.xx.fbcdn.net\/images\/emoji.php\/v9\/t4c\/1\/16\/2753.png\" alt=\"\u2753\ufe0f\" width=\"16\" height=\"16\" \/><\/span>\u00a0\ud835\udc12\ud835\udc00\ud835\udc11\ud835\udc13\u00a0<span class=\"html-span xexx8yu xyri2b x18d9i69 x1c1uobl x1hl2dhg x16tdsg8 x1vvkbs x3nfvp2 x1j61x8r x1fcty0u xdj266r xat24cr xm2jcoa x1mpyi22 xxymvpz xlup9mm x1kky2od\"><img decoding=\"async\" class=\"xz74otr x15mokao x1ga7v0g x16uus16 xbiv7yw\" src=\"https:\/\/static.xx.fbcdn.net\/images\/emoji.php\/v9\/t6c\/1\/16\/1f499.png\" alt=\"\ud83d\udc99\" width=\"16\" height=\"16\" \/><\/span><span class=\"html-span xexx8yu xyri2b x18d9i69 x1c1uobl x1hl2dhg x16tdsg8 x1vvkbs x3nfvp2 x1j61x8r x1fcty0u xdj266r xat24cr xm2jcoa x1mpyi22 xxymvpz xlup9mm x1kky2od\"><img decoding=\"async\" class=\"xz74otr x15mokao x1ga7v0g x16uus16 xbiv7yw\" src=\"https:\/\/static.xx.fbcdn.net\/images\/emoji.php\/v9\/tc5\/1\/16\/1f90d.png\" alt=\"\ud83e\udd0d\" width=\"16\" height=\"16\" \/><\/span>\u00a0<span class=\"html-span xexx8yu xyri2b x18d9i69 x1c1uobl x1hl2dhg x16tdsg8 x1vvkbs x3nfvp2 x1j61x8r x1fcty0u xdj266r xat24cr xm2jcoa x1mpyi22 xxymvpz xlup9mm x1kky2od\"><img decoding=\"async\" class=\"xz74otr x15mokao x1ga7v0g x16uus16 xbiv7yw\" src=\"https:\/\/static.xx.fbcdn.net\/images\/emoji.php\/v9\/t4c\/1\/16\/2753.png\" alt=\"\u2753\ufe0f\" width=\"16\" height=\"16\" \/><\/span><span class=\"html-span xexx8yu xyri2b x18d9i69 x1c1uobl x1hl2dhg x16tdsg8 x1vvkbs x3nfvp2 x1j61x8r x1fcty0u xdj266r xat24cr xm2jcoa x1mpyi22 xxymvpz xlup9mm x1kky2od\"><img decoding=\"async\" class=\"xz74otr x15mokao x1ga7v0g x16uus16 xbiv7yw\" src=\"https:\/\/static.xx.fbcdn.net\/images\/emoji.php\/v9\/t8e\/1\/16\/2139.png\" alt=\"\u2139\ufe0f\" width=\"16\" height=\"16\" \/><\/span><br class=\"html-br\" \/><span class=\"html-span xexx8yu xyri2b x18d9i69 x1c1uobl x1hl2dhg x16tdsg8 x1vvkbs x3nfvp2 x1j61x8r x1fcty0u xdj266r xat24cr xm2jcoa x1mpyi22 xxymvpz xlup9mm x1kky2od\"><img decoding=\"async\" class=\"xz74otr x15mokao x1ga7v0g x16uus16 xbiv7yw\" src=\"https:\/\/static.xx.fbcdn.net\/images\/emoji.php\/v9\/t3\/1\/16\/1f3a9.png\" alt=\"\ud83c\udfa9\" width=\"16\" height=\"16\" \/><\/span>\u00a0La salle \ud835\udc0b\ud835\udc1a \ud835\udc06\ud835\udc2b\ud835\udc1a\ud835\udc27\ud835\udc20\ud835\udc1e, \u00e0 \ud835\udc12\ud835\udc1a\ud835\udc2b\ud835\udc2d, sera ouverte de 10h00 \u00e0 17h00 sans restriction.<br class=\"html-br\" \/><span class=\"html-span xexx8yu xyri2b x18d9i69 x1c1uobl x1hl2dhg x16tdsg8 x1vvkbs x3nfvp2 x1j61x8r x1fcty0u xdj266r xat24cr xm2jcoa x1mpyi22 xxymvpz xlup9mm x1kky2od\"><img decoding=\"async\" class=\"xz74otr x15mokao x1ga7v0g x16uus16 xbiv7yw\" src=\"https:\/\/static.xx.fbcdn.net\/images\/emoji.php\/v9\/t3\/1\/16\/1f380.png\" alt=\"\ud83c\udf80\" width=\"16\" height=\"16\" \/><\/span>\u00a0\u00c0 partir de 17h00, un bracelet, achet\u00e9 et retir\u00e9 au pr\u00e9alable dans les commerces sera n\u00e9cessaire pour entrer dans la salle.<\/div>\n<div class=\"x14z9mp xat24cr x1lziwak x1vvkbs xtlvy1s\">Les bracelets seront bient\u00f4t disponibles aupr\u00e8s de nos collaborateurs repris ci-dessous:<br class=\"html-br\" \/><span class=\"html-span xexx8yu xyri2b x18d9i69 x1c1uobl x1hl2dhg x16tdsg8 x1vvkbs x3nfvp2 x1j61x8r x1fcty0u xdj266r xat24cr xm2jcoa x1mpyi22 xxymvpz xlup9mm x1kky2od\"><img decoding=\"async\" class=\"xz74otr x15mokao x1ga7v0g x16uus16 xbiv7yw\" src=\"https:\/\/static.xx.fbcdn.net\/images\/emoji.php\/v9\/t2d\/1\/16\/1f4cd.png\" alt=\"\ud83d\udccd\" width=\"16\" height=\"16\" \/><\/span>\u00a0L&#8217;office du Tourisme Sart-Jalhay.<br class=\"html-br\" \/>Place du March\u00e9 242, 4845 Sart-lez-Spa.<br class=\"html-br\" \/><span class=\"html-span xexx8yu xyri2b x18d9i69 x1c1uobl x1hl2dhg x16tdsg8 x1vvkbs x3nfvp2 x1j61x8r x1fcty0u xdj266r xat24cr xm2jcoa x1mpyi22 xxymvpz xlup9mm x1kky2od\"><img decoding=\"async\" class=\"xz74otr x15mokao x1ga7v0g x16uus16 xbiv7yw\" src=\"https:\/\/static.xx.fbcdn.net\/images\/emoji.php\/v9\/tb7\/1\/16\/23f3.png\" alt=\"\u23f3\" width=\"16\" height=\"16\" \/><\/span>\u00a0Horaire: mercredi : 13h00 &#8211; 17h30 | jeudi \u00e0 dimanche : 09h00 \u00e0 12h30 et 13h00 \u00e0 17h30.<br class=\"html-br\" \/><span class=\"html-span xexx8yu xyri2b x18d9i69 x1c1uobl x1hl2dhg x16tdsg8 x1vvkbs x3nfvp2 x1j61x8r x1fcty0u xdj266r xat24cr xm2jcoa x1mpyi22 xxymvpz xlup9mm x1kky2od\"><img decoding=\"async\" class=\"xz74otr x15mokao x1ga7v0g x16uus16 xbiv7yw\" src=\"https:\/\/static.xx.fbcdn.net\/images\/emoji.php\/v9\/t2d\/1\/16\/1f4cd.png\" alt=\"\ud83d\udccd\" width=\"16\" height=\"16\" \/><\/span>\u00a0La Press&#8217; Gourmande.<br class=\"html-br\" \/>Ti\u00e8ge 76, 4845 Jalhay.<br class=\"html-br\" \/><span class=\"html-span xexx8yu xyri2b x18d9i69 x1c1uobl x1hl2dhg x16tdsg8 x1vvkbs x3nfvp2 x1j61x8r x1fcty0u xdj266r xat24cr xm2jcoa x1mpyi22 xxymvpz xlup9mm x1kky2od\"><img decoding=\"async\" class=\"xz74otr x15mokao x1ga7v0g x16uus16 xbiv7yw\" src=\"https:\/\/static.xx.fbcdn.net\/images\/emoji.php\/v9\/tb7\/1\/16\/23f3.png\" alt=\"\u23f3\" width=\"16\" height=\"16\" \/><\/span>\u00a0Horaire: lundi : 06h30 &#8211; 14h00 | mardi \u00e0 vendredi: 06h30 \u00e0 18h00 | samedi : 07h00 \u00e0 18h00 | dimanche : 07h00 \u00e0 16h00.<br class=\"html-br\" \/><span class=\"html-span xexx8yu xyri2b x18d9i69 x1c1uobl x1hl2dhg x16tdsg8 x1vvkbs x3nfvp2 x1j61x8r x1fcty0u xdj266r xat24cr xm2jcoa x1mpyi22 xxymvpz xlup9mm x1kky2od\"><img decoding=\"async\" class=\"xz74otr x15mokao x1ga7v0g x16uus16 xbiv7yw\" src=\"https:\/\/static.xx.fbcdn.net\/images\/emoji.php\/v9\/t2d\/1\/16\/1f4cd.png\" alt=\"\ud83d\udccd\" width=\"16\" height=\"16\" \/><\/span>La Station du Rond-point \u2014 Ets Goffin.<br class=\"html-br\" \/>Av. Jean Gouders 118, 4845 Jalhay<br class=\"html-br\" \/><span class=\"html-span xexx8yu xyri2b x18d9i69 x1c1uobl x1hl2dhg x16tdsg8 x1vvkbs x3nfvp2 x1j61x8r x1fcty0u xdj266r xat24cr xm2jcoa x1mpyi22 xxymvpz xlup9mm x1kky2od\"><img decoding=\"async\" class=\"xz74otr x15mokao x1ga7v0g x16uus16 xbiv7yw\" src=\"https:\/\/static.xx.fbcdn.net\/images\/emoji.php\/v9\/tb7\/1\/16\/23f3.png\" alt=\"\u23f3\" width=\"16\" height=\"16\" \/><\/span>\u00a0Horaire: lundi \u00e0 vendredi : 06h30 \u00e0 20h00 | samedi : 07h30 \u00e0 19h00 | dimanche : 09h00 \u00e0 17h00.<\/div>\n<div class=\"x14z9mp xat24cr x1lziwak x1vvkbs xtlvy1s\"><span class=\"html-span xexx8yu xyri2b x18d9i69 x1c1uobl x1hl2dhg x16tdsg8 x1vvkbs x3nfvp2 x1j61x8r x1fcty0u xdj266r xat24cr xm2jcoa x1mpyi22 xxymvpz xlup9mm x1kky2od\"><img decoding=\"async\" class=\"xz74otr x15mokao x1ga7v0g x16uus16 xbiv7yw\" src=\"https:\/\/static.xx.fbcdn.net\/images\/emoji.php\/v9\/tca\/1\/16\/1f3ba.png\" alt=\"\ud83c\udfba\" width=\"16\" height=\"16\" \/><\/span>\u00a0\ud835\udc05\ud835\udc1a\ud835\udc27\ud835\udc1f\ud835\udc1a\ud835\udc2b\ud835\udc1e\ud835\udc2c &amp; \ud835\udc01\ud835\udc1a\ud835\udc27\ud835\udc1d\ud835\udc1a\ud835\udc2c dans la Salle du bas de 18h00 \u00e0 22h30.<br class=\"html-br\" \/><span class=\"html-span xexx8yu xyri2b x18d9i69 x1c1uobl x1hl2dhg x16tdsg8 x1vvkbs x3nfvp2 x1j61x8r x1fcty0u xdj266r xat24cr xm2jcoa x1mpyi22 xxymvpz xlup9mm x1kky2od\"><img decoding=\"async\" class=\"xz74otr x15mokao x1ga7v0g x16uus16 xbiv7yw\" src=\"https:\/\/static.xx.fbcdn.net\/images\/emoji.php\/v9\/tca\/1\/16\/1f3ba.png\" alt=\"\ud83c\udfba\" width=\"16\" height=\"16\" \/><\/span>\u00a0\ud835\udc12\ud835\udc1e\ud835\udc27\ud835\udc2c \ud835\udc08\ud835\udc27\ud835\udc2d\ud835\udc1e\ud835\udc2b\ud835\udc1d\ud835\udc22\ud835\udc2d dans la Salle du haut de 17h00 \u00e0 01h00.<\/div>\n<div class=\"x14z9mp xat24cr x1lziwak x1vvkbs xtlvy1s\">\u2e3b<br class=\"html-br\" \/>Plus d\u2019infos ? Contactez les organisateurs.<br class=\"html-br\" \/><span class=\"html-span xexx8yu xyri2b x18d9i69 x1c1uobl x1hl2dhg x16tdsg8 x1vvkbs x3nfvp2 x1j61x8r x1fcty0u xdj266r xat24cr xm2jcoa x1mpyi22 xxymvpz xlup9mm x1kky2od\"><img decoding=\"async\" class=\"xz74otr x15mokao x1ga7v0g x16uus16 xbiv7yw\" src=\"https:\/\/static.xx.fbcdn.net\/images\/emoji.php\/v9\/t51\/1\/16\/1f449.png\" alt=\"\ud83d\udc49\" width=\"16\" height=\"16\" \/><\/span>\u00a0Jeunesse Ti\u00e9geoise :\u00a0<a class=\"x1i10hfl xjbqb8w x1ejq31n x18oe1m7 x1sy0etr xstzfhl x972fbf x10w94by x1qhh985 x14e42zd x9f619 x1ypdohk xt0psk2 x3ct3a4 xdj266r x14z9mp xat24cr x1lziwak xexx8yu xyri2b x18d9i69 x1c1uobl x16tdsg8 x1hl2dhg xggy1nq x1a2a7pz xkrqix3 x1sur9pj xzsf02u x1s688f\" tabindex=\"0\" role=\"link\" href=\"https:\/\/www.facebook.com\/jeunessetiegeoise?__cft__[0]=AZZfS4fCmMxVsE3CLiOPWLSGlQI0nnIvBSaysc2pXERyJzEmH2DEshJIAYUjneMNYeKPm9Ffo14YyaJNar1ZOykO0bxoAVGP7zjd3KhM0rGbJ8kZ4lXQlLNVTf0K8kCsvgAjtPUlts0RsrWDErjsD2DA&amp;__tn__=q\"><span class=\"xt0psk2\"><span class=\"xjp7ctv\">https:\/\/www.facebook.com\/jeunessetiegeoise<\/span><\/span><\/a><br class=\"html-br\" \/><span class=\"html-span xexx8yu xyri2b x18d9i69 x1c1uobl x1hl2dhg x16tdsg8 x1vvkbs x3nfvp2 x1j61x8r x1fcty0u xdj266r xat24cr xm2jcoa x1mpyi22 xxymvpz xlup9mm x1kky2od\"><img decoding=\"async\" class=\"xz74otr x15mokao x1ga7v0g x16uus16 xbiv7yw\" src=\"https:\/\/static.xx.fbcdn.net\/images\/emoji.php\/v9\/t51\/1\/16\/1f449.png\" alt=\"\ud83d\udc49\" width=\"16\" height=\"16\" \/><\/span>\u00a0Jeunesse Sartoise :\u00a0<a class=\"x1i10hfl xjbqb8w x1ejq31n x18oe1m7 x1sy0etr xstzfhl x972fbf x10w94by x1qhh985 x14e42zd x9f619 x1ypdohk xt0psk2 x3ct3a4 xdj266r x14z9mp xat24cr x1lziwak xexx8yu xyri2b x18d9i69 x1c1uobl x16tdsg8 x1hl2dhg xggy1nq x1a2a7pz xkrqix3 x1sur9pj xzsf02u x1s688f\" tabindex=\"0\" role=\"link\" href=\"https:\/\/www.facebook.com\/jeunessesartoise1980?__cft__[0]=AZZfS4fCmMxVsE3CLiOPWLSGlQI0nnIvBSaysc2pXERyJzEmH2DEshJIAYUjneMNYeKPm9Ffo14YyaJNar1ZOykO0bxoAVGP7zjd3KhM0rGbJ8kZ4lXQlLNVTf0K8kCsvgAjtPUlts0RsrWDErjsD2DA&amp;__tn__=q\"><span class=\"xt0psk2\"><span class=\"xjp7ctv\">https:\/\/www.facebook.com\/jeunessesartoise1980<\/span><\/span><\/a><\/div>\n<\/div>\n<div><\/div>\n<div><img decoding=\"async\" class=\"alignnone wp-image-45370\" src=\"https:\/\/www.tourismejalhaysart.be\/wp-content\/uploads\/2025\/07\/LABEL-PATRIMOINE-IMMATERIEL-50x70-BORD-214x300.jpg\" alt=\"\" width=\"187\" height=\"262\" srcset=\"https:\/\/www.tourismejalhaysart.be\/wp-content\/uploads\/2025\/07\/LABEL-PATRIMOINE-IMMATERIEL-50x70-BORD-214x300.jpg 214w, https:\/\/www.tourismejalhaysart.be\/wp-content\/uploads\/2025\/07\/LABEL-PATRIMOINE-IMMATERIEL-50x70-BORD-731x1024.jpg 731w\" sizes=\"(max-width: 187px) 100vw, 187px\" \/><\/div>\n","protected":false},"featured_media":46918,"parent":0,"template":"","calendars":[],"categorie-agenda":[1140,1150],"venue":[],"organizer":[537,516],"class_list":["post-14824","events","type-events","status-publish","has-post-thumbnail","hentry","categorie-agenda-anderen","categorie-agenda-events-de","organizer-asbl-jeunesse-sartoise-de","organizer-les-amis-reunis-de"],"acf":[],"yoast_head":"<!-- This site is optimized with the Yoast SEO plugin v27.5 - https:\/\/yoast.com\/product\/yoast-seo-wordpress\/ -->\n<title>Cort\u00e8ge du Laetare de Sart et Ti\u00e8ge - Office du Tourisme de Jalhay Sart<\/title>\n<meta name=\"robots\" content=\"index, follow, max-snippet:-1, max-image-preview:large, max-video-preview:-1\" \/>\n<link rel=\"canonical\" href=\"https:\/\/www.tourismejalhaysart.be\/de\/events\/animation-du-cortege-du-laetare-de-sart\/\" \/>\n<meta property=\"og:locale\" content=\"de_DE\" \/>\n<meta property=\"og:type\" content=\"article\" \/>\n<meta property=\"og:title\" content=\"Cort\u00e8ge du Laetare de Sart et Ti\u00e8ge - Office du Tourisme de Jalhay Sart\" \/>\n<meta property=\"og:description\" content=\"Le Laetare Ti\u00e8ge &#8211; Sart revient pour son \u00e9dition 2026, une nouvelle fois haute en couleurs, en musique et en traditions !Pr\u00e9parez-vous \u00e0 vivre l\u2019un des rendez-vous festifs les plus attendus de l\u2019ann\u00e9e, o\u00f9 folklore, rivalit\u00e9 amicale et ambiance survolt\u00e9e se rencontrent. \u00a0LES CORT\u00c8GES DU MATIND\u00e8s la matin\u00e9e, Ti\u00e8ge et Sart parcourront fi\u00e8rement leur village [&hellip;]\" \/>\n<meta property=\"og:url\" content=\"https:\/\/www.tourismejalhaysart.be\/de\/events\/animation-du-cortege-du-laetare-de-sart\/\" \/>\n<meta property=\"og:site_name\" content=\"Office du Tourisme de Jalhay Sart\" \/>\n<meta property=\"article:modified_time\" content=\"2026-01-18T11:12:40+00:00\" \/>\n<meta property=\"og:image\" content=\"https:\/\/www.tourismejalhaysart.be\/wp-content\/uploads\/2017\/09\/Messenger_creation_89006837-54C7-4B43-B368-828C50C27DBE.jpeg\" \/>\n\t<meta property=\"og:image:width\" content=\"2048\" \/>\n\t<meta property=\"og:image:height\" content=\"1536\" \/>\n\t<meta property=\"og:image:type\" content=\"image\/jpeg\" \/>\n<meta name=\"twitter:card\" content=\"summary_large_image\" \/>\n<meta name=\"twitter:label1\" content=\"Gesch\u00e4tzte Lesezeit\" \/>\n\t<meta name=\"twitter:data1\" content=\"2\u00a0Minuten\" \/>\n<script type=\"application\/ld+json\" class=\"yoast-schema-graph\">{\"@context\":\"https:\\\/\\\/schema.org\",\"@graph\":[{\"@type\":\"WebPage\",\"@id\":\"https:\\\/\\\/www.tourismejalhaysart.be\\\/de\\\/events\\\/animation-du-cortege-du-laetare-de-sart\\\/\",\"url\":\"https:\\\/\\\/www.tourismejalhaysart.be\\\/de\\\/events\\\/animation-du-cortege-du-laetare-de-sart\\\/\",\"name\":\"Cort\u00e8ge du Laetare de Sart et Ti\u00e8ge - Office du Tourisme de Jalhay Sart\",\"isPartOf\":{\"@id\":\"https:\\\/\\\/www.tourismejalhaysart.be\\\/de\\\/#website\"},\"primaryImageOfPage\":{\"@id\":\"https:\\\/\\\/www.tourismejalhaysart.be\\\/de\\\/events\\\/animation-du-cortege-du-laetare-de-sart\\\/#primaryimage\"},\"image\":{\"@id\":\"https:\\\/\\\/www.tourismejalhaysart.be\\\/de\\\/events\\\/animation-du-cortege-du-laetare-de-sart\\\/#primaryimage\"},\"thumbnailUrl\":\"https:\\\/\\\/www.tourismejalhaysart.be\\\/wp-content\\\/uploads\\\/2017\\\/09\\\/Messenger_creation_89006837-54C7-4B43-B368-828C50C27DBE.jpeg\",\"datePublished\":\"2017-09-14T13:28:53+00:00\",\"dateModified\":\"2026-01-18T11:12:40+00:00\",\"breadcrumb\":{\"@id\":\"https:\\\/\\\/www.tourismejalhaysart.be\\\/de\\\/events\\\/animation-du-cortege-du-laetare-de-sart\\\/#breadcrumb\"},\"inLanguage\":\"de\",\"potentialAction\":[{\"@type\":\"ReadAction\",\"target\":[\"https:\\\/\\\/www.tourismejalhaysart.be\\\/de\\\/events\\\/animation-du-cortege-du-laetare-de-sart\\\/\"]}]},{\"@type\":\"ImageObject\",\"inLanguage\":\"de\",\"@id\":\"https:\\\/\\\/www.tourismejalhaysart.be\\\/de\\\/events\\\/animation-du-cortege-du-laetare-de-sart\\\/#primaryimage\",\"url\":\"https:\\\/\\\/www.tourismejalhaysart.be\\\/wp-content\\\/uploads\\\/2017\\\/09\\\/Messenger_creation_89006837-54C7-4B43-B368-828C50C27DBE.jpeg\",\"contentUrl\":\"https:\\\/\\\/www.tourismejalhaysart.be\\\/wp-content\\\/uploads\\\/2017\\\/09\\\/Messenger_creation_89006837-54C7-4B43-B368-828C50C27DBE.jpeg\",\"width\":2048,\"height\":1536},{\"@type\":\"BreadcrumbList\",\"@id\":\"https:\\\/\\\/www.tourismejalhaysart.be\\\/de\\\/events\\\/animation-du-cortege-du-laetare-de-sart\\\/#breadcrumb\",\"itemListElement\":[{\"@type\":\"ListItem\",\"position\":1,\"name\":\"Accueil\",\"item\":\"https:\\\/\\\/www.tourismejalhaysart.be\\\/de\\\/\"},{\"@type\":\"ListItem\",\"position\":2,\"name\":\"Veranstaltungen\",\"item\":\"https:\\\/\\\/www.tourismejalhaysart.be\\\/de\\\/agenda\\\/\"},{\"@type\":\"ListItem\",\"position\":3,\"name\":\"Cort\u00e8ge du Laetare de Sart et Ti\u00e8ge\"}]},{\"@type\":\"WebSite\",\"@id\":\"https:\\\/\\\/www.tourismejalhaysart.be\\\/de\\\/#website\",\"url\":\"https:\\\/\\\/www.tourismejalhaysart.be\\\/de\\\/\",\"name\":\"Office du Tourisme de Jalhay Sart\",\"description\":\"aux sources de la nature\",\"potentialAction\":[{\"@type\":\"SearchAction\",\"target\":{\"@type\":\"EntryPoint\",\"urlTemplate\":\"https:\\\/\\\/www.tourismejalhaysart.be\\\/de\\\/?s={search_term_string}\"},\"query-input\":{\"@type\":\"PropertyValueSpecification\",\"valueRequired\":true,\"valueName\":\"search_term_string\"}}],\"inLanguage\":\"de\"}]}<\/script>\n<!-- \/ Yoast SEO plugin. -->","yoast_head_json":{"title":"Cort\u00e8ge du Laetare de Sart et Ti\u00e8ge - Office du Tourisme de Jalhay Sart","robots":{"index":"index","follow":"follow","max-snippet":"max-snippet:-1","max-image-preview":"max-image-preview:large","max-video-preview":"max-video-preview:-1"},"canonical":"https:\/\/www.tourismejalhaysart.be\/de\/events\/animation-du-cortege-du-laetare-de-sart\/","og_locale":"de_DE","og_type":"article","og_title":"Cort\u00e8ge du Laetare de Sart et Ti\u00e8ge - Office du Tourisme de Jalhay Sart","og_description":"Le Laetare Ti\u00e8ge &#8211; Sart revient pour son \u00e9dition 2026, une nouvelle fois haute en couleurs, en musique et en traditions !Pr\u00e9parez-vous \u00e0 vivre l\u2019un des rendez-vous festifs les plus attendus de l\u2019ann\u00e9e, o\u00f9 folklore, rivalit\u00e9 amicale et ambiance survolt\u00e9e se rencontrent. \u00a0LES CORT\u00c8GES DU MATIND\u00e8s la matin\u00e9e, Ti\u00e8ge et Sart parcourront fi\u00e8rement leur village [&hellip;]","og_url":"https:\/\/www.tourismejalhaysart.be\/de\/events\/animation-du-cortege-du-laetare-de-sart\/","og_site_name":"Office du Tourisme de Jalhay Sart","article_modified_time":"2026-01-18T11:12:40+00:00","og_image":[{"width":2048,"height":1536,"url":"https:\/\/www.tourismejalhaysart.be\/wp-content\/uploads\/2017\/09\/Messenger_creation_89006837-54C7-4B43-B368-828C50C27DBE.jpeg","type":"image\/jpeg"}],"twitter_card":"summary_large_image","twitter_misc":{"Gesch\u00e4tzte Lesezeit":"2\u00a0Minuten"},"schema":{"@context":"https:\/\/schema.org","@graph":[{"@type":"WebPage","@id":"https:\/\/www.tourismejalhaysart.be\/de\/events\/animation-du-cortege-du-laetare-de-sart\/","url":"https:\/\/www.tourismejalhaysart.be\/de\/events\/animation-du-cortege-du-laetare-de-sart\/","name":"Cort\u00e8ge du Laetare de Sart et Ti\u00e8ge - Office du Tourisme de Jalhay Sart","isPartOf":{"@id":"https:\/\/www.tourismejalhaysart.be\/de\/#website"},"primaryImageOfPage":{"@id":"https:\/\/www.tourismejalhaysart.be\/de\/events\/animation-du-cortege-du-laetare-de-sart\/#primaryimage"},"image":{"@id":"https:\/\/www.tourismejalhaysart.be\/de\/events\/animation-du-cortege-du-laetare-de-sart\/#primaryimage"},"thumbnailUrl":"https:\/\/www.tourismejalhaysart.be\/wp-content\/uploads\/2017\/09\/Messenger_creation_89006837-54C7-4B43-B368-828C50C27DBE.jpeg","datePublished":"2017-09-14T13:28:53+00:00","dateModified":"2026-01-18T11:12:40+00:00","breadcrumb":{"@id":"https:\/\/www.tourismejalhaysart.be\/de\/events\/animation-du-cortege-du-laetare-de-sart\/#breadcrumb"},"inLanguage":"de","potentialAction":[{"@type":"ReadAction","target":["https:\/\/www.tourismejalhaysart.be\/de\/events\/animation-du-cortege-du-laetare-de-sart\/"]}]},{"@type":"ImageObject","inLanguage":"de","@id":"https:\/\/www.tourismejalhaysart.be\/de\/events\/animation-du-cortege-du-laetare-de-sart\/#primaryimage","url":"https:\/\/www.tourismejalhaysart.be\/wp-content\/uploads\/2017\/09\/Messenger_creation_89006837-54C7-4B43-B368-828C50C27DBE.jpeg","contentUrl":"https:\/\/www.tourismejalhaysart.be\/wp-content\/uploads\/2017\/09\/Messenger_creation_89006837-54C7-4B43-B368-828C50C27DBE.jpeg","width":2048,"height":1536},{"@type":"BreadcrumbList","@id":"https:\/\/www.tourismejalhaysart.be\/de\/events\/animation-du-cortege-du-laetare-de-sart\/#breadcrumb","itemListElement":[{"@type":"ListItem","position":1,"name":"Accueil","item":"https:\/\/www.tourismejalhaysart.be\/de\/"},{"@type":"ListItem","position":2,"name":"Veranstaltungen","item":"https:\/\/www.tourismejalhaysart.be\/de\/agenda\/"},{"@type":"ListItem","position":3,"name":"Cort\u00e8ge du Laetare de Sart et Ti\u00e8ge"}]},{"@type":"WebSite","@id":"https:\/\/www.tourismejalhaysart.be\/de\/#website","url":"https:\/\/www.tourismejalhaysart.be\/de\/","name":"Office du Tourisme de Jalhay Sart","description":"aux sources de la nature","potentialAction":[{"@type":"SearchAction","target":{"@type":"EntryPoint","urlTemplate":"https:\/\/www.tourismejalhaysart.be\/de\/?s={search_term_string}"},"query-input":{"@type":"PropertyValueSpecification","valueRequired":true,"valueName":"search_term_string"}}],"inLanguage":"de"}]}},"wpml_current_locale":"de_DE","wpml_translations":[],"_links":{"self":[{"href":"https:\/\/www.tourismejalhaysart.be\/de\/wp-json\/wp\/v2\/events\/14824","targetHints":{"allow":["GET"]}}],"collection":[{"href":"https:\/\/www.tourismejalhaysart.be\/de\/wp-json\/wp\/v2\/events"}],"about":[{"href":"https:\/\/www.tourismejalhaysart.be\/de\/wp-json\/wp\/v2\/types\/events"}],"wp:featuredmedia":[{"embeddable":true,"href":"https:\/\/www.tourismejalhaysart.be\/de\/wp-json\/wp\/v2\/media\/46918"}],"wp:attachment":[{"href":"https:\/\/www.tourismejalhaysart.be\/de\/wp-json\/wp\/v2\/media?parent=14824"}],"wp:term":[{"taxonomy":"calendars","embeddable":true,"href":"https:\/\/www.tourismejalhaysart.be\/de\/wp-json\/wp\/v2\/calendars?post=14824"},{"taxonomy":"categorie-agenda","embeddable":true,"href":"https:\/\/www.tourismejalhaysart.be\/de\/wp-json\/wp\/v2\/categorie-agenda?post=14824"},{"taxonomy":"venue","embeddable":true,"href":"https:\/\/www.tourismejalhaysart.be\/de\/wp-json\/wp\/v2\/venue?post=14824"},{"taxonomy":"organizer","embeddable":true,"href":"https:\/\/www.tourismejalhaysart.be\/de\/wp-json\/wp\/v2\/organizer?post=14824"}],"curies":[{"name":"wp","href":"https:\/\/api.w.org\/{rel}","templated":true}]}}