{"id":31777,"date":"2018-04-27T14:48:28","date_gmt":"2018-04-27T13:48:28","guid":{"rendered":"https:\/\/www.tourismejalhaysart.be\/dormir\/au-coin-des-fagnes\/"},"modified":"2024-07-12T14:40:02","modified_gmt":"2024-07-12T13:40:02","slug":"au-coin-des-fagnes","status":"publish","type":"dormir","link":"https:\/\/www.tourismejalhaysart.be\/de\/aufenthalt\/wo-schlafen\/au-coin-des-fagnes\/","title":{"rendered":"Coin des Fagnes"},"content":{"rendered":"<p>Die l\u00e4ndliche Unterkunft &#8220;Coin des Fagnes&#8221;, eingerichtet im 1. Stock im ehemaligen Heuboden, in einem renovierten, \u00fcber 250 Jahre alten Bauernhof. Sie befindet sich am Fu\u00dfe des Hohen Venns und in der Gemeinde Jalhay. Wir bieten Ihnen eine Unterkunft f\u00fcr 6 Personen in einer bukolischen und stressfreien Umgebung. Dieses kleine St\u00fcck Paradies k\u00f6nnen Sie mit der Familie oder mit Freunden f\u00fcr einen geselligen Aufenthalt teilen. Es bietet Ihnen eine herrliche Natur, in der es von Aktivit\u00e4ten aller Art nur so wimmelt. F\u00fcr Reiter gibt es 6 Pferdeboxen, eine Reitbahn und Paddocks (Vorsicht bei Allergien!!).<\/p>\n","protected":false},"excerpt":{"rendered":"<p>Petit coin de paradis pour un s\u00e9jour convivial en famille ou entre amis.<\/p>\n","protected":false},"featured_media":17829,"template":"","class_list":["post-31777","dormir","type-dormir","status-publish","has-post-thumbnail","hentry"],"acf":{"adresse_fiche":{"lat":50.5428945,"lng":5.968876099999989,"zoom":12,"address":"Moulin de Dison 79, Jalhay, Belgique","markers":[{"label":"Moulin de Dison 79, Jalhay, Belgique","default_label":"","lat":50.5428945,"lng":5.968876099999989}],"layers":["OpenStreetMap.Mapnik"]},"rue":"Moulin de Dison 79","localite":"4845 JALHAY","mail":"dominique@coindesfagnes.be","tel":"+32 (0) 87\/26 68 57","gsm":"+32 (0) 476\/964 049","fax":"","site_web":"http:\/\/www.coindesfagnes.be","page_facebook":"","galerie_photos":[17833,17837,17845,17849,17853,17857,17861,17865,17869,17873,17877,17881,17885,17889,17893,17897,17901,17841,17913],"video":"","dox":"","caracteristiques":[{"groupe_caracteristiques":"","valeurs":null},{"groupe_caracteristiques":"","valeurs":null},{"groupe_caracteristiques":"","valeurs":null},{"groupe_caracteristiques":"","valeurs":null},{"groupe_caracteristiques":"","valeurs":null},{"groupe_caracteristiques":"","valeurs":null},{"groupe_caracteristiques":"","valeurs":null},{"groupe_caracteristiques":"","valeurs":null},{"groupe_caracteristiques":"","valeurs":null},{"groupe_caracteristiques":"","valeurs":null}]},"yoast_head":"<!-- This site is optimized with the Yoast SEO plugin v27.5 - https:\/\/yoast.com\/product\/yoast-seo-wordpress\/ -->\n<title>Gite rural coin des fagnes jalhay sart hautes fagnes spa ardennes belges<\/title>\n<meta name=\"description\" content=\"G\u00eete rural au coin des fagnes situ\u00e9 \u00e0 jalhay sart, \u00e0 proximit\u00e9 des hautes fagnes, de la gileppe de spa et dans les ardennes belges.\" \/>\n<meta name=\"robots\" content=\"index, follow, max-snippet:-1, max-image-preview:large, max-video-preview:-1\" \/>\n<link rel=\"canonical\" href=\"https:\/\/www.tourismejalhaysart.be\/de\/aufenthalt\/wo-schlafen\/au-coin-des-fagnes\/\" \/>\n<meta property=\"og:locale\" content=\"de_DE\" \/>\n<meta property=\"og:type\" content=\"article\" \/>\n<meta property=\"og:title\" content=\"Gite rural coin des fagnes jalhay sart hautes fagnes spa ardennes belges\" \/>\n<meta property=\"og:description\" content=\"G\u00eete rural au coin des fagnes situ\u00e9 \u00e0 jalhay sart, \u00e0 proximit\u00e9 des hautes fagnes, de la gileppe de spa et dans les ardennes belges.\" \/>\n<meta property=\"og:url\" content=\"https:\/\/www.tourismejalhaysart.be\/de\/aufenthalt\/wo-schlafen\/au-coin-des-fagnes\/\" \/>\n<meta property=\"og:site_name\" content=\"Office du Tourisme de Jalhay Sart\" \/>\n<meta property=\"article:modified_time\" content=\"2024-07-12T13:40:02+00:00\" \/>\n<meta property=\"og:image\" content=\"https:\/\/www.tourismejalhaysart.be\/wp-content\/uploads\/2018\/04\/photo0418.jpg\" \/>\n\t<meta property=\"og:image:width\" content=\"2048\" \/>\n\t<meta property=\"og:image:height\" content=\"1536\" \/>\n\t<meta property=\"og:image:type\" content=\"image\/jpeg\" \/>\n<meta name=\"twitter:card\" content=\"summary_large_image\" \/>\n<meta name=\"twitter:label1\" content=\"Gesch\u00e4tzte Lesezeit\" \/>\n\t<meta name=\"twitter:data1\" content=\"5\u00a0Minuten\" \/>\n<script type=\"application\/ld+json\" class=\"yoast-schema-graph\">{\"@context\":\"https:\\\/\\\/schema.org\",\"@graph\":[{\"@type\":\"WebPage\",\"@id\":\"https:\\\/\\\/www.tourismejalhaysart.be\\\/de\\\/aufenthalt\\\/wo-schlafen\\\/au-coin-des-fagnes\\\/\",\"url\":\"https:\\\/\\\/www.tourismejalhaysart.be\\\/de\\\/aufenthalt\\\/wo-schlafen\\\/au-coin-des-fagnes\\\/\",\"name\":\"Gite rural coin des fagnes jalhay sart hautes fagnes spa ardennes belges\",\"isPartOf\":{\"@id\":\"https:\\\/\\\/www.tourismejalhaysart.be\\\/de\\\/#website\"},\"primaryImageOfPage\":{\"@id\":\"https:\\\/\\\/www.tourismejalhaysart.be\\\/de\\\/aufenthalt\\\/wo-schlafen\\\/au-coin-des-fagnes\\\/#primaryimage\"},\"image\":{\"@id\":\"https:\\\/\\\/www.tourismejalhaysart.be\\\/de\\\/aufenthalt\\\/wo-schlafen\\\/au-coin-des-fagnes\\\/#primaryimage\"},\"thumbnailUrl\":\"https:\\\/\\\/www.tourismejalhaysart.be\\\/wp-content\\\/uploads\\\/2018\\\/04\\\/photo0418.jpg\",\"datePublished\":\"2018-04-27T13:48:28+00:00\",\"dateModified\":\"2024-07-12T13:40:02+00:00\",\"description\":\"G\u00eete rural au coin des fagnes situ\u00e9 \u00e0 jalhay sart, \u00e0 proximit\u00e9 des hautes fagnes, de la gileppe de spa et dans les ardennes belges.\",\"breadcrumb\":{\"@id\":\"https:\\\/\\\/www.tourismejalhaysart.be\\\/de\\\/aufenthalt\\\/wo-schlafen\\\/au-coin-des-fagnes\\\/#breadcrumb\"},\"inLanguage\":\"de\",\"potentialAction\":[{\"@type\":\"ReadAction\",\"target\":[\"https:\\\/\\\/www.tourismejalhaysart.be\\\/de\\\/aufenthalt\\\/wo-schlafen\\\/au-coin-des-fagnes\\\/\"]}]},{\"@type\":\"ImageObject\",\"inLanguage\":\"de\",\"@id\":\"https:\\\/\\\/www.tourismejalhaysart.be\\\/de\\\/aufenthalt\\\/wo-schlafen\\\/au-coin-des-fagnes\\\/#primaryimage\",\"url\":\"https:\\\/\\\/www.tourismejalhaysart.be\\\/wp-content\\\/uploads\\\/2018\\\/04\\\/photo0418.jpg\",\"contentUrl\":\"https:\\\/\\\/www.tourismejalhaysart.be\\\/wp-content\\\/uploads\\\/2018\\\/04\\\/photo0418.jpg\",\"width\":2048,\"height\":1536},{\"@type\":\"BreadcrumbList\",\"@id\":\"https:\\\/\\\/www.tourismejalhaysart.be\\\/de\\\/aufenthalt\\\/wo-schlafen\\\/au-coin-des-fagnes\\\/#breadcrumb\",\"itemListElement\":[{\"@type\":\"ListItem\",\"position\":1,\"name\":\"Accueil\",\"item\":\"https:\\\/\\\/www.tourismejalhaysart.be\\\/de\\\/\"},{\"@type\":\"ListItem\",\"position\":2,\"name\":\"Wo schlafen ?\",\"item\":\"https:\\\/\\\/www.tourismejalhaysart.be\\\/de\\\/aufenthalt\\\/wo-schlafen\\\/\"},{\"@type\":\"ListItem\",\"position\":3,\"name\":\"Coin des Fagnes\"}]},{\"@type\":\"WebSite\",\"@id\":\"https:\\\/\\\/www.tourismejalhaysart.be\\\/de\\\/#website\",\"url\":\"https:\\\/\\\/www.tourismejalhaysart.be\\\/de\\\/\",\"name\":\"Office du Tourisme de Jalhay Sart\",\"description\":\"aux sources de la nature\",\"potentialAction\":[{\"@type\":\"SearchAction\",\"target\":{\"@type\":\"EntryPoint\",\"urlTemplate\":\"https:\\\/\\\/www.tourismejalhaysart.be\\\/de\\\/?s={search_term_string}\"},\"query-input\":{\"@type\":\"PropertyValueSpecification\",\"valueRequired\":true,\"valueName\":\"search_term_string\"}}],\"inLanguage\":\"de\"}]}<\/script>\n<!-- \/ Yoast SEO plugin. -->","yoast_head_json":{"title":"Gite rural coin des fagnes jalhay sart hautes fagnes spa ardennes belges","description":"G\u00eete rural au coin des fagnes situ\u00e9 \u00e0 jalhay sart, \u00e0 proximit\u00e9 des hautes fagnes, de la gileppe de spa et dans les ardennes belges.","robots":{"index":"index","follow":"follow","max-snippet":"max-snippet:-1","max-image-preview":"max-image-preview:large","max-video-preview":"max-video-preview:-1"},"canonical":"https:\/\/www.tourismejalhaysart.be\/de\/aufenthalt\/wo-schlafen\/au-coin-des-fagnes\/","og_locale":"de_DE","og_type":"article","og_title":"Gite rural coin des fagnes jalhay sart hautes fagnes spa ardennes belges","og_description":"G\u00eete rural au coin des fagnes situ\u00e9 \u00e0 jalhay sart, \u00e0 proximit\u00e9 des hautes fagnes, de la gileppe de spa et dans les ardennes belges.","og_url":"https:\/\/www.tourismejalhaysart.be\/de\/aufenthalt\/wo-schlafen\/au-coin-des-fagnes\/","og_site_name":"Office du Tourisme de Jalhay Sart","article_modified_time":"2024-07-12T13:40:02+00:00","og_image":[{"width":2048,"height":1536,"url":"https:\/\/www.tourismejalhaysart.be\/wp-content\/uploads\/2018\/04\/photo0418.jpg","type":"image\/jpeg"}],"twitter_card":"summary_large_image","twitter_misc":{"Gesch\u00e4tzte Lesezeit":"5\u00a0Minuten"},"schema":{"@context":"https:\/\/schema.org","@graph":[{"@type":"WebPage","@id":"https:\/\/www.tourismejalhaysart.be\/de\/aufenthalt\/wo-schlafen\/au-coin-des-fagnes\/","url":"https:\/\/www.tourismejalhaysart.be\/de\/aufenthalt\/wo-schlafen\/au-coin-des-fagnes\/","name":"Gite rural coin des fagnes jalhay sart hautes fagnes spa ardennes belges","isPartOf":{"@id":"https:\/\/www.tourismejalhaysart.be\/de\/#website"},"primaryImageOfPage":{"@id":"https:\/\/www.tourismejalhaysart.be\/de\/aufenthalt\/wo-schlafen\/au-coin-des-fagnes\/#primaryimage"},"image":{"@id":"https:\/\/www.tourismejalhaysart.be\/de\/aufenthalt\/wo-schlafen\/au-coin-des-fagnes\/#primaryimage"},"thumbnailUrl":"https:\/\/www.tourismejalhaysart.be\/wp-content\/uploads\/2018\/04\/photo0418.jpg","datePublished":"2018-04-27T13:48:28+00:00","dateModified":"2024-07-12T13:40:02+00:00","description":"G\u00eete rural au coin des fagnes situ\u00e9 \u00e0 jalhay sart, \u00e0 proximit\u00e9 des hautes fagnes, de la gileppe de spa et dans les ardennes belges.","breadcrumb":{"@id":"https:\/\/www.tourismejalhaysart.be\/de\/aufenthalt\/wo-schlafen\/au-coin-des-fagnes\/#breadcrumb"},"inLanguage":"de","potentialAction":[{"@type":"ReadAction","target":["https:\/\/www.tourismejalhaysart.be\/de\/aufenthalt\/wo-schlafen\/au-coin-des-fagnes\/"]}]},{"@type":"ImageObject","inLanguage":"de","@id":"https:\/\/www.tourismejalhaysart.be\/de\/aufenthalt\/wo-schlafen\/au-coin-des-fagnes\/#primaryimage","url":"https:\/\/www.tourismejalhaysart.be\/wp-content\/uploads\/2018\/04\/photo0418.jpg","contentUrl":"https:\/\/www.tourismejalhaysart.be\/wp-content\/uploads\/2018\/04\/photo0418.jpg","width":2048,"height":1536},{"@type":"BreadcrumbList","@id":"https:\/\/www.tourismejalhaysart.be\/de\/aufenthalt\/wo-schlafen\/au-coin-des-fagnes\/#breadcrumb","itemListElement":[{"@type":"ListItem","position":1,"name":"Accueil","item":"https:\/\/www.tourismejalhaysart.be\/de\/"},{"@type":"ListItem","position":2,"name":"Wo schlafen ?","item":"https:\/\/www.tourismejalhaysart.be\/de\/aufenthalt\/wo-schlafen\/"},{"@type":"ListItem","position":3,"name":"Coin des Fagnes"}]},{"@type":"WebSite","@id":"https:\/\/www.tourismejalhaysart.be\/de\/#website","url":"https:\/\/www.tourismejalhaysart.be\/de\/","name":"Office du Tourisme de Jalhay Sart","description":"aux sources de la nature","potentialAction":[{"@type":"SearchAction","target":{"@type":"EntryPoint","urlTemplate":"https:\/\/www.tourismejalhaysart.be\/de\/?s={search_term_string}"},"query-input":{"@type":"PropertyValueSpecification","valueRequired":true,"valueName":"search_term_string"}}],"inLanguage":"de"}]}},"wpml_current_locale":"de_DE","wpml_translations":[],"_links":{"self":[{"href":"https:\/\/www.tourismejalhaysart.be\/de\/wp-json\/wp\/v2\/dormir\/31777","targetHints":{"allow":["GET"]}}],"collection":[{"href":"https:\/\/www.tourismejalhaysart.be\/de\/wp-json\/wp\/v2\/dormir"}],"about":[{"href":"https:\/\/www.tourismejalhaysart.be\/de\/wp-json\/wp\/v2\/types\/dormir"}],"acf:attachment":[{"embeddable":true,"href":"https:\/\/www.tourismejalhaysart.be\/de\/wp-json\/wp\/v2\/media\/17913"},{"embeddable":true,"href":"https:\/\/www.tourismejalhaysart.be\/de\/wp-json\/wp\/v2\/media\/17841"},{"embeddable":true,"href":"https:\/\/www.tourismejalhaysart.be\/de\/wp-json\/wp\/v2\/media\/17901"},{"embeddable":true,"href":"https:\/\/www.tourismejalhaysart.be\/de\/wp-json\/wp\/v2\/media\/17897"},{"embeddable":true,"href":"https:\/\/www.tourismejalhaysart.be\/de\/wp-json\/wp\/v2\/media\/17893"},{"embeddable":true,"href":"https:\/\/www.tourismejalhaysart.be\/de\/wp-json\/wp\/v2\/media\/17889"},{"embeddable":true,"href":"https:\/\/www.tourismejalhaysart.be\/de\/wp-json\/wp\/v2\/media\/17885"},{"embeddable":true,"href":"https:\/\/www.tourismejalhaysart.be\/de\/wp-json\/wp\/v2\/media\/17881"},{"embeddable":true,"href":"https:\/\/www.tourismejalhaysart.be\/de\/wp-json\/wp\/v2\/media\/17877"},{"embeddable":true,"href":"https:\/\/www.tourismejalhaysart.be\/de\/wp-json\/wp\/v2\/media\/17873"},{"embeddable":true,"href":"https:\/\/www.tourismejalhaysart.be\/de\/wp-json\/wp\/v2\/media\/17869"},{"embeddable":true,"href":"https:\/\/www.tourismejalhaysart.be\/de\/wp-json\/wp\/v2\/media\/17865"},{"embeddable":true,"href":"https:\/\/www.tourismejalhaysart.be\/de\/wp-json\/wp\/v2\/media\/17861"},{"embeddable":true,"href":"https:\/\/www.tourismejalhaysart.be\/de\/wp-json\/wp\/v2\/media\/17857"},{"embeddable":true,"href":"https:\/\/www.tourismejalhaysart.be\/de\/wp-json\/wp\/v2\/media\/17853"},{"embeddable":true,"href":"https:\/\/www.tourismejalhaysart.be\/de\/wp-json\/wp\/v2\/media\/17849"},{"embeddable":true,"href":"https:\/\/www.tourismejalhaysart.be\/de\/wp-json\/wp\/v2\/media\/17845"},{"embeddable":true,"href":"https:\/\/www.tourismejalhaysart.be\/de\/wp-json\/wp\/v2\/media\/17837"},{"embeddable":true,"href":"https:\/\/www.tourismejalhaysart.be\/de\/wp-json\/wp\/v2\/media\/17833"}],"wp:featuredmedia":[{"embeddable":true,"href":"https:\/\/www.tourismejalhaysart.be\/de\/wp-json\/wp\/v2\/media\/17829"}],"wp:attachment":[{"href":"https:\/\/www.tourismejalhaysart.be\/de\/wp-json\/wp\/v2\/media?parent=31777"}],"curies":[{"name":"wp","href":"https:\/\/api.w.org\/{rel}","templated":true}]}}