{"id":10964,"date":"2016-03-09T15:28:03","date_gmt":"2016-03-09T14:28:03","guid":{"rendered":"http:\/\/www.tourismejalhaysart.be\/de\/dormir\/chambre-hotes-relais-des-fagnes-tourisme-jalhay-sart\/"},"modified":"2024-07-12T15:06:37","modified_gmt":"2024-07-12T14:06:37","slug":"chambre-hotes-relais-des-fagnes-tourisme-jalhay-sart","status":"publish","type":"dormir","link":"https:\/\/www.tourismejalhaysart.be\/de\/aufenthalt\/wo-schlafen\/chambre-hotes-relais-des-fagnes-tourisme-jalhay-sart\/","title":{"rendered":"Le Relais des Fagnes"},"content":{"rendered":"<p>In unmittelbarer N\u00e4he der Ho\u00ebgne und des Hohen Venns, zwischen Spa und Francorchamps gelegen, erwarten wir Sie am Donnerstag, Freitag oder Samstag nach 16.00 Uhr. Sie werden die Nacht in einem gem\u00fctlichen Zimmer verbringen. Die Ruhe ist garantiert. Das Fr\u00fchst\u00fccksbuffet erwartet Sie ab 8.30 Uhr. Hei\u00dfe und kalte Getr\u00e4nke stehen den ganzen Tag \u00fcber zur Verf\u00fcgung. Unsere Einrichtung verf\u00fcgt \u00fcber drei Zimmer, zwei f\u00fcr zwei Personen und eines f\u00fcr drei Personen, mit einer K\u00fcchenzeile und einer sehr sch\u00f6nen Terrasse. Seit 2019 haben wir das Label &#8220;Bienvenue V\u00e9lo&#8221; (Willkommen Fahrrad).<\/p>\n","protected":false},"excerpt":{"rendered":"<p>Situ\u00e9 pr\u00e8s de la Ho\u00ebgne et des Fagnes, le calme garanti!<\/p>\n","protected":false},"featured_media":21314,"template":"","class_list":["post-10964","dormir","type-dormir","status-publish","has-post-thumbnail","hentry","logement-type-gaestezimmer","lieu-logement-sart-de","capacite-logement-1-a-5-pers-de","classification-3-sterne-ahren-schlusseln"],"acf":{"adresse_fiche":{"lat":50.4874873,"lng":5.966157500000008,"zoom":17,"address":"Route de Hockai 36, 4845 Jalhay, Belgique","markers":[{"label":"Route de Hockai 36, 4845 Jalhay, Belgique","default_label":"","lat":50.4874873,"lng":5.966157500000008}],"layers":["OpenStreetMap.Mapnik"]},"rue":"Route de Hockai 36","localite":"4845 Jalhay","mail":"relaisdesfagnes@gmail.com","tel":"","gsm":"+32 (0) 483\/132 112","fax":"","site_web":"http:\/\/www.relais-des-fagnes.be","page_facebook":"","galerie_photos":[4638,4614,4641,4626,4617,4632,4620,4623,4629,21318,21322,21326,21330,21334],"video":"","dox":"","caracteristiques":[{"groupe_caracteristiques":"Capacit\u00e9","valeurs":[{"valeur":"2 chambres"},{"valeur":"2 lits doubles"},{"valeur":"1 lit b\u00e9b\u00e9"}]},{"groupe_caracteristiques":"Infrastructure ext\u00e9rieure","valeurs":[{"valeur":"Terrasse"},{"valeur":"Jardin"},{"valeur":"Balcon"},{"valeur":"Parking priv\u00e9"}]},{"groupe_caracteristiques":"Equipement des chambres","valeurs":[{"valeur":"Douche"},{"valeur":"Baignoire"},{"valeur":"S\u00e8che-cheveux"},{"valeur":"Peignoirs"},{"valeur":"Serviettes de bain"},{"valeur":"Minibar"},{"valeur":"Wifi gratuit"}]},{"groupe_caracteristiques":"Equipement de loisirs int\u00e9rieurs","valeurs":[{"valeur":"Salle de jeux"},{"valeur":"Air Hockey"},{"valeur":"Flipper"},{"valeur":"Jeux de soci\u00e9t\u00e9"},{"valeur":"Biblioth\u00e8que"},{"valeur":"Console Wii"},{"valeur":"Console Kinect"},{"valeur":"DVD"}]},{"groupe_caracteristiques":"Equipement de loisirs ext\u00e9rieurs","valeurs":[{"valeur":"Jacuzzi"},{"valeur":"Badminton"},{"valeur":"P\u00e9tanque"},{"valeur":"Tir \u00e0 l'arc"}]},{"groupe_caracteristiques":"Animaux admis","valeurs":[{"valeur":"Non"}]},{"groupe_caracteristiques":"Langues parl\u00e9es","valeurs":[{"valeur":"Fran\u00e7ais"},{"valeur":"Anglais"},{"valeur":"N\u00e9erlandais"},{"valeur":"Allemand"}]},{"groupe_caracteristiques":"Jours de fermeture hebdomadaire","valeurs":[{"valeur":"Lundi"},{"valeur":"Mardi"},{"valeur":"Mercredi"},{"valeur":"Dimanche"}]},{"groupe_caracteristiques":"Proximit\u00e9 des int\u00e9r\u00eats touristiques","valeurs":[{"valeur":"Hautes Fagnes 10 km"},{"valeur":"Lac de la Gileppe 15 km"},{"valeur":"Circuit Francorchamps 5 km"},{"valeur":"Piscine 10 km"},{"valeur":"Gare 12 km"},{"valeur":"Shopping Center 8 km"},{"valeur":"Supermarch\u00e9 2 km"},{"valeur":"Piste de ski 10 km"}]},{"groupe_caracteristiques":"Mode de paiement","valeurs":[{"valeur":"Cash"}]},{"groupe_caracteristiques":"Prix","valeurs":[{"valeur":"85 \u20ac"}]}]},"yoast_head":"<!-- This site is optimized with the Yoast SEO plugin v27.5 - https:\/\/yoast.com\/product\/yoast-seo-wordpress\/ -->\n<title>Chambre d&#039;h\u00f4tes Le Relais des Fagnes Jalhay Spa Ardennes belges<\/title>\n<meta name=\"description\" content=\"Le Relais des Fagnes est situ\u00e9 \u00e0 deux pas de la Ho\u00ebgne et des Hautes Fagnes, \u00e0 proximit\u00e9 de Jalhay, Spa-Francorchamps et de la ville de Spa.\" \/>\n<meta name=\"robots\" content=\"index, follow, max-snippet:-1, max-image-preview:large, max-video-preview:-1\" \/>\n<link rel=\"canonical\" href=\"https:\/\/www.tourismejalhaysart.be\/de\/aufenthalt\/wo-schlafen\/chambre-hotes-relais-des-fagnes-tourisme-jalhay-sart\/\" \/>\n<meta property=\"og:locale\" content=\"de_DE\" \/>\n<meta property=\"og:type\" content=\"article\" \/>\n<meta property=\"og:title\" content=\"Chambre d&#039;h\u00f4tes Le Relais des Fagnes Jalhay Spa\" \/>\n<meta property=\"og:description\" content=\"Situ\u00e9 \u00e0 deux pas de la Ho\u00ebgne et des Hautes Fagnes, entre Spa et Francorchamps, nous vous attendons le jeudi, le vendredi ou le samedi apr\u00e8s 16h00. Vous passerez la nuit dans une chambre accueillante. Le calme garanti.\" \/>\n<meta property=\"og:url\" content=\"https:\/\/www.tourismejalhaysart.be\/de\/aufenthalt\/wo-schlafen\/chambre-hotes-relais-des-fagnes-tourisme-jalhay-sart\/\" \/>\n<meta property=\"og:site_name\" content=\"Office du Tourisme de Jalhay Sart\" \/>\n<meta property=\"article:modified_time\" content=\"2024-07-12T14:06:37+00:00\" \/>\n<meta property=\"og:image\" content=\"http:\/\/p5810.phpnet.org\/tourismejalhaysart.be\/wp-content\/uploads\/2016\/03\/DSC06943.jpg\" \/>\n<meta name=\"twitter:card\" content=\"summary_large_image\" \/>\n<meta name=\"twitter:label1\" content=\"Gesch\u00e4tzte Lesezeit\" \/>\n\t<meta name=\"twitter:data1\" content=\"5\u00a0Minuten\" \/>\n<script type=\"application\/ld+json\" class=\"yoast-schema-graph\">{\"@context\":\"https:\\\/\\\/schema.org\",\"@graph\":[{\"@type\":\"WebPage\",\"@id\":\"https:\\\/\\\/www.tourismejalhaysart.be\\\/de\\\/aufenthalt\\\/wo-schlafen\\\/chambre-hotes-relais-des-fagnes-tourisme-jalhay-sart\\\/\",\"url\":\"https:\\\/\\\/www.tourismejalhaysart.be\\\/de\\\/aufenthalt\\\/wo-schlafen\\\/chambre-hotes-relais-des-fagnes-tourisme-jalhay-sart\\\/\",\"name\":\"Chambre d'h\u00f4tes Le Relais des Fagnes Jalhay Spa Ardennes belges\",\"isPartOf\":{\"@id\":\"https:\\\/\\\/www.tourismejalhaysart.be\\\/de\\\/#website\"},\"primaryImageOfPage\":{\"@id\":\"https:\\\/\\\/www.tourismejalhaysart.be\\\/de\\\/aufenthalt\\\/wo-schlafen\\\/chambre-hotes-relais-des-fagnes-tourisme-jalhay-sart\\\/#primaryimage\"},\"image\":{\"@id\":\"https:\\\/\\\/www.tourismejalhaysart.be\\\/de\\\/aufenthalt\\\/wo-schlafen\\\/chambre-hotes-relais-des-fagnes-tourisme-jalhay-sart\\\/#primaryimage\"},\"thumbnailUrl\":\"https:\\\/\\\/www.tourismejalhaysart.be\\\/wp-content\\\/uploads\\\/2016\\\/03\\\/gevel-bloemen.jpg\",\"datePublished\":\"2016-03-09T14:28:03+00:00\",\"dateModified\":\"2024-07-12T14:06:37+00:00\",\"description\":\"Le Relais des Fagnes est situ\u00e9 \u00e0 deux pas de la Ho\u00ebgne et des Hautes Fagnes, \u00e0 proximit\u00e9 de Jalhay, Spa-Francorchamps et de la ville de Spa.\",\"breadcrumb\":{\"@id\":\"https:\\\/\\\/www.tourismejalhaysart.be\\\/de\\\/aufenthalt\\\/wo-schlafen\\\/chambre-hotes-relais-des-fagnes-tourisme-jalhay-sart\\\/#breadcrumb\"},\"inLanguage\":\"de\",\"potentialAction\":[{\"@type\":\"ReadAction\",\"target\":[\"https:\\\/\\\/www.tourismejalhaysart.be\\\/de\\\/aufenthalt\\\/wo-schlafen\\\/chambre-hotes-relais-des-fagnes-tourisme-jalhay-sart\\\/\"]}]},{\"@type\":\"ImageObject\",\"inLanguage\":\"de\",\"@id\":\"https:\\\/\\\/www.tourismejalhaysart.be\\\/de\\\/aufenthalt\\\/wo-schlafen\\\/chambre-hotes-relais-des-fagnes-tourisme-jalhay-sart\\\/#primaryimage\",\"url\":\"https:\\\/\\\/www.tourismejalhaysart.be\\\/wp-content\\\/uploads\\\/2016\\\/03\\\/gevel-bloemen.jpg\",\"contentUrl\":\"https:\\\/\\\/www.tourismejalhaysart.be\\\/wp-content\\\/uploads\\\/2016\\\/03\\\/gevel-bloemen.jpg\",\"width\":5152,\"height\":3864},{\"@type\":\"BreadcrumbList\",\"@id\":\"https:\\\/\\\/www.tourismejalhaysart.be\\\/de\\\/aufenthalt\\\/wo-schlafen\\\/chambre-hotes-relais-des-fagnes-tourisme-jalhay-sart\\\/#breadcrumb\",\"itemListElement\":[{\"@type\":\"ListItem\",\"position\":1,\"name\":\"Accueil\",\"item\":\"https:\\\/\\\/www.tourismejalhaysart.be\\\/de\\\/\"},{\"@type\":\"ListItem\",\"position\":2,\"name\":\"Wo schlafen ?\",\"item\":\"https:\\\/\\\/www.tourismejalhaysart.be\\\/de\\\/aufenthalt\\\/wo-schlafen\\\/\"},{\"@type\":\"ListItem\",\"position\":3,\"name\":\"Le Relais des Fagnes\"}]},{\"@type\":\"WebSite\",\"@id\":\"https:\\\/\\\/www.tourismejalhaysart.be\\\/de\\\/#website\",\"url\":\"https:\\\/\\\/www.tourismejalhaysart.be\\\/de\\\/\",\"name\":\"Office du Tourisme de Jalhay Sart\",\"description\":\"aux sources de la nature\",\"potentialAction\":[{\"@type\":\"SearchAction\",\"target\":{\"@type\":\"EntryPoint\",\"urlTemplate\":\"https:\\\/\\\/www.tourismejalhaysart.be\\\/de\\\/?s={search_term_string}\"},\"query-input\":{\"@type\":\"PropertyValueSpecification\",\"valueRequired\":true,\"valueName\":\"search_term_string\"}}],\"inLanguage\":\"de\"}]}<\/script>\n<!-- \/ Yoast SEO plugin. -->","yoast_head_json":{"title":"Chambre d'h\u00f4tes Le Relais des Fagnes Jalhay Spa Ardennes belges","description":"Le Relais des Fagnes est situ\u00e9 \u00e0 deux pas de la Ho\u00ebgne et des Hautes Fagnes, \u00e0 proximit\u00e9 de Jalhay, Spa-Francorchamps et de la ville de Spa.","robots":{"index":"index","follow":"follow","max-snippet":"max-snippet:-1","max-image-preview":"max-image-preview:large","max-video-preview":"max-video-preview:-1"},"canonical":"https:\/\/www.tourismejalhaysart.be\/de\/aufenthalt\/wo-schlafen\/chambre-hotes-relais-des-fagnes-tourisme-jalhay-sart\/","og_locale":"de_DE","og_type":"article","og_title":"Chambre d'h\u00f4tes Le Relais des Fagnes Jalhay Spa","og_description":"Situ\u00e9 \u00e0 deux pas de la Ho\u00ebgne et des Hautes Fagnes, entre Spa et Francorchamps, nous vous attendons le jeudi, le vendredi ou le samedi apr\u00e8s 16h00. Vous passerez la nuit dans une chambre accueillante. Le calme garanti.","og_url":"https:\/\/www.tourismejalhaysart.be\/de\/aufenthalt\/wo-schlafen\/chambre-hotes-relais-des-fagnes-tourisme-jalhay-sart\/","og_site_name":"Office du Tourisme de Jalhay Sart","article_modified_time":"2024-07-12T14:06:37+00:00","og_image":[{"url":"http:\/\/p5810.phpnet.org\/tourismejalhaysart.be\/wp-content\/uploads\/2016\/03\/DSC06943.jpg","type":"","width":"","height":""}],"twitter_card":"summary_large_image","twitter_misc":{"Gesch\u00e4tzte Lesezeit":"5\u00a0Minuten"},"schema":{"@context":"https:\/\/schema.org","@graph":[{"@type":"WebPage","@id":"https:\/\/www.tourismejalhaysart.be\/de\/aufenthalt\/wo-schlafen\/chambre-hotes-relais-des-fagnes-tourisme-jalhay-sart\/","url":"https:\/\/www.tourismejalhaysart.be\/de\/aufenthalt\/wo-schlafen\/chambre-hotes-relais-des-fagnes-tourisme-jalhay-sart\/","name":"Chambre d'h\u00f4tes Le Relais des Fagnes Jalhay Spa Ardennes belges","isPartOf":{"@id":"https:\/\/www.tourismejalhaysart.be\/de\/#website"},"primaryImageOfPage":{"@id":"https:\/\/www.tourismejalhaysart.be\/de\/aufenthalt\/wo-schlafen\/chambre-hotes-relais-des-fagnes-tourisme-jalhay-sart\/#primaryimage"},"image":{"@id":"https:\/\/www.tourismejalhaysart.be\/de\/aufenthalt\/wo-schlafen\/chambre-hotes-relais-des-fagnes-tourisme-jalhay-sart\/#primaryimage"},"thumbnailUrl":"https:\/\/www.tourismejalhaysart.be\/wp-content\/uploads\/2016\/03\/gevel-bloemen.jpg","datePublished":"2016-03-09T14:28:03+00:00","dateModified":"2024-07-12T14:06:37+00:00","description":"Le Relais des Fagnes est situ\u00e9 \u00e0 deux pas de la Ho\u00ebgne et des Hautes Fagnes, \u00e0 proximit\u00e9 de Jalhay, Spa-Francorchamps et de la ville de Spa.","breadcrumb":{"@id":"https:\/\/www.tourismejalhaysart.be\/de\/aufenthalt\/wo-schlafen\/chambre-hotes-relais-des-fagnes-tourisme-jalhay-sart\/#breadcrumb"},"inLanguage":"de","potentialAction":[{"@type":"ReadAction","target":["https:\/\/www.tourismejalhaysart.be\/de\/aufenthalt\/wo-schlafen\/chambre-hotes-relais-des-fagnes-tourisme-jalhay-sart\/"]}]},{"@type":"ImageObject","inLanguage":"de","@id":"https:\/\/www.tourismejalhaysart.be\/de\/aufenthalt\/wo-schlafen\/chambre-hotes-relais-des-fagnes-tourisme-jalhay-sart\/#primaryimage","url":"https:\/\/www.tourismejalhaysart.be\/wp-content\/uploads\/2016\/03\/gevel-bloemen.jpg","contentUrl":"https:\/\/www.tourismejalhaysart.be\/wp-content\/uploads\/2016\/03\/gevel-bloemen.jpg","width":5152,"height":3864},{"@type":"BreadcrumbList","@id":"https:\/\/www.tourismejalhaysart.be\/de\/aufenthalt\/wo-schlafen\/chambre-hotes-relais-des-fagnes-tourisme-jalhay-sart\/#breadcrumb","itemListElement":[{"@type":"ListItem","position":1,"name":"Accueil","item":"https:\/\/www.tourismejalhaysart.be\/de\/"},{"@type":"ListItem","position":2,"name":"Wo schlafen ?","item":"https:\/\/www.tourismejalhaysart.be\/de\/aufenthalt\/wo-schlafen\/"},{"@type":"ListItem","position":3,"name":"Le Relais des Fagnes"}]},{"@type":"WebSite","@id":"https:\/\/www.tourismejalhaysart.be\/de\/#website","url":"https:\/\/www.tourismejalhaysart.be\/de\/","name":"Office du Tourisme de Jalhay Sart","description":"aux sources de la nature","potentialAction":[{"@type":"SearchAction","target":{"@type":"EntryPoint","urlTemplate":"https:\/\/www.tourismejalhaysart.be\/de\/?s={search_term_string}"},"query-input":{"@type":"PropertyValueSpecification","valueRequired":true,"valueName":"search_term_string"}}],"inLanguage":"de"}]}},"wpml_current_locale":"de_DE","wpml_translations":[],"_links":{"self":[{"href":"https:\/\/www.tourismejalhaysart.be\/de\/wp-json\/wp\/v2\/dormir\/10964","targetHints":{"allow":["GET"]}}],"collection":[{"href":"https:\/\/www.tourismejalhaysart.be\/de\/wp-json\/wp\/v2\/dormir"}],"about":[{"href":"https:\/\/www.tourismejalhaysart.be\/de\/wp-json\/wp\/v2\/types\/dormir"}],"acf:attachment":[{"embeddable":true,"href":"https:\/\/www.tourismejalhaysart.be\/de\/wp-json\/wp\/v2\/media\/21334"},{"embeddable":true,"href":"https:\/\/www.tourismejalhaysart.be\/de\/wp-json\/wp\/v2\/media\/21330"},{"embeddable":true,"href":"https:\/\/www.tourismejalhaysart.be\/de\/wp-json\/wp\/v2\/media\/21326"},{"embeddable":true,"href":"https:\/\/www.tourismejalhaysart.be\/de\/wp-json\/wp\/v2\/media\/21322"},{"embeddable":true,"href":"https:\/\/www.tourismejalhaysart.be\/de\/wp-json\/wp\/v2\/media\/21318"},{"embeddable":true,"href":"https:\/\/www.tourismejalhaysart.be\/de\/wp-json\/wp\/v2\/media\/4629"},{"embeddable":true,"href":"https:\/\/www.tourismejalhaysart.be\/de\/wp-json\/wp\/v2\/media\/4623"},{"embeddable":true,"href":"https:\/\/www.tourismejalhaysart.be\/de\/wp-json\/wp\/v2\/media\/4620"},{"embeddable":true,"href":"https:\/\/www.tourismejalhaysart.be\/de\/wp-json\/wp\/v2\/media\/4632"},{"embeddable":true,"href":"https:\/\/www.tourismejalhaysart.be\/de\/wp-json\/wp\/v2\/media\/4617"},{"embeddable":true,"href":"https:\/\/www.tourismejalhaysart.be\/de\/wp-json\/wp\/v2\/media\/4626"},{"embeddable":true,"href":"https:\/\/www.tourismejalhaysart.be\/de\/wp-json\/wp\/v2\/media\/4641"},{"embeddable":true,"href":"https:\/\/www.tourismejalhaysart.be\/de\/wp-json\/wp\/v2\/media\/4614"},{"embeddable":true,"href":"https:\/\/www.tourismejalhaysart.be\/de\/wp-json\/wp\/v2\/media\/4638"}],"wp:featuredmedia":[{"embeddable":true,"href":"https:\/\/www.tourismejalhaysart.be\/de\/wp-json\/wp\/v2\/media\/21314"}],"wp:attachment":[{"href":"https:\/\/www.tourismejalhaysart.be\/de\/wp-json\/wp\/v2\/media?parent=10964"}],"curies":[{"name":"wp","href":"https:\/\/api.w.org\/{rel}","templated":true}]}}