{"id":10945,"date":"2016-03-10T11:30:10","date_gmt":"2016-03-10T10:30:10","guid":{"rendered":"http:\/\/www.tourismejalhaysart.be\/de\/dormir\/gite-rural-au-jardin-de-mon-pere-tourisme-jalhay-sart\/"},"modified":"2024-07-12T15:01:08","modified_gmt":"2024-07-12T14:01:08","slug":"gite-rural-au-jardin-de-mon-pere-tourisme-jalhay-sart","status":"publish","type":"dormir","link":"https:\/\/www.tourismejalhaysart.be\/de\/aufenthalt\/wo-schlafen\/gite-rural-au-jardin-de-mon-pere-tourisme-jalhay-sart\/","title":{"rendered":"Au Jardin de mon P\u00e8re"},"content":{"rendered":"<p>Unser Cottage ist ein altes, restauriertes Bauernhaus in dem kleinen, ruhigen Dorf Herbiester in der Gemeinde Jalhay. Das ger\u00e4umige, charmante und einladende Interieur ist ideal f\u00fcr zwei Erwachsene und ein oder zwei Kinder. Zertifizierung als G\u00eete rural de Wallonie.<\/p>\n","protected":false},"excerpt":{"rendered":"<p>Notre cottage, charmant et paisible, fait le bonheur des amoureux de la nature.<\/p>\n","protected":false},"featured_media":7489,"template":"","class_list":["post-10945","dormir","type-dormir","status-publish","has-post-thumbnail","hentry","logement-type-gite-rural-de","lieu-logement-herbiester-de","capacite-logement-1-a-5-pers-de","classification-2-sterne-ahren-schlusseln"],"acf":{"adresse_fiche":{"lat":50.56171699999999,"lng":5.979487800000015,"zoom":12,"address":"Herbiester 76 4845 Jalhay, Belgique","markers":[{"label":"Herbiester 76 4845 Jalhay, Belgique","default_label":"","lat":50.56171699999999,"lng":5.979487800000015}],"layers":["OpenStreetMap.Mapnik"]},"rue":"Chemin du Louba 184","localite":"4845 JALHAY","mail":"gersonliliane@hotmail.com","tel":"087\/64 74 45","gsm":"0479\/34 45 13","fax":"","site_web":"http:\/\/www.aujardindemonpere.be","page_facebook":"","galerie_photos":[7492,7495,7498,7501,7504,7507,7510,7513,7516,7519,7522,7525,7534,7531],"video":"","dox":"","caracteristiques":[{"groupe_caracteristiques":"Capacit\u00e9","valeurs":[{"valeur":"4 personnes"},{"valeur":"2 lits doubles"},{"valeur":"1 lit d'appoint "},{"valeur":"1 lit b\u00e9b\u00e9"}]},{"groupe_caracteristiques":"Infrastructure ext\u00e9rieure","valeurs":[{"valeur":"Parking"},{"valeur":"Jardin"},{"valeur":"Terrasse"}]},{"groupe_caracteristiques":"Infrastructure int\u00e9rieure","valeurs":[{"valeur":"Salon "},{"valeur":"Feu ouvert"},{"valeur":"Coin bureau"},{"valeur":"Cuisine"},{"valeur":"Salle \u00e0 manger"},{"valeur":"SDB (bain\/douche)"},{"valeur":"WC"}]},{"groupe_caracteristiques":"Equipement de la cuisine","valeurs":[{"valeur":"Cuisini\u00e8re"},{"valeur":"Frigo"},{"valeur":"Micro-ondes"}]},{"groupe_caracteristiques":"Animaux admis","valeurs":[{"valeur":"Oui (petits chiens)"}]},{"groupe_caracteristiques":"Mode de paiement","valeurs":[{"valeur":"Virement bancaire"},{"valeur":"Cash"}]},{"groupe_caracteristiques":"Prix de location","valeurs":[{"valeur":"Sur demande"}]}]},"yoast_head":"<!-- This site is optimized with the Yoast SEO plugin v27.5 - https:\/\/yoast.com\/product\/yoast-seo-wordpress\/ -->\n<title>G\u00eete rural Au Jardin de mon P\u00e8re Nivez\u00e9 Jalhay Sart Spa Ardennes belges<\/title>\n<meta name=\"description\" content=\"Au Jardin de mon P\u00e8re est un g\u00eete rural situ\u00e9 \u00e0 Herbiester, \u00e0 proximit\u00e9 de Jalhay, des Hautes Fagnes, du lac de la Gileppe et de Spa.\" \/>\n<meta name=\"robots\" content=\"index, follow, max-snippet:-1, max-image-preview:large, max-video-preview:-1\" \/>\n<link rel=\"canonical\" href=\"https:\/\/www.tourismejalhaysart.be\/de\/aufenthalt\/wo-schlafen\/gite-rural-au-jardin-de-mon-pere-tourisme-jalhay-sart\/\" \/>\n<meta property=\"og:locale\" content=\"de_DE\" \/>\n<meta property=\"og:type\" content=\"article\" \/>\n<meta property=\"og:title\" content=\"G\u00eete rural Au Jardin de mon P\u00e8re Jalhay Sart\" \/>\n<meta property=\"og:description\" content=\"Notre cottage est une ancienne ferme restaur\u00e9e situ\u00e9e dans le petit village paisible d\u2019Herbiester, dans la commune de Jalhay. Int\u00e9rieur spacieux, charmant et accueillant, il est id\u00e9ale pour accueillir deux adultes et un ou deux enfants. Certification G\u00eete rural de Wallonie\" \/>\n<meta property=\"og:url\" content=\"https:\/\/www.tourismejalhaysart.be\/de\/aufenthalt\/wo-schlafen\/gite-rural-au-jardin-de-mon-pere-tourisme-jalhay-sart\/\" \/>\n<meta property=\"og:site_name\" content=\"Office du Tourisme de Jalhay Sart\" \/>\n<meta property=\"article:modified_time\" content=\"2024-07-12T14:01:08+00:00\" \/>\n<meta property=\"og:image\" content=\"https:\/\/www.tourismejalhaysart.be\/wp-content\/uploads\/2016\/03\/Jardin-de-mon-P\u00e8re1.jpg\" \/>\n\t<meta property=\"og:image:width\" content=\"640\" \/>\n\t<meta property=\"og:image:height\" content=\"424\" \/>\n\t<meta property=\"og:image:type\" content=\"image\/jpeg\" \/>\n<meta name=\"twitter:card\" content=\"summary_large_image\" \/>\n<meta name=\"twitter:label1\" content=\"Gesch\u00e4tzte Lesezeit\" \/>\n\t<meta name=\"twitter:data1\" content=\"4\u00a0Minuten\" \/>\n<script type=\"application\/ld+json\" class=\"yoast-schema-graph\">{\"@context\":\"https:\\\/\\\/schema.org\",\"@graph\":[{\"@type\":\"WebPage\",\"@id\":\"https:\\\/\\\/www.tourismejalhaysart.be\\\/de\\\/aufenthalt\\\/wo-schlafen\\\/gite-rural-au-jardin-de-mon-pere-tourisme-jalhay-sart\\\/\",\"url\":\"https:\\\/\\\/www.tourismejalhaysart.be\\\/de\\\/aufenthalt\\\/wo-schlafen\\\/gite-rural-au-jardin-de-mon-pere-tourisme-jalhay-sart\\\/\",\"name\":\"G\u00eete rural Au Jardin de mon P\u00e8re Nivez\u00e9 Jalhay Sart Spa Ardennes belges\",\"isPartOf\":{\"@id\":\"https:\\\/\\\/www.tourismejalhaysart.be\\\/de\\\/#website\"},\"primaryImageOfPage\":{\"@id\":\"https:\\\/\\\/www.tourismejalhaysart.be\\\/de\\\/aufenthalt\\\/wo-schlafen\\\/gite-rural-au-jardin-de-mon-pere-tourisme-jalhay-sart\\\/#primaryimage\"},\"image\":{\"@id\":\"https:\\\/\\\/www.tourismejalhaysart.be\\\/de\\\/aufenthalt\\\/wo-schlafen\\\/gite-rural-au-jardin-de-mon-pere-tourisme-jalhay-sart\\\/#primaryimage\"},\"thumbnailUrl\":\"https:\\\/\\\/www.tourismejalhaysart.be\\\/wp-content\\\/uploads\\\/2016\\\/03\\\/Jardin-de-mon-P\u00e8re1.jpg\",\"datePublished\":\"2016-03-10T10:30:10+00:00\",\"dateModified\":\"2024-07-12T14:01:08+00:00\",\"description\":\"Au Jardin de mon P\u00e8re est un g\u00eete rural situ\u00e9 \u00e0 Herbiester, \u00e0 proximit\u00e9 de Jalhay, des Hautes Fagnes, du lac de la Gileppe et de Spa.\",\"breadcrumb\":{\"@id\":\"https:\\\/\\\/www.tourismejalhaysart.be\\\/de\\\/aufenthalt\\\/wo-schlafen\\\/gite-rural-au-jardin-de-mon-pere-tourisme-jalhay-sart\\\/#breadcrumb\"},\"inLanguage\":\"de\",\"potentialAction\":[{\"@type\":\"ReadAction\",\"target\":[\"https:\\\/\\\/www.tourismejalhaysart.be\\\/de\\\/aufenthalt\\\/wo-schlafen\\\/gite-rural-au-jardin-de-mon-pere-tourisme-jalhay-sart\\\/\"]}]},{\"@type\":\"ImageObject\",\"inLanguage\":\"de\",\"@id\":\"https:\\\/\\\/www.tourismejalhaysart.be\\\/de\\\/aufenthalt\\\/wo-schlafen\\\/gite-rural-au-jardin-de-mon-pere-tourisme-jalhay-sart\\\/#primaryimage\",\"url\":\"https:\\\/\\\/www.tourismejalhaysart.be\\\/wp-content\\\/uploads\\\/2016\\\/03\\\/Jardin-de-mon-P\u00e8re1.jpg\",\"contentUrl\":\"https:\\\/\\\/www.tourismejalhaysart.be\\\/wp-content\\\/uploads\\\/2016\\\/03\\\/Jardin-de-mon-P\u00e8re1.jpg\",\"width\":640,\"height\":424},{\"@type\":\"BreadcrumbList\",\"@id\":\"https:\\\/\\\/www.tourismejalhaysart.be\\\/de\\\/aufenthalt\\\/wo-schlafen\\\/gite-rural-au-jardin-de-mon-pere-tourisme-jalhay-sart\\\/#breadcrumb\",\"itemListElement\":[{\"@type\":\"ListItem\",\"position\":1,\"name\":\"Accueil\",\"item\":\"https:\\\/\\\/www.tourismejalhaysart.be\\\/de\\\/\"},{\"@type\":\"ListItem\",\"position\":2,\"name\":\"Wo schlafen ?\",\"item\":\"https:\\\/\\\/www.tourismejalhaysart.be\\\/de\\\/aufenthalt\\\/wo-schlafen\\\/\"},{\"@type\":\"ListItem\",\"position\":3,\"name\":\"Au Jardin de mon P\u00e8re\"}]},{\"@type\":\"WebSite\",\"@id\":\"https:\\\/\\\/www.tourismejalhaysart.be\\\/de\\\/#website\",\"url\":\"https:\\\/\\\/www.tourismejalhaysart.be\\\/de\\\/\",\"name\":\"Office du Tourisme de Jalhay Sart\",\"description\":\"aux sources de la nature\",\"potentialAction\":[{\"@type\":\"SearchAction\",\"target\":{\"@type\":\"EntryPoint\",\"urlTemplate\":\"https:\\\/\\\/www.tourismejalhaysart.be\\\/de\\\/?s={search_term_string}\"},\"query-input\":{\"@type\":\"PropertyValueSpecification\",\"valueRequired\":true,\"valueName\":\"search_term_string\"}}],\"inLanguage\":\"de\"}]}<\/script>\n<!-- \/ Yoast SEO plugin. -->","yoast_head_json":{"title":"G\u00eete rural Au Jardin de mon P\u00e8re Nivez\u00e9 Jalhay Sart Spa Ardennes belges","description":"Au Jardin de mon P\u00e8re est un g\u00eete rural situ\u00e9 \u00e0 Herbiester, \u00e0 proximit\u00e9 de Jalhay, des Hautes Fagnes, du lac de la Gileppe et de Spa.","robots":{"index":"index","follow":"follow","max-snippet":"max-snippet:-1","max-image-preview":"max-image-preview:large","max-video-preview":"max-video-preview:-1"},"canonical":"https:\/\/www.tourismejalhaysart.be\/de\/aufenthalt\/wo-schlafen\/gite-rural-au-jardin-de-mon-pere-tourisme-jalhay-sart\/","og_locale":"de_DE","og_type":"article","og_title":"G\u00eete rural Au Jardin de mon P\u00e8re Jalhay Sart","og_description":"Notre cottage est une ancienne ferme restaur\u00e9e situ\u00e9e dans le petit village paisible d\u2019Herbiester, dans la commune de Jalhay. Int\u00e9rieur spacieux, charmant et accueillant, il est id\u00e9ale pour accueillir deux adultes et un ou deux enfants. Certification G\u00eete rural de Wallonie","og_url":"https:\/\/www.tourismejalhaysart.be\/de\/aufenthalt\/wo-schlafen\/gite-rural-au-jardin-de-mon-pere-tourisme-jalhay-sart\/","og_site_name":"Office du Tourisme de Jalhay Sart","article_modified_time":"2024-07-12T14:01:08+00:00","og_image":[{"width":640,"height":424,"url":"https:\/\/www.tourismejalhaysart.be\/wp-content\/uploads\/2016\/03\/Jardin-de-mon-P\u00e8re1.jpg","type":"image\/jpeg"}],"twitter_card":"summary_large_image","twitter_misc":{"Gesch\u00e4tzte Lesezeit":"4\u00a0Minuten"},"schema":{"@context":"https:\/\/schema.org","@graph":[{"@type":"WebPage","@id":"https:\/\/www.tourismejalhaysart.be\/de\/aufenthalt\/wo-schlafen\/gite-rural-au-jardin-de-mon-pere-tourisme-jalhay-sart\/","url":"https:\/\/www.tourismejalhaysart.be\/de\/aufenthalt\/wo-schlafen\/gite-rural-au-jardin-de-mon-pere-tourisme-jalhay-sart\/","name":"G\u00eete rural Au Jardin de mon P\u00e8re Nivez\u00e9 Jalhay Sart Spa Ardennes belges","isPartOf":{"@id":"https:\/\/www.tourismejalhaysart.be\/de\/#website"},"primaryImageOfPage":{"@id":"https:\/\/www.tourismejalhaysart.be\/de\/aufenthalt\/wo-schlafen\/gite-rural-au-jardin-de-mon-pere-tourisme-jalhay-sart\/#primaryimage"},"image":{"@id":"https:\/\/www.tourismejalhaysart.be\/de\/aufenthalt\/wo-schlafen\/gite-rural-au-jardin-de-mon-pere-tourisme-jalhay-sart\/#primaryimage"},"thumbnailUrl":"https:\/\/www.tourismejalhaysart.be\/wp-content\/uploads\/2016\/03\/Jardin-de-mon-P\u00e8re1.jpg","datePublished":"2016-03-10T10:30:10+00:00","dateModified":"2024-07-12T14:01:08+00:00","description":"Au Jardin de mon P\u00e8re est un g\u00eete rural situ\u00e9 \u00e0 Herbiester, \u00e0 proximit\u00e9 de Jalhay, des Hautes Fagnes, du lac de la Gileppe et de Spa.","breadcrumb":{"@id":"https:\/\/www.tourismejalhaysart.be\/de\/aufenthalt\/wo-schlafen\/gite-rural-au-jardin-de-mon-pere-tourisme-jalhay-sart\/#breadcrumb"},"inLanguage":"de","potentialAction":[{"@type":"ReadAction","target":["https:\/\/www.tourismejalhaysart.be\/de\/aufenthalt\/wo-schlafen\/gite-rural-au-jardin-de-mon-pere-tourisme-jalhay-sart\/"]}]},{"@type":"ImageObject","inLanguage":"de","@id":"https:\/\/www.tourismejalhaysart.be\/de\/aufenthalt\/wo-schlafen\/gite-rural-au-jardin-de-mon-pere-tourisme-jalhay-sart\/#primaryimage","url":"https:\/\/www.tourismejalhaysart.be\/wp-content\/uploads\/2016\/03\/Jardin-de-mon-P\u00e8re1.jpg","contentUrl":"https:\/\/www.tourismejalhaysart.be\/wp-content\/uploads\/2016\/03\/Jardin-de-mon-P\u00e8re1.jpg","width":640,"height":424},{"@type":"BreadcrumbList","@id":"https:\/\/www.tourismejalhaysart.be\/de\/aufenthalt\/wo-schlafen\/gite-rural-au-jardin-de-mon-pere-tourisme-jalhay-sart\/#breadcrumb","itemListElement":[{"@type":"ListItem","position":1,"name":"Accueil","item":"https:\/\/www.tourismejalhaysart.be\/de\/"},{"@type":"ListItem","position":2,"name":"Wo schlafen ?","item":"https:\/\/www.tourismejalhaysart.be\/de\/aufenthalt\/wo-schlafen\/"},{"@type":"ListItem","position":3,"name":"Au Jardin de mon P\u00e8re"}]},{"@type":"WebSite","@id":"https:\/\/www.tourismejalhaysart.be\/de\/#website","url":"https:\/\/www.tourismejalhaysart.be\/de\/","name":"Office du Tourisme de Jalhay Sart","description":"aux sources de la nature","potentialAction":[{"@type":"SearchAction","target":{"@type":"EntryPoint","urlTemplate":"https:\/\/www.tourismejalhaysart.be\/de\/?s={search_term_string}"},"query-input":{"@type":"PropertyValueSpecification","valueRequired":true,"valueName":"search_term_string"}}],"inLanguage":"de"}]}},"wpml_current_locale":"de_DE","wpml_translations":[],"_links":{"self":[{"href":"https:\/\/www.tourismejalhaysart.be\/de\/wp-json\/wp\/v2\/dormir\/10945","targetHints":{"allow":["GET"]}}],"collection":[{"href":"https:\/\/www.tourismejalhaysart.be\/de\/wp-json\/wp\/v2\/dormir"}],"about":[{"href":"https:\/\/www.tourismejalhaysart.be\/de\/wp-json\/wp\/v2\/types\/dormir"}],"acf:attachment":[{"embeddable":true,"href":"https:\/\/www.tourismejalhaysart.be\/de\/wp-json\/wp\/v2\/media\/7531"},{"embeddable":true,"href":"https:\/\/www.tourismejalhaysart.be\/de\/wp-json\/wp\/v2\/media\/7534"},{"embeddable":true,"href":"https:\/\/www.tourismejalhaysart.be\/de\/wp-json\/wp\/v2\/media\/7525"},{"embeddable":true,"href":"https:\/\/www.tourismejalhaysart.be\/de\/wp-json\/wp\/v2\/media\/7522"},{"embeddable":true,"href":"https:\/\/www.tourismejalhaysart.be\/de\/wp-json\/wp\/v2\/media\/7519"},{"embeddable":true,"href":"https:\/\/www.tourismejalhaysart.be\/de\/wp-json\/wp\/v2\/media\/7516"},{"embeddable":true,"href":"https:\/\/www.tourismejalhaysart.be\/de\/wp-json\/wp\/v2\/media\/7513"},{"embeddable":true,"href":"https:\/\/www.tourismejalhaysart.be\/de\/wp-json\/wp\/v2\/media\/7510"},{"embeddable":true,"href":"https:\/\/www.tourismejalhaysart.be\/de\/wp-json\/wp\/v2\/media\/7507"},{"embeddable":true,"href":"https:\/\/www.tourismejalhaysart.be\/de\/wp-json\/wp\/v2\/media\/7504"},{"embeddable":true,"href":"https:\/\/www.tourismejalhaysart.be\/de\/wp-json\/wp\/v2\/media\/7501"},{"embeddable":true,"href":"https:\/\/www.tourismejalhaysart.be\/de\/wp-json\/wp\/v2\/media\/7498"},{"embeddable":true,"href":"https:\/\/www.tourismejalhaysart.be\/de\/wp-json\/wp\/v2\/media\/7495"},{"embeddable":true,"href":"https:\/\/www.tourismejalhaysart.be\/de\/wp-json\/wp\/v2\/media\/7492"}],"wp:featuredmedia":[{"embeddable":true,"href":"https:\/\/www.tourismejalhaysart.be\/de\/wp-json\/wp\/v2\/media\/7489"}],"wp:attachment":[{"href":"https:\/\/www.tourismejalhaysart.be\/de\/wp-json\/wp\/v2\/media?parent=10945"}],"curies":[{"name":"wp","href":"https:\/\/api.w.org\/{rel}","templated":true}]}}